{"id":57,"date":"2025-04-01T19:38:14","date_gmt":"2025-04-01T19:38:14","guid":{"rendered":"https:\/\/promociondeeventos.sld.cu\/vectores2025\/?page_id=57"},"modified":"2025-04-16T16:33:52","modified_gmt":"2025-04-16T16:33:52","slug":"presentacion-de-carteles","status":"publish","type":"page","link":"https:\/\/promociondeeventos.sld.cu\/vectores2025\/presentacion-de-carteles\/","title":{"rendered":"Presentaci\u00f3n de Carteles"},"content":{"rendered":"<p>Los participantes tendr\u00e1n la oportunidad de presentar sus resultados en la sesi\u00f3n de carteles.<\/p>\n<p>Tama\u00f1o de los p\u00f3sters: 94cm ancho X 140cm alto (posici\u00f3n vertical).<\/p>\n<p><strong>Fecha tope de env\u00edo de res\u00famenes de trabajos:\u00a0<\/strong>Julio 15 de 2025<\/p>\n<p><strong>Contactar a Dra. Martha Castro, <\/strong><a href=\"mailto:martac@ipk.sld.cu\">martac@ipk.sld.cu<\/a> <em>\u00a0<\/em><\/p>\n<p><strong>Normas de presentaci\u00f3n:<\/strong><\/p>\n<ul>\n<li>Los p\u00f3sters deber\u00e1n ser de una sola p\u00e1gina, estructurados de forma sint\u00e9tica, sencilla y visual.<\/li>\n<li>Los res\u00famenes deben presentar todos los elementos de los res\u00famenes presentados anteriormente.<\/li>\n<li>Se recomienda que los p\u00f3sters tengan un 30% de elementos gr\u00e1ficos e im\u00e1genes y un 70% de texto.<\/li>\n<li>Los p\u00f3sters deber\u00e1n tener formato vertical, tama\u00f1o aproximado DINa4 (4: 3), en color y con suficiente visualizaci\u00f3n e informaci\u00f3n de los trabajos aportados en los res\u00famenes.<\/li>\n<li>Se puede a\u00f1adir un c\u00f3digo QR para presentar la bibliograf\u00eda, que est\u00e1 vinculada a la bibliograf\u00eda utilizada.<\/li>\n<\/ul>\n<p><a href=\"mailto:martac@ipk.sld.cu\" target=\"_blank\" rel=\"noopener noreferrer\">\u00a0<\/a><\/p>\n","protected":false},"excerpt":{"rendered":"<p>Los participantes tendr\u00e1n la oportunidad de presentar sus resultados en la sesi\u00f3n de carteles. Tama\u00f1o de los p\u00f3sters: 94cm ancho X 140cm alto (posici\u00f3n vertical). Fecha tope de env\u00edo de res\u00famenes de trabajos:\u00a0Julio 15 de 2025 Contactar a Dra. Martha Castro, martac@ipk.sld.cu \u00a0 Normas de presentaci\u00f3n: Los p\u00f3sters deber\u00e1n ser de una sola p\u00e1gina, estructurados [&hellip;]<\/p>\n","protected":false},"author":3257,"featured_media":0,"parent":0,"menu_order":0,"comment_status":"closed","ping_status":"closed","template":"","meta":[],"_links":{"self":[{"href":"https:\/\/promociondeeventos.sld.cu\/vectores2025\/wp-json\/wp\/v2\/pages\/57"}],"collection":[{"href":"https:\/\/promociondeeventos.sld.cu\/vectores2025\/wp-json\/wp\/v2\/pages"}],"about":[{"href":"https:\/\/promociondeeventos.sld.cu\/vectores2025\/wp-json\/wp\/v2\/types\/page"}],"author":[{"embeddable":true,"href":"https:\/\/promociondeeventos.sld.cu\/vectores2025\/wp-json\/wp\/v2\/users\/3257"}],"replies":[{"embeddable":true,"href":"https:\/\/promociondeeventos.sld.cu\/vectores2025\/wp-json\/wp\/v2\/comments?post=57"}],"version-history":[{"count":2,"href":"https:\/\/promociondeeventos.sld.cu\/vectores2025\/wp-json\/wp\/v2\/pages\/57\/revisions"}],"predecessor-version":[{"id":72,"href":"https:\/\/promociondeeventos.sld.cu\/vectores2025\/wp-json\/wp\/v2\/pages\/57\/revisions\/72"}],"wp:attachment":[{"href":"https:\/\/promociondeeventos.sld.cu\/vectores2025\/wp-json\/wp\/v2\/media?parent=57"}],"curies":[{"name":"wp","href":"https:\/\/api.w.org\/{rel}","templated":true}]}}