{"id":27,"date":"2022-03-10T18:02:36","date_gmt":"2022-03-10T18:02:36","guid":{"rendered":"http:\/\/promociondeeventos.sld.cu\/socuenfciego2022\/?page_id=27"},"modified":"2022-06-06T12:53:51","modified_gmt":"2022-06-06T12:53:51","slug":"trabajos-publicados","status":"publish","type":"page","link":"https:\/\/promociondeeventos.sld.cu\/socuenfciego2022\/trabajos-publicados\/","title":{"rendered":"Trabajos comentados"},"content":{"rendered":"<p><strong>Hasta el 6 de junio 2022<\/strong><\/p>\n<p><strong>Atenci\u00f3n primaria en la enfermer\u00eda<\/strong><\/p>\n<ul>\n<li><a title=\"Intervenci\u00f3n educativa sobre enfermedades coronarias en adolescentes del municipio Venezuela, 2019-2021.\" href=\"http:\/\/promociondeeventos.sld.cu\/socuenfciego2022\/files\/2022\/04\/Intervenci\u00f3n-educativa-sobre-enfermedades-coronarias-en-adolescentes-del-municipio-Venezuela-2019-2021.1.pdf\" target=\"_blank\"> Intervenci\u00f3n educativa sobre enfermedades coronarias en adolescentes del municipio Venezuela, 2019-2021<\/a><\/li>\n<li><a title=\"Factores cl\u00ednicos y epidemiol\u00f3gicos que influyen en las infecciones tracto urinario en las gestantes\" href=\"http:\/\/promociondeeventos.sld.cu\/socuenfciego2022\/files\/2022\/04\/Factores-cl\u00ednicos-y-epidemiol\u00f3gicos-que-influyen-en-las-infecciones-tracto-urinario-en-las-gestantes.pdf\" target=\"_blank\">Factores cl\u00ednicos y epidemiol\u00f3gicos que influyen en las infecciones tracto urinario en las gestantes<\/a><\/li>\n<li><a title=\"Comportamiento en los adolescentes con intento suicida.Municipio Centro Habana\" href=\"http:\/\/promociondeeventos.sld.cu\/socuenfciego2022\/files\/2022\/04\/Comportamiento-en-los-adolescentes-con-intento-suicida.Municipio-Centro-Habana.pdf\" target=\"_blank\">Comportamiento en los adolescentes con intento suicida. Municipio Centro Habana<\/a><\/li>\n<li><a title=\"Caracterizaci\u00f3n cl\u00ednico epidemiol\u00f3gica de mujeres con c\u00e1ncer de mama en Guisa\" href=\"http:\/\/promociondeeventos.sld.cu\/socuenfciego2022\/files\/2022\/04\/Caracterizaci\u00f3n-cl\u00ednico-epidemiol\u00f3gica-de-mujeres-con-c\u00e1ncer-de-mama-en-Guisa.pdf\" target=\"_blank\">Caracterizaci\u00f3n cl\u00ednico epidemiol\u00f3gica de mujeres con c\u00e1ncer de mama en Guisa<\/a><\/li>\n<li><a title=\"Importancia de la prevenci\u00f3n y control del C\u00e1ncer c\u00e9rvico uterino\" href=\"http:\/\/promociondeeventos.sld.cu\/socuenfciego2022\/files\/2022\/04\/Importancia-de-la-prevenci\u00f3n-y-control-del-C\u00e1ncer-c\u00e9rvico-uterino.pdf\" target=\"_blank\">Importancia de la prevenci\u00f3n y control del C\u00e1ncer c\u00e9rvico uterino<\/a><\/li>\n<li><a href=\"http:\/\/promociondeeventos.sld.cu\/socuenfciego2022\/files\/2022\/04\/Sobrecarga-en-cuidadores-de-adultos-mayores-con-enfermedad-cerebrovascular.1.pdf\">Sobrecarga en cuidadores de adultos mayores con enfermedad cerebrovascular.<\/a><\/li>\n<li><a href=\"http:\/\/promociondeeventos.sld.cu\/socuenfciego2022\/files\/2022\/04\/Acciones-de-enfermer\u00eda-orientadas-a-la-salud-sexual-del-adulto-mayor-desde-el-principio-del-cuidado.pdf\">Acciones de enfermer\u00eda orientadas a la salud sexual del adulto mayor, desde el principio del cuidado<\/a><\/li>\n<\/ul>\n<p><strong>Enfermer\u00eda y desarrollo sostenible<\/strong><\/p>\n<ul>\n<li><a title=\"Caracterizaci\u00f3n de reci\u00e9n nacidos diagnosticados con sepsis atendidos en Neonatolog\u00eda del Hospital de Mor\u00f3n.\" href=\"http:\/\/promociondeeventos.sld.cu\/socuenfciego2022\/files\/2022\/05\/Caracterizaci\u00f3n-de-reci\u00e9n-nacidos-diagnosticados-con-sepsis-atendidos-en-Neonatolog\u00eda-del-Hospital-de-Mor\u00f3n.1.pdf\" target=\"_blank\">Caracterizaci\u00f3n de reci\u00e9n nacidos diagnosticados con sepsis atendidos en Neonatolog\u00eda del Hospital de Mor\u00f3n<\/a><\/li>\n<li><a title=\"Caracterizaci\u00f3n de reci\u00e9n nacidos bajo peso atendidos en el servicio de Neonatolog\u00eda del Hospital Mor\u00f3n\" href=\"http:\/\/promociondeeventos.sld.cu\/socuenfciego2022\/files\/2022\/05\/Caracterizaci\u00f3n-de-reci\u00e9n-nacidos-bajo-peso-atendidos-en-el-servicio-de-Neonatolog\u00eda-del-Hospital-Mor\u00f3n.pdf\" target=\"_blank\">Caracterizaci\u00f3n de reci\u00e9n nacidos bajo peso atendidos en el servicio de Neonatolog\u00eda del Hospital Mor\u00f3n<\/a><\/li>\n<li><a title=\"La macrosom\u00eda fetal en reci\u00e9n nacidos del Hospital General Docente de Mor\u00f3n.\" href=\"http:\/\/promociondeeventos.sld.cu\/socuenfciego2022\/files\/2022\/04\/La-macrosom\u00eda-fetal-en-reci\u00e9n-nacidos-del-Hospital-General-Docente-de-Mor\u00f3n.1.pdf\" target=\"_blank\">La macrosom\u00eda fetal en reci\u00e9n nacidos del Hospital General Docente de Mor\u00f3n.<\/a><\/li>\n<li><a title=\"Caracterizaci\u00f3n de gestantes con diagn\u00f3stico de restricci\u00f3n del crecimiento intrauterina atendidas en el servicio de ginecobstetricia.\" href=\"http:\/\/promociondeeventos.sld.cu\/socuenfciego2022\/files\/2022\/04\/Caracterizaci\u00f3n-de-gestantes-con-diagn\u00f3stico-de-restricci\u00f3n-del-crecimiento-intrauterina-atendidas-en-el-servicio-de-ginecobstetricia.1.pdf\" target=\"_blank\">Caracterizaci\u00f3n de gestantes con diagn\u00f3stico de restricci\u00f3n del crecimiento intrauterina atendidas en el servicio de ginecobstetricia.<\/a><\/li>\n<li><a title=\"Caracterizaci\u00f3n de gestantes portadoras de trastornos hipertensivos atendidas en el servicio de Ginecobstetricia.\" href=\"http:\/\/promociondeeventos.sld.cu\/socuenfciego2022\/files\/2022\/04\/Caracterizaci\u00f3n-de-gestantes-portadoras-de-trastornos-hipertensivos-atendidas-en-el-servicio-de-Ginecobstetricia.1.pdf\" target=\"_blank\">Caracterizaci\u00f3n de gestantes portadoras de trastornos hipertensivos atendidas en el servicio de Ginecobstetricia.<\/a><\/li>\n<li><a title=\"Caracterizaci\u00f3n de pacientes maternas graves atendidas en el servicio de Ginecobstetricia del Hospital General Docente de Mor\u00f3n.\" href=\"http:\/\/promociondeeventos.sld.cu\/socuenfciego2022\/files\/2022\/04\/Caracterizaci\u00f3n-de-pacientes-maternas-graves-atendidas-en-el-servicio-de-Ginecobstetricia-del-Hospital-General-Docente-de-Mor\u00f3n.1.pdf\" target=\"_blank\">Caracterizaci\u00f3n de pacientes maternas graves atendidas en el servicio de Ginecobstetricia del Hospital General Docente de Mor\u00f3n.<\/a><\/li>\n<li><a title=\"S\u00edndrome de Burnout en profesionales de enfermer\u00eda, en el hospital de Ciego de \u00c1vila, 2021.\" href=\"http:\/\/promociondeeventos.sld.cu\/socuenfciego2022\/files\/2022\/04\/S\u00edndrome-de-Burnout-en-profesionales-de-enfermer\u00eda-en-el-hospital-de-Ciego-de-\u00c1vila-2021.1.pdf\" target=\"_blank\">S\u00edndrome de Burnout en profesionales de enfermer\u00eda, en el hospital de Ciego de \u00c1vila, 2021.<\/a><\/li>\n<li><a title=\"Comportamiento de complicaciones obst\u00e9tricas en gestantes adolescentes tendidas en el Servicio de ginecobstetricia.\" href=\"http:\/\/promociondeeventos.sld.cu\/socuenfciego2022\/files\/2022\/04\/Comportamiento-de-complicaciones-obst\u00e9tricas-en-gestantes-adolescentes-tendidas-en-el-Servicio-de-ginecobstetricia.1.pdf\" target=\"_blank\">Comportamiento de complicaciones obst\u00e9tricas en gestantes adolescentes tendidas en el Servicio de ginecobstetricia.<\/a><\/li>\n<li><a title=\"Infecciones Intrahospitalarias Prevenci\u00f3n y Manejo Actual en el servicio de Neonatolog\u00eda\" href=\"http:\/\/promociondeeventos.sld.cu\/socuenfciego2022\/files\/2022\/04\/Infecciones-Intrahospitalarias-Prevenci\u00f3n-y-Manejo-Actual-en-el-servicio-de-neonatolog\u00eda1.pdf\" target=\"_blank\">Infecciones Intrahospitalarias Prevenci\u00f3n y Manejo Actual en el servicio de Neonatolog\u00eda<\/a><\/li>\n<li><a title=\"Comportamiento del da\u00f1o cerebral hemorr\u00e1gico en los neonatos pret\u00e9rminos bajo peso\" href=\"http:\/\/promociondeeventos.sld.cu\/socuenfciego2022\/files\/2022\/04\/Comportamiento-del-da\u00f1o-cerebral-hemorr\u00e1gico-en-los-neonatos-pret\u00e9rminos-bajo-peso.pdf\" target=\"_blank\">Comportamiento del da\u00f1o cerebral hemorr\u00e1gico en los neonatos pret\u00e9rminos bajo peso<\/a><\/li>\n<li><a title=\"Comportamiento del da\u00f1o cerebral hemorr\u00e1gico en los neonatos pret\u00e9rminos bajo peso\" href=\"http:\/\/promociondeeventos.sld.cu\/socuenfciego2022\/files\/2022\/04\/Comportamiento-del-da\u00f1o-cerebral-hemorr\u00e1gico-en-los-neonatos-pret\u00e9rminos-bajo-peso.pdf\" target=\"_blank\">Monitorizaci\u00f3n y registro de par\u00e1metros del paciente grave: responsabilidad del personal de Enfermer\u00eda<\/a><\/li>\n<li><a href=\"http:\/\/promociondeeventos.sld.cu\/socuenfciego2022\/files\/2022\/04\/Cuidados-de-enfermer\u00eda-en-la-ventilaci\u00f3n-mec\u00e1nica-no-invasiva-en-pediatr\u00eda.1.pdf\">Cuidados de enfermer\u00eda en la ventilaci\u00f3n mec\u00e1nica no invasiva en pediatr\u00eda.<\/a><\/li>\n<\/ul>\n<p><strong>Proceso de formaci\u00f3n profesional<\/strong><\/p>\n<ul>\n<li><a title=\"Implementaci\u00f3n de la educaci\u00f3n interprofesional en el curr\u00edculo optativo del Plan E de las carreras de Ciencias M\u00e9dicas.\" href=\"http:\/\/promociondeeventos.sld.cu\/socuenfciego2022\/files\/2022\/04\/Implementaci\u00f3n-de-la-educaci\u00f3n-interprofesional-en-el-curr\u00edculo-optativo-del-Plan-E-de-las-carreras-de-Ciencias-M\u00e9dicas.1.pdf\" target=\"_blank\">Implementaci\u00f3n de la educaci\u00f3n interprofesional en el curr\u00edculo optativo del Plan E de las carreras de Ciencias M\u00e9dicas<\/a><\/li>\n<li><a title=\"La relaci\u00f3n enfermera(o) paciente pedi\u00e1trico-familia, en el proceso de atenci\u00f3n de enfermer\u00eda, 2022.\" href=\"http:\/\/promociondeeventos.sld.cu\/socuenfciego2022\/files\/2022\/04\/La-relaci\u00f3n-enfermerao-paciente-pedi\u00e1trico-familia-en-el-proceso-de-atenci\u00f3n-de-enfermer\u00eda-2022.1.pdf\" target=\"_blank\">La relaci\u00f3n enfermera(o) paciente pedi\u00e1trico-familia, en el proceso de atenci\u00f3n de enfermer\u00eda, 2022.<\/a><\/li>\n<li><a title=\"La educaci\u00f3n en valores en el proceso de formaci\u00f3n del personal de enfermer\u00eda.\" href=\"http:\/\/promociondeeventos.sld.cu\/socuenfciego2022\/files\/2022\/04\/La-educaci\u00f3n-en-valores-en-el-proceso-de-formaci\u00f3n-del-personal-de-enfermer\u00eda.2.pdf\" target=\"_blank\">La educaci\u00f3n en valores en el proceso de formaci\u00f3n del personal de enfermer\u00eda.<\/a><\/li>\n<li><a title=\"Caracterizaci\u00f3n de los factores asociados a la deserci\u00f3n escolar, enfermer\u00eda t\u00e9cnica. Facultad \u00a8Julio Trigo L\u00f3pez\u00a8.\" href=\"http:\/\/promociondeeventos.sld.cu\/socuenfciego2022\/files\/2022\/04\/Caracterizaci\u00f3n-de-los-factores-asociados-a-la-deserci\u00f3n-escolar-enfermer\u00eda-t\u00e9cnica.-Facultad-\u00a8Julio-Trigo-L\u00f3pez\u00a8.1.pdf\" target=\"_blank\">Caracterizaci\u00f3n de los factores asociados a la deserci\u00f3n escolar, enfermer\u00eda t\u00e9cnica. Facultad \u00a8Julio Trigo L\u00f3pez\u00a8.<\/a><\/li>\n<li><a title=\"Gu\u00eda de ejercicios para escribir reporte de casos en ingl\u00e9s\" href=\"http:\/\/promociondeeventos.sld.cu\/socuenfciego2022\/files\/2022\/04\/Gu\u00eda-de-ejercicios-para-escribir-reporte-de-casos-en-ingl\u00e9s.pdf\" target=\"_blank\">Gu\u00eda de ejercicios para escribir reporte de casos en ingl\u00e9s<\/a><\/li>\n<li><a href=\"http:\/\/promociondeeventos.sld.cu\/socuenfciego2022\/files\/2022\/04\/Glosario-biling\u00fce-explicativo-sobreprocederes-de-enfermer\u00eda-para-la-ense\u00f1anza-de-ingl\u00e9s-con-fines-espec\u00edficos.1.pdf\">Glosario biling\u00fce explicativo sobreprocederes de enfermer\u00eda para la ense\u00f1anza de ingl\u00e9s con fines espec\u00edficos.<\/a><\/li>\n<li><a title=\"Canciones para ense\u00f1ar ingl\u00e9s en la carrera de enfermer\u00eda \u00bfpor qu\u00e9 no\" href=\"http:\/\/promociondeeventos.sld.cu\/socuenfciego2022\/files\/2022\/04\/Canciones-para-ense\u00f1ar-ingl\u00e9s-en-la-carrera-de-enfermer\u00eda-\u00bfpor-qu\u00e9-no.pdf\" target=\"_blank\">Canciones para ense\u00f1ar ingl\u00e9s en la carrera de enfermer\u00eda \u00bfpor qu\u00e9 no?<\/a><\/li>\n<li><a href=\"http:\/\/promociondeeventos.sld.cu\/socuenfciego2022\/files\/2022\/04\/La-educaci\u00f3n-\u00e9tica-ambiental-de-profesionales-de-la-salud-para-la-interacci\u00f3n-con-la-naturaleza.1.pdf\" target=\"_blank\">La educaci\u00f3n \u00e9tica ambiental de profesionales de la salud para la interacci\u00f3n con la naturaleza.<\/a><\/li>\n<\/ul>\n<p><strong>Resiliencia de los enfermeros en tiempo de pandemia.<\/strong><\/p>\n<ul>\n<li><strong><a title=\"Coberturas en inmunizaciones durante la cuarentena en un distrito rural de la regi\u00f3n andina Peruana.\" href=\"http:\/\/promociondeeventos.sld.cu\/socuenfciego2022\/files\/2022\/05\/Coberturas-en-inmunizaciones-durante-la-cuarentena-en-un-distrito-rural-de-la-regi\u00f3n-andina-Peruana.1.pdf\" target=\"_blank\">Coberturas en inmunizaciones durante la cuarentena en un distrito rural de la regi\u00f3n andina Peruana.<\/a><\/strong><\/li>\n<li><a title=\"Experiencias de los estudiantes de ciencias m\u00e9dicas frente a la pandemia COVID-19\" href=\"http:\/\/promociondeeventos.sld.cu\/socuenfciego2022\/files\/2022\/04\/Experiencias-de-los-estudiantes-de-ciencias-m\u00e9dicas-frente-a-la-pandemia-COVID-19-.pdf\" target=\"_blank\">Experiencias de los estudiantes de ciencias m\u00e9dicas frente a la pandemia COVID-19<\/a><\/li>\n<li><a title=\"Comportamiento de la pesquisa activa estudiantil. Policl\u00ednico Mario Mu\u00f1oz\u201d, Santiago de Cuba.\" href=\"http:\/\/promociondeeventos.sld.cu\/socuenfciego2022\/files\/2022\/04\/Comportamiento-de-la-pesquisa-activa-estudiantil.-Policl\u00ednico-Mario-Mu\u00f1oz\u201d-Santiago-de-Cuba.-.pdf\" target=\"_blank\">Comportamiento de la pesquisa activa estudiantil. Policl\u00ednico Mario Mu\u00f1oz\u201d, Santiago de Cuba.<\/a><\/li>\n<li><a title=\"Caracterizaci\u00f3n de pacientes maternas con COVID-19 atendidas en el servicio de Ginecobstetricia del Hospital General Docente de Mor\u00f3n.\" href=\"http:\/\/promociondeeventos.sld.cu\/socuenfciego2022\/files\/2022\/04\/Caracterizaci\u00f3n-de-pacientes-maternas-con-COVID-19-atendidas-en-el-servicio-de-Ginecobstetricia-del-Hospital-General-Docente-de-Mor\u00f3n.1.pdf\" target=\"_blank\">Caracterizaci\u00f3n de pacientes maternas con COVID-19 atendidas en el servicio de Ginecobstetricia del Hospital General Docente de Mor\u00f3n.<\/a><\/li>\n<li><a title=\"Caracterizaci\u00f3n de pacientes confirmados con la COVID-19 en el \u00e1rea sur  del Municipio de Mor\u00f3n\" href=\"http:\/\/promociondeeventos.sld.cu\/socuenfciego2022\/files\/2022\/04\/Caracterizaci\u00f3n-de-pacientes-confirmados-con-la-COVID-19-en-el-\u00e1rea-sur-del-Municipio-de-Mor\u00f3n.pdf\" target=\"_blank\">Caracterizaci\u00f3n de pacientes confirmados con la COVID-19 en el \u00e1rea sur del Municipio de Mor\u00f3n<\/a><\/li>\n<li><a title=\"Caracterizaci\u00f3n de pacientes confirmados con la COVID-19 en el \u00e1rea sur  del Municipio de Mor\u00f3n\" href=\"http:\/\/promociondeeventos.sld.cu\/socuenfciego2022\/files\/2022\/04\/Caracterizaci\u00f3n-de-pacientes-confirmados-con-la-COVID-19-en-el-\u00e1rea-sur-del-Municipio-de-Mor\u00f3n.pdf\" target=\"_blank\">Vinculaci\u00f3n del Modelo de Sor Callista Roy en el cuidado de personas con la COVID-19<\/a><\/li>\n<li><a title=\"Caracterizaci\u00f3n de pacientes confirmados con la COVID-19 en el \u00e1rea sur  del Municipio de Mor\u00f3n\" href=\"http:\/\/promociondeeventos.sld.cu\/socuenfciego2022\/files\/2022\/04\/Caracterizaci\u00f3n-de-pacientes-confirmados-con-la-COVID-19-en-el-\u00e1rea-sur-del-Municipio-de-Mor\u00f3n.pdf\" target=\"_blank\">S\u00edndrome de Burnout en residentes de enfermer\u00eda intensiva y emergencia durante la pandemia de COVID-19<\/a><\/li>\n<li><a href=\"http:\/\/promociondeeventos.sld.cu\/socuenfciego2022\/files\/2022\/03\/Psicoterapia-de-apoyo-a-nivel-de-enfermer\u00eda-como-alternativa-en-la-promoci\u00f3n-de-salud-en-tiempo-de-Covid-19-.pdf\">Psicoterapia de apoyo a nivel de enfermer\u00eda como alternativa en la promoci\u00f3n de salud en tiempo de Covid-19<\/a><\/li>\n<\/ul>\n<p><strong>Tendencias actuales de la calidad de enfermer\u00eda, en la docencia, en la gesti\u00f3n y en la investigaci\u00f3n.<\/strong><\/p>\n<ul>\n<li><a title=\"Cuidados de enfermer\u00eda en pacientes con traqueostom\u00eda ingresados en la unidad de cuidados intensivos.\" href=\"http:\/\/promociondeeventos.sld.cu\/socuenfciego2022\/files\/2022\/04\/Cuidados-de-enfermer\u00eda-en-pacientes-con-traqueostom\u00eda-ingresados-en-la-unidad-de-cuidados-intensivos.1.pdf\" target=\"_blank\">Cuidados de enfermer\u00eda en pacientes con traqueostom\u00eda ingresados en la unidad de cuidados intensivos.<\/a><\/li>\n<li><a title=\"Factores cl\u00ednicos y epidemiol\u00f3gicos que influyen en el bajo peso al nacer en reci\u00e9n nacidos.\" href=\"http:\/\/promociondeeventos.sld.cu\/socuenfciego2022\/files\/2022\/04\/Factores-cl\u00ednicos-y-epidemiol\u00f3gicos-que-influyen-en-el-bajo-peso-al-nacer-en-reci\u00e9n-nacidos.1.pdf\" target=\"_blank\">Factores cl\u00ednicos y epidemiol\u00f3gicos que influyen en el bajo peso al nacer en reci\u00e9n nacidos.<\/a><\/li>\n<li><a title=\"La Comunicaci\u00f3n Social como medio para fortalecer los valores en los profesionales de la salud.\" href=\"http:\/\/promociondeeventos.sld.cu\/socuenfciego2022\/files\/2022\/04\/La-Comunicaci\u00f3n-Social-como-medio-para-fortalecer-los-valores-en-los-profesionales-de-la-salud.1.pdf\" target=\"_blank\">La Comunicaci\u00f3n Social como medio para fortalecer los valores en los profesionales de la salud.<\/a><\/li>\n<li><a title=\"Juegos did\u00e1cticos en el proceso ense\u00f1anza aprendizaje en estudiantes universitarios de Enfermer\u00eda una mirada reflexiva\" href=\"http:\/\/promociondeeventos.sld.cu\/socuenfciego2022\/files\/2022\/04\/Juegos-did\u00e1cticos-en-el-proceso-ense\u00f1anza-aprendizaje-en-estudiantes-universitarios-de-Enfermer\u00eda-una-mirada-reflexiva.pdf\" target=\"_blank\">Juegos did\u00e1cticos en el proceso ense\u00f1anza aprendizaje en estudiantes universitarios de Enfermer\u00eda una mirada reflexiva<\/a><\/li>\n<li><a title=\"Intentos Suicidas que demandaron ingreso en El Hospital Psiqui\u00e1trico Provincial a\u00f1o 2017\" href=\"http:\/\/promociondeeventos.sld.cu\/socuenfciego2022\/files\/2022\/04\/Intentos-Suicidas-que-demandaron-ingreso-en-El-Hospital-Psiqui\u00e1trico-Provincial-a\u00f1o-2017.pdf\" target=\"_blank\">Intentos Suicidas que demandaron ingreso en El Hospital Psiqui\u00e1trico Provincial a\u00f1o 2017<\/a><\/li>\n<li><strong><a title=\"El entorno virtual de ense\u00f1anza aprendizaje en la facultad de enfermer\u00eda Lidia Doce\" href=\"http:\/\/promociondeeventos.sld.cu\/socuenfciego2022\/files\/2022\/04\/El-entorno-virtual-de-ense\u00f1anza-aprendizaje-en-la-facultad-de-enfermer\u00eda-Lidia-Doce.pdf\" target=\"_blank\">El entorno virtual de ense\u00f1anza aprendizaje en la facultad de enfermer\u00eda Lidia Doce<\/a> <\/strong><\/li>\n<li><a title=\"Sepsis neonatal temprana\" href=\"https:\/\/promociondeeventos.sld.cu\/socuenfciego2022\/2022\/04\/13\/sepsis-neonatal-temprana\/\" rel=\"bookmark\">Sepsis neonatal temprana<\/a><\/li>\n<li><a title=\"Intervenci\u00f3n educativa sobre  COVID-19 con estudiantes  de  enfermer\u00eda para mejorar las pesquisas. Filial nuevitas. 2021\" href=\"http:\/\/promociondeeventos.sld.cu\/socuenfciego2022\/files\/2022\/04\/Intervenci\u00f3n-educativa-sobre-COVID-19-con-estudiantes-de-enfermer\u00eda-para-mejorar-las-pesquisas.-Filial-nuevitas.-2021.pdf\" target=\"_blank\">Intervenci\u00f3n educativa sobre COVID-19 con estudiantes de enfermer\u00eda para mejorar las pesquisas. Filial nuevitas. 2021<\/a><\/li>\n<li><a href=\"http:\/\/promociondeeventos.sld.cu\/socuenfciego2022\/files\/2022\/04\/Superaci\u00f3n-profesional-pedag\u00f3gica-del-profesorado-novel-de-la-carrera-de-Enfermer\u00eda.-Ciego-de-\u00c1vila.pdf\">Superaci\u00f3n profesional pedag\u00f3gica del profesorado novel de la carrera de Enfermer\u00eda. Ciego de \u00c1vila<\/a><\/li>\n<\/ul>\n","protected":false},"excerpt":{"rendered":"<p>Hasta el 6 de junio 2022 Atenci\u00f3n primaria en la enfermer\u00eda Intervenci\u00f3n educativa sobre enfermedades coronarias en adolescentes del municipio Venezuela, 2019-2021 Factores cl\u00ednicos y epidemiol\u00f3gicos que influyen en las infecciones tracto urinario en las gestantes Comportamiento en los adolescentes con intento suicida. Municipio Centro Habana Caracterizaci\u00f3n cl\u00ednico epidemiol\u00f3gica de mujeres con c\u00e1ncer de mama [&hellip;]<\/p>\n","protected":false},"author":3262,"featured_media":0,"parent":0,"menu_order":0,"comment_status":"closed","ping_status":"open","template":"sidebar-content.php","meta":[],"_links":{"self":[{"href":"https:\/\/promociondeeventos.sld.cu\/socuenfciego2022\/wp-json\/wp\/v2\/pages\/27"}],"collection":[{"href":"https:\/\/promociondeeventos.sld.cu\/socuenfciego2022\/wp-json\/wp\/v2\/pages"}],"about":[{"href":"https:\/\/promociondeeventos.sld.cu\/socuenfciego2022\/wp-json\/wp\/v2\/types\/page"}],"author":[{"embeddable":true,"href":"https:\/\/promociondeeventos.sld.cu\/socuenfciego2022\/wp-json\/wp\/v2\/users\/3262"}],"replies":[{"embeddable":true,"href":"https:\/\/promociondeeventos.sld.cu\/socuenfciego2022\/wp-json\/wp\/v2\/comments?post=27"}],"version-history":[{"count":53,"href":"https:\/\/promociondeeventos.sld.cu\/socuenfciego2022\/wp-json\/wp\/v2\/pages\/27\/revisions"}],"predecessor-version":[{"id":547,"href":"https:\/\/promociondeeventos.sld.cu\/socuenfciego2022\/wp-json\/wp\/v2\/pages\/27\/revisions\/547"}],"wp:attachment":[{"href":"https:\/\/promociondeeventos.sld.cu\/socuenfciego2022\/wp-json\/wp\/v2\/media?parent=27"}],"curies":[{"name":"wp","href":"https:\/\/api.w.org\/{rel}","templated":true}]}}