{"id":20,"date":"2020-12-07T13:37:05","date_gmt":"2020-12-07T13:37:05","guid":{"rendered":"http:\/\/promociondeeventos.sld.cu\/profesoranduxinmemorian\/?page_id=20"},"modified":"2020-12-07T13:39:02","modified_gmt":"2020-12-07T13:39:02","slug":"comite-organizador","status":"publish","type":"page","link":"https:\/\/promociondeeventos.sld.cu\/profesoranduxinmemorian\/comite-organizador\/","title":{"rendered":"Comit\u00e9 organizador"},"content":{"rendered":"<p><strong>Presidente de la Catedra Honor\u00edfica Profesor Andux<\/strong><\/p>\n<ul>\n<li>Lic.\u00a0 Miriam Nery Guillen Alcover<\/li>\n<\/ul>\n<p><strong>Secretario<\/strong><\/p>\n<ul>\n<li>MSc. Gerardo Luis Vald\u00e9s P\u00e9rez<\/li>\n<\/ul>\n<p><strong>Grupo Ejecutivo<\/strong><\/p>\n<p>Lic Jos\u00e9 Antonio Cuba<\/p>\n<ul>\n<li>Lic Kirenia Pena Leyva<\/li>\n<li>Lic. Mirhta Gonz\u00e1lez Guldez<\/li>\n<li>Lic.Gissel Alvarez Pavon<\/li>\n<li>Lic Maura Betancourt Vera<\/li>\n<li>Lic Odel Echevarria<\/li>\n<li>Master Santiago Fuentes Arencibia<\/li>\n<li>Lic Aliuska Reich Mart\u00ednez<\/li>\n<li>\u00a0Lic Lilian Core Ram\u00f3n<\/li>\n<li>Lic Juana Lidia Andux Vald\u00e9s<\/li>\n<\/ul>\n","protected":false},"excerpt":{"rendered":"<p>Presidente de la Catedra Honor\u00edfica Profesor Andux Lic.\u00a0 Miriam Nery Guillen Alcover Secretario MSc. Gerardo Luis Vald\u00e9s P\u00e9rez Grupo Ejecutivo Lic Jos\u00e9 Antonio Cuba Lic Kirenia Pena Leyva Lic. Mirhta Gonz\u00e1lez Guldez Lic.Gissel Alvarez Pavon Lic Maura Betancourt Vera Lic Odel Echevarria Master Santiago Fuentes Arencibia Lic Aliuska Reich Mart\u00ednez \u00a0Lic Lilian Core Ram\u00f3n Lic [&hellip;]<\/p>\n","protected":false},"author":3262,"featured_media":0,"parent":0,"menu_order":0,"comment_status":"closed","ping_status":"open","template":"sidebar-content.php","meta":[],"_links":{"self":[{"href":"https:\/\/promociondeeventos.sld.cu\/profesoranduxinmemorian\/wp-json\/wp\/v2\/pages\/20"}],"collection":[{"href":"https:\/\/promociondeeventos.sld.cu\/profesoranduxinmemorian\/wp-json\/wp\/v2\/pages"}],"about":[{"href":"https:\/\/promociondeeventos.sld.cu\/profesoranduxinmemorian\/wp-json\/wp\/v2\/types\/page"}],"author":[{"embeddable":true,"href":"https:\/\/promociondeeventos.sld.cu\/profesoranduxinmemorian\/wp-json\/wp\/v2\/users\/3262"}],"replies":[{"embeddable":true,"href":"https:\/\/promociondeeventos.sld.cu\/profesoranduxinmemorian\/wp-json\/wp\/v2\/comments?post=20"}],"version-history":[{"count":1,"href":"https:\/\/promociondeeventos.sld.cu\/profesoranduxinmemorian\/wp-json\/wp\/v2\/pages\/20\/revisions"}],"predecessor-version":[{"id":39,"href":"https:\/\/promociondeeventos.sld.cu\/profesoranduxinmemorian\/wp-json\/wp\/v2\/pages\/20\/revisions\/39"}],"wp:attachment":[{"href":"https:\/\/promociondeeventos.sld.cu\/profesoranduxinmemorian\/wp-json\/wp\/v2\/media?parent=20"}],"curies":[{"name":"wp","href":"https:\/\/api.w.org\/{rel}","templated":true}]}}