{"id":14,"date":"2024-05-15T21:00:50","date_gmt":"2024-05-15T21:00:50","guid":{"rendered":"https:\/\/promociondeeventos.sld.cu\/jc-nermassaabotinmemoriam2024\/?page_id=14"},"modified":"2024-05-16T15:18:21","modified_gmt":"2024-05-16T15:18:21","slug":"comite-organizador","status":"publish","type":"page","link":"https:\/\/promociondeeventos.sld.cu\/jc-nermassaabotinmemoriam2024\/comite-organizador\/","title":{"rendered":"Comit\u00e9 Organizador"},"content":{"rendered":"<p><strong>Presidente:<\/strong><\/p>\n<ul>\n<li>Dr.C. Tania Rosa Gonz\u00e1lez Garc\u00eda<\/li>\n<\/ul>\n<p>&nbsp;<\/p>\n<p><strong>Miembros:<\/strong><\/p>\n<ul>\n<li>MSc. Mar\u00eda del Carmen Roche Madrigal<\/li>\n<li>Dr.C. Dianelys Hern\u00e1ndez Chisholms<\/li>\n<li>MSc. Daniel Jos\u00e9 Olazabal Guerra<\/li>\n<li>Lic. Alejandro Bonilla Beltr\u00e1n<\/li>\n<li>Lic. Carlos Rafael Araujo Inastrilla<\/li>\n<li>Jean Marcos N\u00e1poles de la Torre<\/li>\n<li>Alejandro Rodr\u00edguez Urrutia<\/li>\n<li>Alejandro Araujo Inastrilla<\/li>\n<\/ul>\n","protected":false},"excerpt":{"rendered":"<p>Presidente: Dr.C. Tania Rosa Gonz\u00e1lez Garc\u00eda &nbsp; Miembros: MSc. Mar\u00eda del Carmen Roche Madrigal Dr.C. Dianelys Hern\u00e1ndez Chisholms MSc. Daniel Jos\u00e9 Olazabal Guerra Lic. Alejandro Bonilla Beltr\u00e1n Lic. Carlos Rafael Araujo Inastrilla Jean Marcos N\u00e1poles de la Torre Alejandro Rodr\u00edguez Urrutia Alejandro Araujo Inastrilla<\/p>\n","protected":false},"author":4,"featured_media":0,"parent":0,"menu_order":0,"comment_status":"closed","ping_status":"closed","template":"","meta":[],"_links":{"self":[{"href":"https:\/\/promociondeeventos.sld.cu\/jc-nermassaabotinmemoriam2024\/wp-json\/wp\/v2\/pages\/14"}],"collection":[{"href":"https:\/\/promociondeeventos.sld.cu\/jc-nermassaabotinmemoriam2024\/wp-json\/wp\/v2\/pages"}],"about":[{"href":"https:\/\/promociondeeventos.sld.cu\/jc-nermassaabotinmemoriam2024\/wp-json\/wp\/v2\/types\/page"}],"author":[{"embeddable":true,"href":"https:\/\/promociondeeventos.sld.cu\/jc-nermassaabotinmemoriam2024\/wp-json\/wp\/v2\/users\/4"}],"replies":[{"embeddable":true,"href":"https:\/\/promociondeeventos.sld.cu\/jc-nermassaabotinmemoriam2024\/wp-json\/wp\/v2\/comments?post=14"}],"version-history":[{"count":4,"href":"https:\/\/promociondeeventos.sld.cu\/jc-nermassaabotinmemoriam2024\/wp-json\/wp\/v2\/pages\/14\/revisions"}],"predecessor-version":[{"id":76,"href":"https:\/\/promociondeeventos.sld.cu\/jc-nermassaabotinmemoriam2024\/wp-json\/wp\/v2\/pages\/14\/revisions\/76"}],"wp:attachment":[{"href":"https:\/\/promociondeeventos.sld.cu\/jc-nermassaabotinmemoriam2024\/wp-json\/wp\/v2\/media?parent=14"}],"curies":[{"name":"wp","href":"https:\/\/api.w.org\/{rel}","templated":true}]}}