{"id":353,"date":"2023-05-09T12:04:29","date_gmt":"2023-05-09T12:04:29","guid":{"rendered":"https:\/\/promociondeeventos.sld.cu\/graduacion50giron1973\/?page_id=353"},"modified":"2023-05-26T12:13:54","modified_gmt":"2023-05-26T12:13:54","slug":"familias","status":"publish","type":"page","link":"https:\/\/promociondeeventos.sld.cu\/graduacion50giron1973\/familias\/","title":{"rendered":"Familias"},"content":{"rendered":"<table style=\"border-collapse: collapse;width: 56.2886%;height: 18404px\">\n<tbody>\n<tr style=\"height: 496px\">\n<td style=\"width: 100%;height: 496px\"><img decoding=\"async\" loading=\"lazy\" class=\"aligncenter\" src=\"http:\/\/promociondeeventos.sld.cu\/graduacion50giron1973\/files\/2023\/05\/IMG-20230509-WA0003.jpg\" width=\"424\" height=\"424\" \/><\/p>\n<p style=\"text-align: center\"><span style=\"text-decoration: underline\">Ana Mar\u00eda D\u00edaz-Canel<\/span><\/p>\n<\/td>\n<td style=\"height: 496px;width: 5.07614%\"><\/td>\n<\/tr>\n<tr style=\"height: 489px\">\n<td style=\"width: 100%;height: 489px\"><img decoding=\"async\" loading=\"lazy\" class=\"aligncenter\" src=\"http:\/\/promociondeeventos.sld.cu\/graduacion50giron1973\/files\/2023\/05\/IMG-20230509-WA0004.jpg\" width=\"417\" height=\"417\" \/><\/p>\n<p style=\"text-align: center\"><span style=\"text-decoration: underline\">Manuel Hern\u00e1ndez Meilan<\/span><\/p>\n<\/td>\n<td style=\"height: 489px;width: 5.07614%\"><\/td>\n<\/tr>\n<tr style=\"height: 489px\">\n<td style=\"width: 100%;height: 489px\"><img decoding=\"async\" loading=\"lazy\" class=\"aligncenter\" src=\"http:\/\/promociondeeventos.sld.cu\/graduacion50giron1973\/files\/2023\/05\/IMG-20230509-WA0005.jpg\" width=\"417\" height=\"417\" \/><\/p>\n<p style=\"text-align: center\"><span style=\"text-decoration: underline\">Eduardo Serra Cancio<\/span><\/p>\n<\/td>\n<td style=\"height: 489px;width: 5.07614%\"><\/td>\n<\/tr>\n<tr style=\"height: 490px\">\n<td style=\"width: 100%;height: 490px\"><img decoding=\"async\" loading=\"lazy\" class=\"aligncenter\" src=\"http:\/\/promociondeeventos.sld.cu\/graduacion50giron1973\/files\/2023\/05\/IMG-20230509-WA0006.jpg\" width=\"418\" height=\"418\" \/><\/p>\n<p style=\"text-align: center\"><span style=\"text-decoration: underline\">Roberto Corral<\/span><\/p>\n<\/td>\n<td style=\"height: 490px;width: 5.07614%\"><\/td>\n<\/tr>\n<tr style=\"height: 489px\">\n<td style=\"width: 100%;height: 489px\"><img decoding=\"async\" loading=\"lazy\" class=\"aligncenter\" src=\"http:\/\/promociondeeventos.sld.cu\/graduacion50giron1973\/files\/2023\/05\/IMG-20230509-WA0007.jpg\" width=\"417\" height=\"417\" \/><\/p>\n<p style=\"text-align: center\"><span style=\"text-decoration: underline\">Pedro Juan Argud\u00edn<\/span><\/p>\n<\/td>\n<td style=\"height: 489px;width: 5.07614%\"><\/td>\n<\/tr>\n<tr style=\"height: 485px\">\n<td style=\"width: 100%;height: 485px\"><img decoding=\"async\" loading=\"lazy\" class=\"aligncenter\" src=\"http:\/\/promociondeeventos.sld.cu\/graduacion50giron1973\/files\/2023\/05\/IMG-20230509-WA0008.jpg\" width=\"413\" height=\"413\" \/><\/p>\n<p style=\"text-align: center\"><span style=\"text-decoration: underline\">Lourdes Fons Jim\u00e9nez<\/span><\/p>\n<\/td>\n<td style=\"height: 485px;width: 5.07614%\"><\/td>\n<\/tr>\n<tr style=\"height: 493px\">\n<td style=\"width: 100%;height: 493px\"><img decoding=\"async\" loading=\"lazy\" class=\"aligncenter\" src=\"http:\/\/promociondeeventos.sld.cu\/graduacion50giron1973\/files\/2023\/05\/IMG-20230509-WA0009.jpg\" width=\"421\" height=\"421\" \/><\/p>\n<p style=\"text-align: center\"><span style=\"text-decoration: underline\">Vivian Ram\u00edrez<\/span><\/p>\n<\/td>\n<td style=\"height: 493px;width: 5.07614%\"><\/td>\n<\/tr>\n<tr style=\"height: 495px\">\n<td style=\"width: 100%;height: 495px\"><img decoding=\"async\" loading=\"lazy\" class=\"aligncenter\" src=\"http:\/\/promociondeeventos.sld.cu\/graduacion50giron1973\/files\/2023\/05\/IMG-20230509-WA0010.jpg\" width=\"423\" height=\"423\" \/><\/p>\n<p style=\"text-align: center\"><span style=\"text-decoration: underline\">Antonio Manuel Padovari<\/span><\/p>\n<\/td>\n<td style=\"height: 495px;width: 5.07614%\"><\/td>\n<\/tr>\n<tr style=\"height: 499px\">\n<td style=\"width: 100%;height: 499px\"><img decoding=\"async\" loading=\"lazy\" class=\"aligncenter\" src=\"http:\/\/promociondeeventos.sld.cu\/graduacion50giron1973\/files\/2023\/05\/IMG-20230509-WA0011.jpg\" width=\"427\" height=\"427\" \/><\/p>\n<p style=\"text-align: center\"><span style=\"text-decoration: underline\">Mar\u00eda Mercedes Leal<\/span><\/p>\n<\/td>\n<td style=\"height: 499px;width: 5.07614%\"><\/td>\n<\/tr>\n<tr style=\"height: 486px\">\n<td style=\"width: 100%;height: 486px\"><img decoding=\"async\" loading=\"lazy\" class=\"aligncenter\" src=\"http:\/\/promociondeeventos.sld.cu\/graduacion50giron1973\/files\/2023\/05\/IMG-20230509-WA0012.jpg\" width=\"414\" height=\"414\" \/><\/p>\n<p style=\"text-align: center\"><span style=\"text-decoration: underline\">Elvira Borbolla<br \/>\n<\/span><\/p>\n<\/td>\n<td style=\"height: 486px;width: 5.07614%\"><\/td>\n<\/tr>\n<tr style=\"height: 491px\">\n<td style=\"width: 100%;height: 491px\"><img decoding=\"async\" loading=\"lazy\" class=\"aligncenter\" src=\"http:\/\/promociondeeventos.sld.cu\/graduacion50giron1973\/files\/2023\/05\/IMG-20230509-WA0013.jpg\" width=\"419\" height=\"419\" \/><\/p>\n<p style=\"text-align: center\"><span style=\"text-decoration: underline\">Juan Manuel P\u00e9rez Mir<\/span><\/p>\n<\/td>\n<td style=\"height: 491px;width: 5.07614%\"><\/td>\n<\/tr>\n<tr style=\"height: 10px\">\n<td style=\"width: 100%;height: 20px\" rowspan=\"2\"><img decoding=\"async\" loading=\"lazy\" class=\"aligncenter\" src=\"http:\/\/promociondeeventos.sld.cu\/graduacion50giron1973\/files\/2023\/05\/IMG-20230509-WA0015.jpg\" width=\"412\" height=\"412\" \/><\/p>\n<p style=\"text-align: center\"><span style=\"text-decoration: underline\">M\u00e1ximo Sandez<\/span><\/p>\n<\/td>\n<td style=\"height: 10px;width: 5.07614%\"><\/td>\n<\/tr>\n<tr style=\"height: 10px\">\n<td style=\"width: 5.07614%;height: 10px\"><\/td>\n<\/tr>\n<tr style=\"height: 24px\">\n<td style=\"width: 100%;height: 24px\"><img decoding=\"async\" loading=\"lazy\" class=\"aligncenter\" src=\"http:\/\/promociondeeventos.sld.cu\/graduacion50giron1973\/files\/2023\/05\/IMG-20230509-WA0016.jpg\" width=\"409\" height=\"409\" \/><\/p>\n<p style=\"text-align: center\"><span style=\"text-decoration: underline\">Clara Abreu de la Torre<\/span><\/p>\n<\/td>\n<td style=\"height: 24px;width: 5.07614%\"><\/td>\n<\/tr>\n<tr style=\"height: 262px\">\n<td style=\"width: 100%;height: 262px\"><img decoding=\"async\" loading=\"lazy\" class=\"aligncenter\" src=\"http:\/\/promociondeeventos.sld.cu\/graduacion50giron1973\/files\/2023\/05\/IMG-20230509-WA0017.jpg\" width=\"411\" height=\"411\" \/><\/p>\n<p style=\"text-align: center\"><span style=\"text-decoration: underline\">Aida Esther Escand\u00f3n<\/span><\/p>\n<\/td>\n<td style=\"height: 262px;width: 5.07614%\"><\/td>\n<\/tr>\n<tr style=\"height: 286px\">\n<td style=\"width: 100%;height: 286px\"><img decoding=\"async\" loading=\"lazy\" class=\"aligncenter\" src=\"http:\/\/promociondeeventos.sld.cu\/graduacion50giron1973\/files\/2023\/05\/IMG-20230509-WA0018.jpg\" width=\"416\" height=\"416\" \/><\/p>\n<p style=\"text-align: center\"><span style=\"text-decoration: underline\">Magdalena Mirabal Jean Claude<\/span><\/p>\n<\/td>\n<td style=\"height: 286px;width: 5.07614%\"><\/td>\n<\/tr>\n<tr style=\"height: 286px\">\n<td style=\"width: 100%;height: 286px\"><img decoding=\"async\" loading=\"lazy\" class=\"aligncenter\" src=\"http:\/\/promociondeeventos.sld.cu\/graduacion50giron1973\/files\/2023\/05\/IMG-20230509-WA0019.jpg\" width=\"414\" height=\"414\" \/><\/p>\n<p style=\"text-align: center\"><span style=\"text-decoration: underline\">Virginia Cap\u00f3 y Ram\u00f3n Prado\u00a0<\/span><\/p>\n<\/td>\n<td style=\"height: 286px;width: 5.07614%\"><\/td>\n<\/tr>\n<tr style=\"height: 262px\">\n<td style=\"width: 100%;height: 262px\"><img decoding=\"async\" loading=\"lazy\" class=\"aligncenter\" src=\"http:\/\/promociondeeventos.sld.cu\/graduacion50giron1973\/files\/2023\/05\/IMG-20230509-WA0020.jpg\" width=\"416\" height=\"416\" \/><\/p>\n<p style=\"text-align: center\"><span style=\"text-decoration: underline\">Teresita Mil\u00f3 Sotres<\/span><\/p>\n<\/td>\n<td style=\"height: 262px;width: 5.07614%\"><\/td>\n<\/tr>\n<tr style=\"height: 190px\">\n<td style=\"width: 100%;height: 190px\"><img decoding=\"async\" loading=\"lazy\" class=\"aligncenter wp-image-403\" src=\"http:\/\/promociondeeventos.sld.cu\/graduacion50giron1973\/files\/2023\/05\/IMG-20230510-WA0006-300x300.jpg\" alt=\"\" width=\"424\" height=\"424\" srcset=\"https:\/\/promociondeeventos.sld.cu\/graduacion50giron1973\/files\/2023\/05\/IMG-20230510-WA0006-300x300.jpg 300w, https:\/\/promociondeeventos.sld.cu\/graduacion50giron1973\/files\/2023\/05\/IMG-20230510-WA0006-1024x1024.jpg 1024w, https:\/\/promociondeeventos.sld.cu\/graduacion50giron1973\/files\/2023\/05\/IMG-20230510-WA0006-150x150.jpg 150w, https:\/\/promociondeeventos.sld.cu\/graduacion50giron1973\/files\/2023\/05\/IMG-20230510-WA0006-768x768.jpg 768w, https:\/\/promociondeeventos.sld.cu\/graduacion50giron1973\/files\/2023\/05\/IMG-20230510-WA0006-250x250.jpg 250w, https:\/\/promociondeeventos.sld.cu\/graduacion50giron1973\/files\/2023\/05\/IMG-20230510-WA0006.jpg 1080w\" sizes=\"(max-width: 424px) 100vw, 424px\" \/><\/td>\n<td style=\"height: 190px;width: 5.07614%\"><\/td>\n<\/tr>\n<tr style=\"height: 56px\">\n<td style=\"width: 100%;height: 56px\">\n<p style=\"text-align: center\"><span style=\"text-decoration: underline\">Jorge Fuentes<\/span><\/p>\n<\/td>\n<td style=\"width: 5.07614%;height: 56px\"><\/td>\n<\/tr>\n<tr style=\"height: 428px\">\n<td style=\"width: 100%;height: 428px\"><img decoding=\"async\" loading=\"lazy\" class=\"aligncenter wp-image-413\" src=\"http:\/\/promociondeeventos.sld.cu\/graduacion50giron1973\/files\/2023\/05\/IMG-20230510-WA0007-300x300.jpg\" alt=\"\" width=\"428\" height=\"428\" srcset=\"https:\/\/promociondeeventos.sld.cu\/graduacion50giron1973\/files\/2023\/05\/IMG-20230510-WA0007-300x300.jpg 300w, https:\/\/promociondeeventos.sld.cu\/graduacion50giron1973\/files\/2023\/05\/IMG-20230510-WA0007-1024x1024.jpg 1024w, https:\/\/promociondeeventos.sld.cu\/graduacion50giron1973\/files\/2023\/05\/IMG-20230510-WA0007-150x150.jpg 150w, https:\/\/promociondeeventos.sld.cu\/graduacion50giron1973\/files\/2023\/05\/IMG-20230510-WA0007-768x768.jpg 768w, https:\/\/promociondeeventos.sld.cu\/graduacion50giron1973\/files\/2023\/05\/IMG-20230510-WA0007-250x250.jpg 250w, https:\/\/promociondeeventos.sld.cu\/graduacion50giron1973\/files\/2023\/05\/IMG-20230510-WA0007.jpg 1080w\" sizes=\"(max-width: 428px) 100vw, 428px\" \/><\/td>\n<td style=\"width: 5.07614%;height: 428px\"><\/td>\n<\/tr>\n<tr style=\"height: 96px\">\n<td style=\"width: 100%;text-align: center;height: 96px\"><span style=\"text-decoration: underline\">Julia Zequeiras<\/span><\/p>\n<p>&nbsp;<\/td>\n<td style=\"width: 5.07614%;height: 96px\"><\/td>\n<\/tr>\n<tr style=\"height: 428px\">\n<td style=\"width: 100%;height: 428px\"><img decoding=\"async\" loading=\"lazy\" class=\"aligncenter wp-image-412\" src=\"http:\/\/promociondeeventos.sld.cu\/graduacion50giron1973\/files\/2023\/05\/IMG-20230510-WA0008-300x300.jpg\" alt=\"\" width=\"428\" height=\"428\" srcset=\"https:\/\/promociondeeventos.sld.cu\/graduacion50giron1973\/files\/2023\/05\/IMG-20230510-WA0008-300x300.jpg 300w, https:\/\/promociondeeventos.sld.cu\/graduacion50giron1973\/files\/2023\/05\/IMG-20230510-WA0008-1024x1024.jpg 1024w, https:\/\/promociondeeventos.sld.cu\/graduacion50giron1973\/files\/2023\/05\/IMG-20230510-WA0008-150x150.jpg 150w, https:\/\/promociondeeventos.sld.cu\/graduacion50giron1973\/files\/2023\/05\/IMG-20230510-WA0008-768x768.jpg 768w, https:\/\/promociondeeventos.sld.cu\/graduacion50giron1973\/files\/2023\/05\/IMG-20230510-WA0008-250x250.jpg 250w, https:\/\/promociondeeventos.sld.cu\/graduacion50giron1973\/files\/2023\/05\/IMG-20230510-WA0008.jpg 1080w\" sizes=\"(max-width: 428px) 100vw, 428px\" \/><\/td>\n<td style=\"width: 5.07614%;height: 428px\"><\/td>\n<\/tr>\n<tr style=\"height: 96px\">\n<td style=\"width: 100%;text-align: center;height: 96px\"><span style=\"text-decoration: underline\">Jos\u00e9 Santos Gracia<\/span><\/p>\n<p>&nbsp;<\/td>\n<td style=\"width: 5.07614%;height: 96px\"><\/td>\n<\/tr>\n<tr style=\"height: 427px\">\n<td style=\"width: 100%;height: 427px\"><img decoding=\"async\" loading=\"lazy\" class=\"aligncenter wp-image-411\" src=\"http:\/\/promociondeeventos.sld.cu\/graduacion50giron1973\/files\/2023\/05\/IMG-20230510-WA0009-300x300.jpg\" alt=\"\" width=\"427\" height=\"427\" srcset=\"https:\/\/promociondeeventos.sld.cu\/graduacion50giron1973\/files\/2023\/05\/IMG-20230510-WA0009-300x300.jpg 300w, https:\/\/promociondeeventos.sld.cu\/graduacion50giron1973\/files\/2023\/05\/IMG-20230510-WA0009-1024x1024.jpg 1024w, https:\/\/promociondeeventos.sld.cu\/graduacion50giron1973\/files\/2023\/05\/IMG-20230510-WA0009-150x150.jpg 150w, https:\/\/promociondeeventos.sld.cu\/graduacion50giron1973\/files\/2023\/05\/IMG-20230510-WA0009-768x768.jpg 768w, https:\/\/promociondeeventos.sld.cu\/graduacion50giron1973\/files\/2023\/05\/IMG-20230510-WA0009-250x250.jpg 250w, https:\/\/promociondeeventos.sld.cu\/graduacion50giron1973\/files\/2023\/05\/IMG-20230510-WA0009.jpg 1080w\" sizes=\"(max-width: 427px) 100vw, 427px\" \/><\/td>\n<td style=\"width: 5.07614%;height: 427px\"><\/td>\n<\/tr>\n<tr style=\"height: 96px\">\n<td style=\"width: 100%;text-align: center;height: 96px\"><span style=\"text-decoration: underline\">Luz Mercedes Vald\u00e9s<\/span><\/p>\n<p>&nbsp;<\/td>\n<td style=\"width: 5.07614%;height: 96px\"><\/td>\n<\/tr>\n<tr style=\"height: 421px\">\n<td style=\"width: 100%;height: 421px\"><img decoding=\"async\" loading=\"lazy\" class=\"aligncenter wp-image-410\" src=\"http:\/\/promociondeeventos.sld.cu\/graduacion50giron1973\/files\/2023\/05\/IMG-20230510-WA0010-300x300.jpg\" alt=\"\" width=\"421\" height=\"421\" srcset=\"https:\/\/promociondeeventos.sld.cu\/graduacion50giron1973\/files\/2023\/05\/IMG-20230510-WA0010-300x300.jpg 300w, https:\/\/promociondeeventos.sld.cu\/graduacion50giron1973\/files\/2023\/05\/IMG-20230510-WA0010-1024x1024.jpg 1024w, https:\/\/promociondeeventos.sld.cu\/graduacion50giron1973\/files\/2023\/05\/IMG-20230510-WA0010-150x150.jpg 150w, https:\/\/promociondeeventos.sld.cu\/graduacion50giron1973\/files\/2023\/05\/IMG-20230510-WA0010-768x768.jpg 768w, https:\/\/promociondeeventos.sld.cu\/graduacion50giron1973\/files\/2023\/05\/IMG-20230510-WA0010-250x250.jpg 250w, https:\/\/promociondeeventos.sld.cu\/graduacion50giron1973\/files\/2023\/05\/IMG-20230510-WA0010.jpg 1080w\" sizes=\"(max-width: 421px) 100vw, 421px\" \/><\/td>\n<td style=\"width: 5.07614%;height: 421px\"><\/td>\n<\/tr>\n<tr style=\"height: 96px\">\n<td style=\"width: 100%;text-align: center;height: 96px\"><span style=\"text-decoration: underline\">Irene Perdomo<\/span><\/p>\n<p>&nbsp;<\/td>\n<td style=\"width: 5.07614%;height: 96px\"><\/td>\n<\/tr>\n<tr style=\"height: 416px\">\n<td style=\"width: 100%;height: 416px\"><img decoding=\"async\" loading=\"lazy\" class=\"aligncenter\" src=\"http:\/\/promociondeeventos.sld.cu\/micoplasmas2018\/files\/2023\/05\/IMG-20230516-WA0003.jpg\" width=\"418\" height=\"418\" \/><\/td>\n<td style=\"width: 5.07614%;height: 416px\"><\/td>\n<\/tr>\n<tr style=\"height: 96px\">\n<td style=\"width: 100%;text-align: center;height: 96px\"><span style=\"text-decoration: underline\">Vivian Moreira<\/span><\/p>\n<p>&nbsp;<\/td>\n<td style=\"width: 5.07614%;height: 96px\"><\/td>\n<\/tr>\n<tr style=\"height: 416px\">\n<td style=\"width: 100%;height: 416px\"><img decoding=\"async\" loading=\"lazy\" class=\"aligncenter wp-image-408\" src=\"http:\/\/promociondeeventos.sld.cu\/graduacion50giron1973\/files\/2023\/05\/IMG-20230510-WA0012-300x300.jpg\" alt=\"\" width=\"416\" height=\"416\" srcset=\"https:\/\/promociondeeventos.sld.cu\/graduacion50giron1973\/files\/2023\/05\/IMG-20230510-WA0012-300x300.jpg 300w, https:\/\/promociondeeventos.sld.cu\/graduacion50giron1973\/files\/2023\/05\/IMG-20230510-WA0012-1024x1024.jpg 1024w, https:\/\/promociondeeventos.sld.cu\/graduacion50giron1973\/files\/2023\/05\/IMG-20230510-WA0012-150x150.jpg 150w, https:\/\/promociondeeventos.sld.cu\/graduacion50giron1973\/files\/2023\/05\/IMG-20230510-WA0012-768x768.jpg 768w, https:\/\/promociondeeventos.sld.cu\/graduacion50giron1973\/files\/2023\/05\/IMG-20230510-WA0012-250x250.jpg 250w, https:\/\/promociondeeventos.sld.cu\/graduacion50giron1973\/files\/2023\/05\/IMG-20230510-WA0012.jpg 1080w\" sizes=\"(max-width: 416px) 100vw, 416px\" \/><\/td>\n<td style=\"width: 5.07614%;height: 416px\"><\/td>\n<\/tr>\n<tr style=\"height: 96px\">\n<td style=\"width: 100%;text-align: center;height: 96px\"><span style=\"text-decoration: underline\">Nilda Herrera<\/span><\/p>\n<p>&nbsp;<\/td>\n<td style=\"width: 5.07614%;height: 96px\"><\/td>\n<\/tr>\n<tr style=\"height: 416px\">\n<td style=\"width: 100%;height: 416px\"><img decoding=\"async\" loading=\"lazy\" class=\"aligncenter wp-image-407\" src=\"http:\/\/promociondeeventos.sld.cu\/graduacion50giron1973\/files\/2023\/05\/IMG-20230510-WA0013-300x300.jpg\" alt=\"\" width=\"416\" height=\"416\" srcset=\"https:\/\/promociondeeventos.sld.cu\/graduacion50giron1973\/files\/2023\/05\/IMG-20230510-WA0013-300x300.jpg 300w, https:\/\/promociondeeventos.sld.cu\/graduacion50giron1973\/files\/2023\/05\/IMG-20230510-WA0013-1024x1024.jpg 1024w, https:\/\/promociondeeventos.sld.cu\/graduacion50giron1973\/files\/2023\/05\/IMG-20230510-WA0013-150x150.jpg 150w, https:\/\/promociondeeventos.sld.cu\/graduacion50giron1973\/files\/2023\/05\/IMG-20230510-WA0013-768x768.jpg 768w, https:\/\/promociondeeventos.sld.cu\/graduacion50giron1973\/files\/2023\/05\/IMG-20230510-WA0013-250x250.jpg 250w, https:\/\/promociondeeventos.sld.cu\/graduacion50giron1973\/files\/2023\/05\/IMG-20230510-WA0013.jpg 1080w\" sizes=\"(max-width: 416px) 100vw, 416px\" \/><\/td>\n<td style=\"width: 5.07614%;height: 416px\"><\/td>\n<\/tr>\n<tr style=\"height: 96px\">\n<td style=\"width: 100%;text-align: center;height: 96px\"><span style=\"text-decoration: underline\">Mar\u00eda Herrera Pires<\/span><\/p>\n<p>&nbsp;<\/td>\n<td style=\"width: 5.07614%;height: 96px\"><\/td>\n<\/tr>\n<tr style=\"height: 414px\">\n<td style=\"width: 100%;height: 414px\"><img decoding=\"async\" loading=\"lazy\" class=\"aligncenter wp-image-406\" src=\"http:\/\/promociondeeventos.sld.cu\/graduacion50giron1973\/files\/2023\/05\/IMG-20230510-WA0014-300x300.jpg\" alt=\"\" width=\"414\" height=\"414\" srcset=\"https:\/\/promociondeeventos.sld.cu\/graduacion50giron1973\/files\/2023\/05\/IMG-20230510-WA0014-300x300.jpg 300w, https:\/\/promociondeeventos.sld.cu\/graduacion50giron1973\/files\/2023\/05\/IMG-20230510-WA0014-1024x1024.jpg 1024w, https:\/\/promociondeeventos.sld.cu\/graduacion50giron1973\/files\/2023\/05\/IMG-20230510-WA0014-150x150.jpg 150w, https:\/\/promociondeeventos.sld.cu\/graduacion50giron1973\/files\/2023\/05\/IMG-20230510-WA0014-768x768.jpg 768w, https:\/\/promociondeeventos.sld.cu\/graduacion50giron1973\/files\/2023\/05\/IMG-20230510-WA0014-250x250.jpg 250w, https:\/\/promociondeeventos.sld.cu\/graduacion50giron1973\/files\/2023\/05\/IMG-20230510-WA0014.jpg 1080w\" sizes=\"(max-width: 414px) 100vw, 414px\" \/><\/td>\n<td style=\"width: 5.07614%;height: 414px\"><\/td>\n<\/tr>\n<tr style=\"height: 96px\">\n<td style=\"width: 100%;text-align: center;height: 96px\"><span style=\"text-decoration: underline\">Gilbert Vald\u00e9s Jim\u00e9nez<\/span><\/p>\n<p>&nbsp;<\/td>\n<td style=\"width: 5.07614%;height: 96px\"><\/td>\n<\/tr>\n<tr style=\"height: 413px\">\n<td style=\"width: 100%;height: 413px\"><img decoding=\"async\" loading=\"lazy\" class=\"aligncenter wp-image-405\" src=\"http:\/\/promociondeeventos.sld.cu\/graduacion50giron1973\/files\/2023\/05\/IMG-20230510-WA0015-300x300.jpg\" alt=\"\" width=\"413\" height=\"413\" srcset=\"https:\/\/promociondeeventos.sld.cu\/graduacion50giron1973\/files\/2023\/05\/IMG-20230510-WA0015-300x300.jpg 300w, https:\/\/promociondeeventos.sld.cu\/graduacion50giron1973\/files\/2023\/05\/IMG-20230510-WA0015-1024x1024.jpg 1024w, https:\/\/promociondeeventos.sld.cu\/graduacion50giron1973\/files\/2023\/05\/IMG-20230510-WA0015-150x150.jpg 150w, https:\/\/promociondeeventos.sld.cu\/graduacion50giron1973\/files\/2023\/05\/IMG-20230510-WA0015-768x768.jpg 768w, https:\/\/promociondeeventos.sld.cu\/graduacion50giron1973\/files\/2023\/05\/IMG-20230510-WA0015-250x250.jpg 250w, https:\/\/promociondeeventos.sld.cu\/graduacion50giron1973\/files\/2023\/05\/IMG-20230510-WA0015.jpg 1080w\" sizes=\"(max-width: 413px) 100vw, 413px\" \/><\/td>\n<td style=\"width: 5.07614%;height: 413px\"><\/td>\n<\/tr>\n<tr style=\"height: 96px\">\n<td style=\"width: 100%;text-align: center;height: 96px\"><span style=\"text-decoration: underline\">Pedro Castillo<\/span><\/p>\n<p>&nbsp;<\/td>\n<td style=\"width: 5.07614%;height: 96px\"><\/td>\n<\/tr>\n<tr style=\"height: 409px\">\n<td style=\"width: 100%;height: 409px\"><img decoding=\"async\" loading=\"lazy\" class=\"aligncenter wp-image-404\" src=\"http:\/\/promociondeeventos.sld.cu\/graduacion50giron1973\/files\/2023\/05\/IMG-20230510-WA0016-300x300.jpg\" alt=\"\" width=\"409\" height=\"409\" srcset=\"https:\/\/promociondeeventos.sld.cu\/graduacion50giron1973\/files\/2023\/05\/IMG-20230510-WA0016-300x300.jpg 300w, https:\/\/promociondeeventos.sld.cu\/graduacion50giron1973\/files\/2023\/05\/IMG-20230510-WA0016-1024x1024.jpg 1024w, https:\/\/promociondeeventos.sld.cu\/graduacion50giron1973\/files\/2023\/05\/IMG-20230510-WA0016-150x150.jpg 150w, https:\/\/promociondeeventos.sld.cu\/graduacion50giron1973\/files\/2023\/05\/IMG-20230510-WA0016-768x768.jpg 768w, https:\/\/promociondeeventos.sld.cu\/graduacion50giron1973\/files\/2023\/05\/IMG-20230510-WA0016-250x250.jpg 250w, https:\/\/promociondeeventos.sld.cu\/graduacion50giron1973\/files\/2023\/05\/IMG-20230510-WA0016.jpg 1080w\" sizes=\"(max-width: 409px) 100vw, 409px\" \/><\/td>\n<td style=\"width: 5.07614%;height: 409px\"><\/td>\n<\/tr>\n<tr style=\"height: 96px\">\n<td style=\"width: 100%;text-align: center;height: 96px\"><span style=\"text-decoration: underline\">Maura Wade<\/span><\/p>\n<p>&nbsp;<\/td>\n<td style=\"width: 5.07614%;height: 96px\"><\/td>\n<\/tr>\n<tr style=\"height: 409px\">\n<td style=\"width: 100%;height: 409px\"><img decoding=\"async\" loading=\"lazy\" class=\"aligncenter wp-image-415\" src=\"http:\/\/promociondeeventos.sld.cu\/graduacion50giron1973\/files\/2023\/05\/IMG-20230510-WA0021-300x300.jpg\" alt=\"\" width=\"409\" height=\"409\" srcset=\"https:\/\/promociondeeventos.sld.cu\/graduacion50giron1973\/files\/2023\/05\/IMG-20230510-WA0021-300x300.jpg 300w, https:\/\/promociondeeventos.sld.cu\/graduacion50giron1973\/files\/2023\/05\/IMG-20230510-WA0021-1024x1024.jpg 1024w, https:\/\/promociondeeventos.sld.cu\/graduacion50giron1973\/files\/2023\/05\/IMG-20230510-WA0021-150x150.jpg 150w, https:\/\/promociondeeventos.sld.cu\/graduacion50giron1973\/files\/2023\/05\/IMG-20230510-WA0021-768x768.jpg 768w, https:\/\/promociondeeventos.sld.cu\/graduacion50giron1973\/files\/2023\/05\/IMG-20230510-WA0021-250x250.jpg 250w, https:\/\/promociondeeventos.sld.cu\/graduacion50giron1973\/files\/2023\/05\/IMG-20230510-WA0021.jpg 1080w\" sizes=\"(max-width: 409px) 100vw, 409px\" \/><\/td>\n<td style=\"width: 5.07614%;height: 409px\"><\/td>\n<\/tr>\n<tr style=\"height: 96px\">\n<td style=\"width: 100%;text-align: center;height: 96px\"><span style=\"text-decoration: underline\">Norma Fern\u00e1ndez Olivera<\/span><\/p>\n<p>&nbsp;<\/td>\n<td style=\"width: 5.07614%;height: 96px\"><\/td>\n<\/tr>\n<tr style=\"height: 407px\">\n<td style=\"width: 100%;height: 407px\"><img decoding=\"async\" loading=\"lazy\" class=\"aligncenter wp-image-416\" src=\"http:\/\/promociondeeventos.sld.cu\/graduacion50giron1973\/files\/2023\/05\/IMG-20230510-WA0022-300x300.jpg\" alt=\"\" width=\"407\" height=\"407\" srcset=\"https:\/\/promociondeeventos.sld.cu\/graduacion50giron1973\/files\/2023\/05\/IMG-20230510-WA0022-300x300.jpg 300w, https:\/\/promociondeeventos.sld.cu\/graduacion50giron1973\/files\/2023\/05\/IMG-20230510-WA0022-1024x1024.jpg 1024w, https:\/\/promociondeeventos.sld.cu\/graduacion50giron1973\/files\/2023\/05\/IMG-20230510-WA0022-150x150.jpg 150w, https:\/\/promociondeeventos.sld.cu\/graduacion50giron1973\/files\/2023\/05\/IMG-20230510-WA0022-768x768.jpg 768w, https:\/\/promociondeeventos.sld.cu\/graduacion50giron1973\/files\/2023\/05\/IMG-20230510-WA0022-250x250.jpg 250w, https:\/\/promociondeeventos.sld.cu\/graduacion50giron1973\/files\/2023\/05\/IMG-20230510-WA0022.jpg 1080w\" sizes=\"(max-width: 407px) 100vw, 407px\" \/><\/td>\n<td style=\"width: 5.07614%;height: 407px\"><\/td>\n<\/tr>\n<tr style=\"height: 96px\">\n<td style=\"width: 100%;text-align: center;height: 96px\"><span style=\"text-decoration: underline\">Gilda Scull<\/span><\/p>\n<p>&nbsp;<\/td>\n<td style=\"width: 5.07614%;height: 96px\"><\/td>\n<\/tr>\n<tr style=\"height: 401px\">\n<td style=\"width: 100%;height: 401px\"><img decoding=\"async\" loading=\"lazy\" class=\"aligncenter wp-image-417\" src=\"http:\/\/promociondeeventos.sld.cu\/graduacion50giron1973\/files\/2023\/05\/IMG-20230510-WA0023-300x300.jpg\" alt=\"\" width=\"401\" height=\"401\" srcset=\"https:\/\/promociondeeventos.sld.cu\/graduacion50giron1973\/files\/2023\/05\/IMG-20230510-WA0023-300x300.jpg 300w, https:\/\/promociondeeventos.sld.cu\/graduacion50giron1973\/files\/2023\/05\/IMG-20230510-WA0023-1024x1024.jpg 1024w, https:\/\/promociondeeventos.sld.cu\/graduacion50giron1973\/files\/2023\/05\/IMG-20230510-WA0023-150x150.jpg 150w, https:\/\/promociondeeventos.sld.cu\/graduacion50giron1973\/files\/2023\/05\/IMG-20230510-WA0023-768x768.jpg 768w, https:\/\/promociondeeventos.sld.cu\/graduacion50giron1973\/files\/2023\/05\/IMG-20230510-WA0023-250x250.jpg 250w, https:\/\/promociondeeventos.sld.cu\/graduacion50giron1973\/files\/2023\/05\/IMG-20230510-WA0023.jpg 1280w\" sizes=\"(max-width: 401px) 100vw, 401px\" \/><\/td>\n<td style=\"width: 5.07614%;height: 401px\"><\/td>\n<\/tr>\n<tr style=\"height: 96px\">\n<td style=\"width: 100%;text-align: center;height: 96px\"><span style=\"text-decoration: underline\">Tania Gajano<\/span><\/p>\n<p>&nbsp;<\/td>\n<td style=\"width: 5.07614%;height: 96px\"><\/td>\n<\/tr>\n<tr style=\"height: 402px\">\n<td style=\"width: 100%;height: 402px\"><img decoding=\"async\" loading=\"lazy\" class=\"aligncenter wp-image-418\" src=\"http:\/\/promociondeeventos.sld.cu\/graduacion50giron1973\/files\/2023\/05\/IMG-20230510-WA0024-300x300.jpg\" alt=\"\" width=\"402\" height=\"402\" srcset=\"https:\/\/promociondeeventos.sld.cu\/graduacion50giron1973\/files\/2023\/05\/IMG-20230510-WA0024-300x300.jpg 300w, https:\/\/promociondeeventos.sld.cu\/graduacion50giron1973\/files\/2023\/05\/IMG-20230510-WA0024-1024x1024.jpg 1024w, https:\/\/promociondeeventos.sld.cu\/graduacion50giron1973\/files\/2023\/05\/IMG-20230510-WA0024-150x150.jpg 150w, https:\/\/promociondeeventos.sld.cu\/graduacion50giron1973\/files\/2023\/05\/IMG-20230510-WA0024-768x768.jpg 768w, https:\/\/promociondeeventos.sld.cu\/graduacion50giron1973\/files\/2023\/05\/IMG-20230510-WA0024-250x250.jpg 250w, https:\/\/promociondeeventos.sld.cu\/graduacion50giron1973\/files\/2023\/05\/IMG-20230510-WA0024.jpg 1280w\" sizes=\"(max-width: 402px) 100vw, 402px\" \/><\/td>\n<td style=\"width: 5.07614%;height: 402px\"><\/td>\n<\/tr>\n<tr style=\"height: 96px\">\n<td style=\"width: 100%;text-align: center;height: 96px\"><span style=\"text-decoration: underline\">Elio Garrido<\/span><\/p>\n<p>&nbsp;<\/td>\n<td style=\"width: 5.07614%;height: 96px\"><\/td>\n<\/tr>\n<tr style=\"height: 398px\">\n<td style=\"width: 100%;height: 398px\"><img decoding=\"async\" loading=\"lazy\" class=\"aligncenter wp-image-419\" src=\"http:\/\/promociondeeventos.sld.cu\/graduacion50giron1973\/files\/2023\/05\/IMG-20230510-WA0025-300x300.jpg\" alt=\"\" width=\"398\" height=\"398\" srcset=\"https:\/\/promociondeeventos.sld.cu\/graduacion50giron1973\/files\/2023\/05\/IMG-20230510-WA0025-300x300.jpg 300w, https:\/\/promociondeeventos.sld.cu\/graduacion50giron1973\/files\/2023\/05\/IMG-20230510-WA0025-1024x1024.jpg 1024w, https:\/\/promociondeeventos.sld.cu\/graduacion50giron1973\/files\/2023\/05\/IMG-20230510-WA0025-150x150.jpg 150w, https:\/\/promociondeeventos.sld.cu\/graduacion50giron1973\/files\/2023\/05\/IMG-20230510-WA0025-768x768.jpg 768w, https:\/\/promociondeeventos.sld.cu\/graduacion50giron1973\/files\/2023\/05\/IMG-20230510-WA0025-250x250.jpg 250w, https:\/\/promociondeeventos.sld.cu\/graduacion50giron1973\/files\/2023\/05\/IMG-20230510-WA0025.jpg 1280w\" sizes=\"(max-width: 398px) 100vw, 398px\" \/><\/td>\n<td style=\"width: 5.07614%;height: 398px\"><\/td>\n<\/tr>\n<tr style=\"height: 96px\">\n<td style=\"width: 100%;text-align: center;height: 96px\"><span style=\"text-decoration: underline\">Jes\u00fas Sa\u00edz S\u00e1nchez<\/span><\/p>\n<p>&nbsp;<\/td>\n<td style=\"width: 5.07614%;height: 96px\"><\/td>\n<\/tr>\n<tr style=\"height: 392px\">\n<td style=\"width: 100%;height: 392px\"><img decoding=\"async\" loading=\"lazy\" class=\"aligncenter wp-image-420\" src=\"http:\/\/promociondeeventos.sld.cu\/graduacion50giron1973\/files\/2023\/05\/IMG-20230510-WA0026-300x300.jpg\" alt=\"\" width=\"392\" height=\"392\" srcset=\"https:\/\/promociondeeventos.sld.cu\/graduacion50giron1973\/files\/2023\/05\/IMG-20230510-WA0026-300x300.jpg 300w, https:\/\/promociondeeventos.sld.cu\/graduacion50giron1973\/files\/2023\/05\/IMG-20230510-WA0026-1024x1024.jpg 1024w, https:\/\/promociondeeventos.sld.cu\/graduacion50giron1973\/files\/2023\/05\/IMG-20230510-WA0026-150x150.jpg 150w, https:\/\/promociondeeventos.sld.cu\/graduacion50giron1973\/files\/2023\/05\/IMG-20230510-WA0026-768x768.jpg 768w, https:\/\/promociondeeventos.sld.cu\/graduacion50giron1973\/files\/2023\/05\/IMG-20230510-WA0026-250x250.jpg 250w, https:\/\/promociondeeventos.sld.cu\/graduacion50giron1973\/files\/2023\/05\/IMG-20230510-WA0026.jpg 1280w\" sizes=\"(max-width: 392px) 100vw, 392px\" \/><\/td>\n<td style=\"width: 5.07614%;height: 392px\"><\/td>\n<\/tr>\n<tr style=\"height: 96px\">\n<td style=\"width: 100%;text-align: center;height: 96px\"><span style=\"text-decoration: underline\">Silvia Garc\u00eda Mart\u00ednez<\/span><\/p>\n<p>&nbsp;<\/td>\n<td style=\"width: 5.07614%;height: 96px\"><\/td>\n<\/tr>\n<tr style=\"height: 466px\">\n<td style=\"width: 100%;height: 466px\"><img decoding=\"async\" loading=\"lazy\" class=\"aligncenter\" src=\"http:\/\/promociondeeventos.sld.cu\/micoplasmas2018\/files\/2023\/05\/IMG-20230511-WA0008.jpg\" width=\"394\" height=\"394\" \/><\/p>\n<p style=\"text-align: center\"><span style=\"text-decoration: underline\">Eduardo Labrada<\/span><\/p>\n<\/td>\n<td style=\"width: 5.07614%;height: 466px\"><\/td>\n<\/tr>\n<tr style=\"height: 394px\">\n<td style=\"width: 100%;height: 394px\"><img decoding=\"async\" loading=\"lazy\" class=\"aligncenter\" src=\"http:\/\/promociondeeventos.sld.cu\/micoplasmas2018\/files\/2023\/05\/IMG-20230511-WA0020.jpg\" width=\"394\" height=\"394\" \/><\/td>\n<td style=\"width: 5.07614%;height: 394px\"><\/td>\n<\/tr>\n<tr style=\"height: 96px\">\n<td style=\"width: 100%;text-align: center;height: 96px\"><span style=\"text-decoration: underline\">Miriam Garc\u00eda Tiradas<\/span><\/p>\n<p>&nbsp;<\/td>\n<td style=\"width: 5.07614%;height: 96px\"><\/td>\n<\/tr>\n<tr style=\"height: 393px\">\n<td style=\"width: 100%;height: 393px\"><img decoding=\"async\" loading=\"lazy\" class=\"aligncenter  wp-image-482\" src=\"http:\/\/promociondeeventos.sld.cu\/graduacion50giron1973\/files\/2023\/05\/IMG-20230525-WA0024-300x300.jpg\" alt=\"\" width=\"398\" height=\"398\" srcset=\"https:\/\/promociondeeventos.sld.cu\/graduacion50giron1973\/files\/2023\/05\/IMG-20230525-WA0024-300x300.jpg 300w, https:\/\/promociondeeventos.sld.cu\/graduacion50giron1973\/files\/2023\/05\/IMG-20230525-WA0024-1024x1024.jpg 1024w, https:\/\/promociondeeventos.sld.cu\/graduacion50giron1973\/files\/2023\/05\/IMG-20230525-WA0024-150x150.jpg 150w, https:\/\/promociondeeventos.sld.cu\/graduacion50giron1973\/files\/2023\/05\/IMG-20230525-WA0024-768x768.jpg 768w, https:\/\/promociondeeventos.sld.cu\/graduacion50giron1973\/files\/2023\/05\/IMG-20230525-WA0024-250x250.jpg 250w, https:\/\/promociondeeventos.sld.cu\/graduacion50giron1973\/files\/2023\/05\/IMG-20230525-WA0024.jpg 1080w\" sizes=\"(max-width: 398px) 100vw, 398px\" \/><\/td>\n<td style=\"width: 5.07614%;height: 393px\"><\/td>\n<\/tr>\n<tr style=\"height: 96px\">\n<td style=\"width: 100%;text-align: center;height: 96px\"><span style=\"text-decoration: underline\">Isabel Medina<\/span><\/p>\n<p>&nbsp;<\/td>\n<td style=\"width: 5.07614%;height: 96px\"><\/td>\n<\/tr>\n<tr style=\"height: 395px\">\n<td style=\"width: 100%;text-align: center;height: 395px\"><span style=\"text-decoration: underline\"><img decoding=\"async\" loading=\"lazy\" class=\"\" src=\"http:\/\/promociondeeventos.sld.cu\/micoplasmas2018\/files\/2023\/05\/IMG-20230511-WA0022.jpg\" width=\"391\" height=\"389\" \/><\/span><\/td>\n<td style=\"width: 5.07614%;height: 395px\"><\/td>\n<\/tr>\n<tr style=\"height: 48px\">\n<td style=\"width: 100%;text-align: center;height: 48px\"><span style=\"text-decoration: underline\">Jorge P\u00e9rez<br \/>\n<\/span><\/td>\n<td style=\"width: 5.07614%;height: 48px\"><\/td>\n<\/tr>\n<tr style=\"height: 395px\">\n<td style=\"width: 100%;text-align: center;height: 395px\"><span style=\"text-decoration: underline\"><img decoding=\"async\" loading=\"lazy\" class=\"\" src=\"http:\/\/promociondeeventos.sld.cu\/micoplasmas2018\/files\/2023\/05\/IMG-20230511-WA0023.jpg\" width=\"389\" height=\"389\" \/><\/span><\/td>\n<td style=\"width: 5.07614%;height: 395px\"><\/td>\n<\/tr>\n<tr style=\"height: 96px\">\n<td style=\"width: 100%;text-align: center;height: 10px\"><span style=\"text-decoration: underline\">Roberto Vergara<\/span><\/td>\n<td style=\"width: 5.07614%;height: 10px\"><\/td>\n<\/tr>\n<tr style=\"height: 625px\">\n<td style=\"width: 100%;text-align: center;height: 625px\"><span style=\"text-decoration: underline\"><img decoding=\"async\" loading=\"lazy\" class=\"\" src=\"http:\/\/promociondeeventos.sld.cu\/micoplasmas2018\/files\/2023\/05\/IMG-20230514-WA0027.jpg\" width=\"384\" height=\"588\" \/><\/span><\/td>\n<td style=\"width: 5.07614%;height: 625px\"><\/td>\n<\/tr>\n<tr style=\"height: 24px\">\n<td style=\"width: 100%;text-align: center;height: 24px\"><span style=\"text-decoration: underline\">J. Mar\u00eda Rodr\u00edguez Cutting<\/span><\/td>\n<td style=\"width: 5.07614%;height: 24px\"><\/td>\n<\/tr>\n<tr style=\"height: 426px\">\n<td style=\"width: 100%;text-align: center;height: 426px\"><span style=\"text-decoration: underline\"><img decoding=\"async\" loading=\"lazy\" class=\"\" src=\"http:\/\/promociondeeventos.sld.cu\/micoplasmas2018\/files\/2023\/05\/IMG-20230514-WA0028.jpg\" width=\"388\" height=\"388\" \/><\/span><\/td>\n<td style=\"width: 5.07614%;height: 426px\"><\/td>\n<\/tr>\n<tr style=\"height: 56px\">\n<td style=\"width: 100%;text-align: center;height: 19px\"><span style=\"text-decoration: underline\">Jose Ram\u00f3n Ru\u00edz<br \/>\n<\/span><\/td>\n<td style=\"width: 5.07614%;height: 19px\"><\/td>\n<\/tr>\n<tr style=\"height: 24px\">\n<td style=\"width: 100%;text-align: center;height: 24px\"><img decoding=\"async\" loading=\"lazy\" class=\"\" src=\"http:\/\/promociondeeventos.sld.cu\/micoplasmas2018\/files\/2023\/05\/IMG-20230514-WA0029.jpg\" width=\"384\" height=\"384\" \/><\/td>\n<td style=\"width: 5.07614%;height: 24px\"><\/td>\n<\/tr>\n<tr style=\"height: 24px\">\n<td style=\"width: 100%;text-align: center;height: 24px\"><span style=\"text-decoration: underline\">Deysi Pi\u00f1a<\/span><\/p>\n<p>&nbsp;<\/td>\n<td style=\"width: 5.07614%;height: 24px\"><\/td>\n<\/tr>\n<tr style=\"height: 24px\">\n<td style=\"width: 100%;text-align: center;height: 24px\"><img decoding=\"async\" loading=\"lazy\" class=\"\" src=\"http:\/\/promociondeeventos.sld.cu\/micoplasmas2018\/files\/2023\/05\/IMG-20230514-WA0030.jpg\" width=\"387\" height=\"387\" \/><\/td>\n<td style=\"width: 5.07614%;height: 24px\"><\/td>\n<\/tr>\n<tr style=\"height: 24px\">\n<td style=\"width: 100%;text-align: center;height: 24px\"><span style=\"text-decoration: underline\">Dolores Carnero<\/span><\/p>\n<p>&nbsp;<\/td>\n<td style=\"width: 5.07614%;height: 24px\"><\/td>\n<\/tr>\n<tr>\n<td style=\"width: 100%;text-align: center\"><span style=\"text-decoration: underline\"><img decoding=\"async\" loading=\"lazy\" class=\"\" src=\"http:\/\/promociondeeventos.sld.cu\/micoplasmas2018\/files\/2023\/05\/IMG-20230519-WA0006.jpg\" width=\"376\" height=\"404\" \/><\/span><\/td>\n<td style=\"width: 5.07614%\"><\/td>\n<\/tr>\n<tr>\n<td style=\"width: 100%;text-align: center\"><span style=\"text-decoration: underline\">Dania Amable<\/span><\/p>\n<p>&nbsp;<\/td>\n<td style=\"width: 5.07614%\"><\/td>\n<\/tr>\n<tr>\n<td style=\"width: 100%;text-align: center\"><span style=\"text-decoration: underline\"><img decoding=\"async\" loading=\"lazy\" class=\"\" src=\"http:\/\/promociondeeventos.sld.cu\/micoplasmas2018\/files\/2023\/05\/IMG-20230519-WA0007.jpg\" width=\"369\" height=\"361\" \/><\/span><\/td>\n<td style=\"width: 5.07614%\"><\/td>\n<\/tr>\n<tr>\n<td style=\"width: 100%;text-align: center\"><span style=\"text-decoration: underline\">Eduardo L\u00e1zaro Caballero<\/span><\/p>\n<p>&nbsp;<\/td>\n<td style=\"width: 5.07614%\"><\/td>\n<\/tr>\n<tr>\n<td style=\"width: 100%;text-align: center\"><img decoding=\"async\" loading=\"lazy\" class=\"\" src=\"http:\/\/promociondeeventos.sld.cu\/graduacion50giron1973\/files\/2023\/05\/IMG-20230520-WA0023.jpg\" width=\"375\" height=\"386\" \/><\/td>\n<td style=\"width: 5.07614%\"><\/td>\n<\/tr>\n<tr>\n<td style=\"width: 100%;text-align: center\"><span style=\"text-decoration: underline\">Alfredo \u00c1lvarez Collado<\/span><\/td>\n<td style=\"width: 5.07614%\"><\/td>\n<\/tr>\n<tr>\n<td style=\"width: 100%;text-align: center\"><span style=\"text-decoration: underline\">\u00a0<\/span><\/p>\n<p><img decoding=\"async\" loading=\"lazy\" class=\"\" src=\"http:\/\/promociondeeventos.sld.cu\/graduacion50giron1973\/files\/2023\/05\/IMG-20230523-WA0014.jpg\" width=\"389\" height=\"389\" \/><\/td>\n<td style=\"width: 5.07614%\"><\/td>\n<\/tr>\n<tr>\n<td style=\"width: 100%;text-align: center\"><span style=\"text-decoration: underline\">Armando Caballero L\u00f3pez<br \/>\n<\/span><\/td>\n<td style=\"width: 5.07614%\"><\/td>\n<\/tr>\n<tr>\n<td style=\"width: 100%;text-align: center\"><span style=\"text-decoration: underline\">\u00a0<\/span><\/p>\n<p><img decoding=\"async\" loading=\"lazy\" class=\"\" src=\"http:\/\/promociondeeventos.sld.cu\/graduacion50giron1973\/files\/2023\/05\/IMG-20230526-WA0000.jpg\" width=\"396\" height=\"396\" \/><\/td>\n<td style=\"width: 5.07614%\"><\/td>\n<\/tr>\n<tr>\n<td style=\"width: 100%;text-align: center\"><span style=\"text-decoration: underline\">Sofi y Sara, nietas de Magdalena<br \/>\n<\/span><\/td>\n<td style=\"width: 5.07614%\"><\/td>\n<\/tr>\n<\/tbody>\n<\/table>\n<p>&nbsp;<\/p>\n","protected":false},"excerpt":{"rendered":"<p>Ana Mar\u00eda D\u00edaz-Canel Manuel Hern\u00e1ndez Meilan Eduardo Serra Cancio Roberto Corral Pedro Juan Argud\u00edn Lourdes Fons Jim\u00e9nez Vivian Ram\u00edrez Antonio Manuel Padovari Mar\u00eda Mercedes Leal Elvira Borbolla Juan Manuel P\u00e9rez Mir M\u00e1ximo Sandez Clara Abreu de la Torre Aida Esther Escand\u00f3n Magdalena Mirabal Jean Claude Virginia Cap\u00f3 y Ram\u00f3n Prado\u00a0 Teresita Mil\u00f3 Sotres Jorge Fuentes [&hellip;]<\/p>\n","protected":false},"author":3257,"featured_media":0,"parent":0,"menu_order":0,"comment_status":"closed","ping_status":"closed","template":"","meta":[],"_links":{"self":[{"href":"https:\/\/promociondeeventos.sld.cu\/graduacion50giron1973\/wp-json\/wp\/v2\/pages\/353"}],"collection":[{"href":"https:\/\/promociondeeventos.sld.cu\/graduacion50giron1973\/wp-json\/wp\/v2\/pages"}],"about":[{"href":"https:\/\/promociondeeventos.sld.cu\/graduacion50giron1973\/wp-json\/wp\/v2\/types\/page"}],"author":[{"embeddable":true,"href":"https:\/\/promociondeeventos.sld.cu\/graduacion50giron1973\/wp-json\/wp\/v2\/users\/3257"}],"replies":[{"embeddable":true,"href":"https:\/\/promociondeeventos.sld.cu\/graduacion50giron1973\/wp-json\/wp\/v2\/comments?post=353"}],"version-history":[{"count":49,"href":"https:\/\/promociondeeventos.sld.cu\/graduacion50giron1973\/wp-json\/wp\/v2\/pages\/353\/revisions"}],"predecessor-version":[{"id":485,"href":"https:\/\/promociondeeventos.sld.cu\/graduacion50giron1973\/wp-json\/wp\/v2\/pages\/353\/revisions\/485"}],"wp:attachment":[{"href":"https:\/\/promociondeeventos.sld.cu\/graduacion50giron1973\/wp-json\/wp\/v2\/media?parent=353"}],"curies":[{"name":"wp","href":"https:\/\/api.w.org\/{rel}","templated":true}]}}