{"id":8,"date":"2022-08-03T15:39:13","date_gmt":"2022-08-03T15:39:13","guid":{"rendered":"http:\/\/promociondeeventos.sld.cu\/flap2022\/?page_id=8"},"modified":"2022-08-17T16:40:51","modified_gmt":"2022-08-17T16:40:51","slug":"comite-cientifico","status":"publish","type":"page","link":"https:\/\/promociondeeventos.sld.cu\/flap2022\/comite-cientifico\/","title":{"rendered":"Comit\u00e9 Cient\u00edfico Nacional"},"content":{"rendered":"<p><strong>Comit\u00e9 Cient\u00edfico Nacional<br \/>\n<\/strong><\/p>\n<table width=\"636\">\n<tbody>\n<tr>\n<td colspan=\"2\" width=\"570\">Prof. Jorge Fraga Nodarse, Presidente<\/td>\n<td width=\"60\"><\/td>\n<\/tr>\n<tr>\n<td colspan=\"2\" width=\"570\"><strong>Miembros<\/strong><\/td>\n<td width=\"60\"><\/td>\n<\/tr>\n<tr>\n<td width=\"312\">Prof. Maria G. Guzman, (Soc. Cubana Microbiolog\u00eda y Parasitolog\u00eda)<\/td>\n<td colspan=\"2\" width=\"318\">\n<table>\n<tbody>\n<tr>\n<td width=\"265\">Prof. Rafael Llanes (IPK)<\/td>\n<\/tr>\n<\/tbody>\n<\/table>\n<\/td>\n<\/tr>\n<tr>\n<td width=\"312\">Prof. Ileana \u00c1lvarez (Hosp. W Soler)<\/td>\n<td colspan=\"2\" width=\"318\">Prof. Mar\u00eda del Carmen Marquetti (IPK)<\/td>\n<\/tr>\n<tr>\n<td width=\"312\">Dr. Yoide Ferrer (Prosalud)<\/td>\n<td colspan=\"2\" width=\"318\">Prof. Gerardo Mart\u00ednez (IPK)<\/td>\n<\/tr>\n<tr>\n<td width=\"312\">Prof. Jose Ra\u00fal de Armas, Minsap<\/td>\n<td colspan=\"2\" width=\"318\">Prof. Brian Mondeja (Centros de Estudios Avanzados)<\/td>\n<\/tr>\n<tr>\n<td width=\"312\">Prof. Felix Dickinson (IPK)<\/td>\n<td colspan=\"2\" width=\"318\">Prof. Fidel A. Nu\u00f1ez (ELAM)<\/td>\n<\/tr>\n<tr>\n<td width=\"312\">Prof. Angel Escobedo<\/td>\n<td colspan=\"2\" width=\"318\">Ana Margarita Obreg\u00f3n (IPK)<\/td>\n<\/tr>\n<tr>\n<td width=\"312\">Prof. Carlos Fern\u00e1ndez (Soc. Cubana Microbiolog\u00eda y Parasitolog\u00eda)<\/td>\n<td colspan=\"2\" width=\"318\">Prof. Lilia M. Ortega (IPK)<\/td>\n<\/tr>\n<tr>\n<td width=\"312\">Prof. Carlos Fonseca (IPK)<\/td>\n<td colspan=\"2\" width=\"318\">Prof. Dennis P\u00e9rez (IPK)<\/td>\n<\/tr>\n<tr>\n<td width=\"312\">Prof. Ubaldo del Risco, CPHEM Camag\u00fcey<\/td>\n<td colspan=\"2\" width=\"318\">Prof. Dianelys Qui\u00f1ones (IPK)<\/td>\n<\/tr>\n<tr>\n<td width=\"312\">Prof. Belkis Galindo (IPK)<\/td>\n<td colspan=\"2\" width=\"318\">Prof. Rosario Velar (IPK)<\/td>\n<\/tr>\n<tr>\n<td width=\"312\">Prof. Gerardo Guillen (CIGB)<\/td>\n<td colspan=\"2\" width=\"318\">\n<table>\n<tbody>\n<tr>\n<td width=\"265\">Prof. Islay Rodriguez (IPK)<\/td>\n<\/tr>\n<\/tbody>\n<\/table>\n<\/td>\n<\/tr>\n<tr>\n<td width=\"312\">Prof. Daniel Gonz\u00e1lez (IPK)<\/td>\n<td colspan=\"2\" width=\"318\">Prof. Licel Rodr\u00edguez (Soc. Cubana Microbiolog\u00eda y Parasitolog\u00eda)<\/td>\n<\/tr>\n<tr>\n<td width=\"312\">Prof. Hilda Hern\u00e1ndez (IPK)<\/td>\n<td colspan=\"2\" width=\"318\">Prof. Idalia Sariego (IPK)<\/td>\n<\/tr>\n<tr>\n<td width=\"312\">Prof. Oliver P\u00e9rez (Soc. Cubana de Inmunolog\u00eda)<\/td>\n<td colspan=\"2\" width=\"318\">Prof. Clara Sav\u00f3n (IPK)<\/td>\n<\/tr>\n<tr>\n<td width=\"312\">Prof. Luis Jerez Puebla (IPK)<\/td>\n<td colspan=\"2\" width=\"318\">Prof. Ana B. Perez (Soc. Cubana de Inmunolog\u00eda)<\/td>\n<\/tr>\n<tr>\n<td width=\"312\">Prof. Adalberto Aguila (IPK)<\/td>\n<td colspan=\"2\" width=\"318\">Prof. Annia Alba (IPK)<\/td>\n<\/tr>\n<\/tbody>\n<\/table>\n<p>&nbsp;<\/p>\n","protected":false},"excerpt":{"rendered":"<p>Comit\u00e9 Cient\u00edfico Nacional Prof. Jorge Fraga Nodarse, Presidente Miembros Prof. Maria G. Guzman, (Soc. Cubana Microbiolog\u00eda y Parasitolog\u00eda) Prof. Rafael Llanes (IPK) Prof. Ileana \u00c1lvarez (Hosp. W Soler) Prof. Mar\u00eda del Carmen Marquetti (IPK) Dr. Yoide Ferrer (Prosalud) Prof. Gerardo Mart\u00ednez (IPK) Prof. Jose Ra\u00fal de Armas, Minsap Prof. Brian Mondeja (Centros de Estudios Avanzados) [&hellip;]<\/p>\n","protected":false},"author":3205,"featured_media":0,"parent":0,"menu_order":0,"comment_status":"closed","ping_status":"open","template":"","meta":[],"_links":{"self":[{"href":"https:\/\/promociondeeventos.sld.cu\/flap2022\/wp-json\/wp\/v2\/pages\/8"}],"collection":[{"href":"https:\/\/promociondeeventos.sld.cu\/flap2022\/wp-json\/wp\/v2\/pages"}],"about":[{"href":"https:\/\/promociondeeventos.sld.cu\/flap2022\/wp-json\/wp\/v2\/types\/page"}],"author":[{"embeddable":true,"href":"https:\/\/promociondeeventos.sld.cu\/flap2022\/wp-json\/wp\/v2\/users\/3205"}],"replies":[{"embeddable":true,"href":"https:\/\/promociondeeventos.sld.cu\/flap2022\/wp-json\/wp\/v2\/comments?post=8"}],"version-history":[{"count":5,"href":"https:\/\/promociondeeventos.sld.cu\/flap2022\/wp-json\/wp\/v2\/pages\/8\/revisions"}],"predecessor-version":[{"id":52,"href":"https:\/\/promociondeeventos.sld.cu\/flap2022\/wp-json\/wp\/v2\/pages\/8\/revisions\/52"}],"wp:attachment":[{"href":"https:\/\/promociondeeventos.sld.cu\/flap2022\/wp-json\/wp\/v2\/media?parent=8"}],"curies":[{"name":"wp","href":"https:\/\/api.w.org\/{rel}","templated":true}]}}