{"id":39,"date":"2022-08-16T19:09:15","date_gmt":"2022-08-16T19:09:15","guid":{"rendered":"http:\/\/promociondeeventos.sld.cu\/flap2022\/?page_id=39"},"modified":"2022-08-16T19:09:15","modified_gmt":"2022-08-16T19:09:15","slug":"fechas-importantes","status":"publish","type":"page","link":"https:\/\/promociondeeventos.sld.cu\/flap2022\/fechas-importantes\/","title":{"rendered":"Fechas Importantes"},"content":{"rendered":"<table>\n<tbody>\n<tr>\n<td width=\"359\">Primer d\u00eda del congreso<\/td>\n<td width=\"208\">1 de noviembre 2022<\/td>\n<\/tr>\n<tr>\n<td width=\"359\">\u00daltimo d\u00eda del congreso<\/td>\n<td width=\"208\">4 de noviembre 2022<\/td>\n<\/tr>\n<tr>\n<td width=\"359\">Inicio de inscripci\u00f3n de delegados<\/td>\n<td width=\"208\">1ro de agosto de 2022<\/td>\n<\/tr>\n<tr>\n<td width=\"359\">Cierre de inscripci\u00f3n de delegados<\/td>\n<td width=\"208\">23 de octubre de 2022<\/td>\n<\/tr>\n<tr>\n<td width=\"359\">Inicio de la recepci\u00f3n de trabajos<\/td>\n<td width=\"208\">20 de agosto de 2022<\/td>\n<\/tr>\n<tr>\n<td width=\"359\">Cierre de la recepci\u00f3n de trabajos**<\/td>\n<td width=\"208\">1ro\u00a0 de octubre de 2022<\/td>\n<\/tr>\n<tr>\n<td width=\"359\">Aceptaci\u00f3n de trabajos<\/td>\n<td width=\"208\">15 de octubre de 2022<\/td>\n<\/tr>\n<\/tbody>\n<\/table>\n<p>**Pasada esta fecha no se garantiza la participaci\u00f3n en el congreso ni la publicaci\u00f3n del resumen mismo en las memorias del evento.<\/p>\n<p><strong><span style=\"text-decoration: underline\">\u00a0<\/span><\/strong><\/p>\n","protected":false},"excerpt":{"rendered":"<p>Primer d\u00eda del congreso 1 de noviembre 2022 \u00daltimo d\u00eda del congreso 4 de noviembre 2022 Inicio de inscripci\u00f3n de delegados 1ro de agosto de 2022 Cierre de inscripci\u00f3n de delegados 23 de octubre de 2022 Inicio de la recepci\u00f3n de trabajos 20 de agosto de 2022 Cierre de la recepci\u00f3n de trabajos** 1ro\u00a0 de [&hellip;]<\/p>\n","protected":false},"author":3257,"featured_media":0,"parent":0,"menu_order":0,"comment_status":"closed","ping_status":"open","template":"","meta":[],"_links":{"self":[{"href":"https:\/\/promociondeeventos.sld.cu\/flap2022\/wp-json\/wp\/v2\/pages\/39"}],"collection":[{"href":"https:\/\/promociondeeventos.sld.cu\/flap2022\/wp-json\/wp\/v2\/pages"}],"about":[{"href":"https:\/\/promociondeeventos.sld.cu\/flap2022\/wp-json\/wp\/v2\/types\/page"}],"author":[{"embeddable":true,"href":"https:\/\/promociondeeventos.sld.cu\/flap2022\/wp-json\/wp\/v2\/users\/3257"}],"replies":[{"embeddable":true,"href":"https:\/\/promociondeeventos.sld.cu\/flap2022\/wp-json\/wp\/v2\/comments?post=39"}],"version-history":[{"count":1,"href":"https:\/\/promociondeeventos.sld.cu\/flap2022\/wp-json\/wp\/v2\/pages\/39\/revisions"}],"predecessor-version":[{"id":41,"href":"https:\/\/promociondeeventos.sld.cu\/flap2022\/wp-json\/wp\/v2\/pages\/39\/revisions\/41"}],"wp:attachment":[{"href":"https:\/\/promociondeeventos.sld.cu\/flap2022\/wp-json\/wp\/v2\/media?parent=39"}],"curies":[{"name":"wp","href":"https:\/\/api.w.org\/{rel}","templated":true}]}}