{"id":35,"date":"2022-08-16T19:04:17","date_gmt":"2022-08-16T19:04:17","guid":{"rendered":"http:\/\/promociondeeventos.sld.cu\/flap2022\/?page_id=35"},"modified":"2022-10-13T15:30:03","modified_gmt":"2022-10-13T15:30:03","slug":"comite-de-honor","status":"publish","type":"page","link":"https:\/\/promociondeeventos.sld.cu\/flap2022\/comite-de-honor\/","title":{"rendered":"Comit\u00e9 de Honor"},"content":{"rendered":"<p>&nbsp;<\/p>\n<table style=\"height: 498px\" width=\"389\">\n<tbody>\n<tr>\n<td width=\"215\">Prof. Jos\u00e9 \u00c1ngel Portal Miranda,<\/p>\n<p>Ministro de Salud,<\/p>\n<p>Cuba<\/td>\n<\/tr>\n<tr>\n<td width=\"215\"><\/td>\n<\/tr>\n<tr>\n<td width=\"215\">Prof. Yanaris L\u00f3pez Almaguer,<\/p>\n<p>Directora Instituto de Medicina Tropical, IPK,<\/p>\n<p>Cuba<\/td>\n<\/tr>\n<tr>\n<td width=\"215\">Prof. Nereyda Cantelar de Francisco,<\/p>\n<p>Instituto de Medicina Tropical, IPK,<\/p>\n<p>Cuba<\/td>\n<\/tr>\n<tr>\n<td width=\"215\">Prof. Lorenzo Jorge P\u00e9rez \u00c1vila<\/p>\n<p>Instituto de Medicina Tropical, IPK,<\/p>\n<p>Cuba<\/td>\n<\/tr>\n<\/tbody>\n<\/table>\n<p>&nbsp;<\/p>\n","protected":false},"excerpt":{"rendered":"<p>&nbsp; Prof. Jos\u00e9 \u00c1ngel Portal Miranda, Ministro de Salud, Cuba Prof. Yanaris L\u00f3pez Almaguer, Directora Instituto de Medicina Tropical, IPK, Cuba Prof. Nereyda Cantelar de Francisco, Instituto de Medicina Tropical, IPK, Cuba Prof. Lorenzo Jorge P\u00e9rez \u00c1vila Instituto de Medicina Tropical, IPK, Cuba &nbsp;<\/p>\n","protected":false},"author":3257,"featured_media":0,"parent":0,"menu_order":0,"comment_status":"closed","ping_status":"open","template":"","meta":[],"_links":{"self":[{"href":"https:\/\/promociondeeventos.sld.cu\/flap2022\/wp-json\/wp\/v2\/pages\/35"}],"collection":[{"href":"https:\/\/promociondeeventos.sld.cu\/flap2022\/wp-json\/wp\/v2\/pages"}],"about":[{"href":"https:\/\/promociondeeventos.sld.cu\/flap2022\/wp-json\/wp\/v2\/types\/page"}],"author":[{"embeddable":true,"href":"https:\/\/promociondeeventos.sld.cu\/flap2022\/wp-json\/wp\/v2\/users\/3257"}],"replies":[{"embeddable":true,"href":"https:\/\/promociondeeventos.sld.cu\/flap2022\/wp-json\/wp\/v2\/comments?post=35"}],"version-history":[{"count":4,"href":"https:\/\/promociondeeventos.sld.cu\/flap2022\/wp-json\/wp\/v2\/pages\/35\/revisions"}],"predecessor-version":[{"id":106,"href":"https:\/\/promociondeeventos.sld.cu\/flap2022\/wp-json\/wp\/v2\/pages\/35\/revisions\/106"}],"wp:attachment":[{"href":"https:\/\/promociondeeventos.sld.cu\/flap2022\/wp-json\/wp\/v2\/media?parent=35"}],"curies":[{"name":"wp","href":"https:\/\/api.w.org\/{rel}","templated":true}]}}