{"id":144,"date":"2022-10-17T17:41:08","date_gmt":"2022-10-17T17:41:08","guid":{"rendered":"http:\/\/promociondeeventos.sld.cu\/flap2022\/?page_id=144"},"modified":"2022-11-07T16:56:07","modified_gmt":"2022-11-07T16:56:07","slug":"presentacion-de-poster","status":"publish","type":"page","link":"https:\/\/promociondeeventos.sld.cu\/flap2022\/presentacion-de-poster\/","title":{"rendered":"Sesi\u00f3n de P\u00f3ster"},"content":{"rendered":"<table style=\"height: 20753px\" width=\"100%\">\n<tbody>\n<tr>\n<td colspan=\"9\" width=\"600\"><strong>SESION DE CARTELES\u00a0<\/strong><strong> Los carteles estar\u00e1n en el sitio durante todos los d\u00edas que dure el Congreso. <\/strong><strong>Pueden interactuar con los autores a trav\u00e9s de correo electr\u00f3nico.<br \/>\n<\/strong><\/td>\n<\/tr>\n<tr>\n<td colspan=\"9\" width=\"600\"><strong><span style=\"text-decoration: underline\">Moderadores y coordinadores:<\/span> <\/strong><strong> Prof. Idalia Sariego, IPK, Cuba; Prof. Rosario Velar, IPK, Cuba.\u00a0 <\/strong><\/td>\n<\/tr>\n<tr>\n<td colspan=\"2\" width=\"45\"><strong>#Poster<\/strong><\/td>\n<td colspan=\"4\" width=\"66\"><strong>C\u00f3d.Resumen<\/strong><\/td>\n<td colspan=\"2\" width=\"208\"><strong>T\u00edtulo del trabajo<\/strong><\/td>\n<td width=\"132\"><strong>Autor(es)<\/strong><\/td>\n<\/tr>\n<tr>\n<td colspan=\"9\" width=\"451\"><strong>ENFERMEDAD DE CHAGAS<\/strong><\/td>\n<\/tr>\n<tr>\n<td colspan=\"2\" width=\"45\"><a href=\"http:\/\/promociondeeventos.sld.cu\/flap2022\/files\/2022\/10\/1.pdf\" target=\"_blank\">1<\/a><\/td>\n<td colspan=\"3\" width=\"57\">CHP-1<\/td>\n<td colspan=\"2\" width=\"161\"><a href=\"http:\/\/promociondeeventos.sld.cu\/flap2022\/files\/2022\/10\/1.pdf\" target=\"_blank\">HIGHER TEMPERATURES REDUCE THE NUMBER OF TRYPANOSOMA CRUZI PARASITES IN THE VECTOR TRIATOMA PALLIDIPENNIS<\/a><\/td>\n<td colspan=\"2\" width=\"189\"><strong><span style=\"text-decoration: underline\">Gonz\u00e1lez-Rete, Berenice<\/span><\/strong><strong>; <\/strong>Guti\u00e9rrez-Cabrera, Ana E.; de Fuentes-Vicente, Jos\u00e9 Antonio, Salazar-Schettino, Paz Maria; Bucio-Torres, Martha; Cabrera-Bravo, Margarita; C\u00f3rdoba-Aguilar, Alex4; Torres-Gutierrez, Elia; De Alba-Alvarado, Mariana; Reynoso-Ducoing, Olivia; Guevara-Gomez, Yolanda; Flores-Villegas, A. Laura; Vences-Blanco, Mauro O<strong>.<\/strong><em>Universidad Nacional Aut\u00f3noma de M\u00e9xico, Facultad de Medicina, Departamento de Microbiolog\u00eda y Parasitolog\u00eda, M\u00e9xico, M\u00e9xico. <\/em><a href=\"mailto:bere.gonzalez.ciencias@gmail.com\"><em>bere.gonzalez.ciencias@gmail.com<\/em><\/a><\/td>\n<\/tr>\n<tr>\n<td colspan=\"2\" width=\"45\">\u00a0<a href=\"http:\/\/promociondeeventos.sld.cu\/flap2022\/files\/2022\/10\/2.pdf\" target=\"_blank\">2<\/a><\/td>\n<td colspan=\"3\" width=\"57\">CHP-2<\/td>\n<td colspan=\"2\" width=\"161\"><a href=\"http:\/\/promociondeeventos.sld.cu\/flap2022\/files\/2022\/10\/2.pdf\" target=\"_blank\">CHAGAS\u2019 DISEASE AMONG SCHOOL STUDENTS FROM CHIAPAS, MEXICO: TWO CASES OF CHAGASIC CARDIOMYOPATHY<\/a><\/td>\n<td colspan=\"2\" width=\"189\"><strong><span style=\"text-decoration: underline\">Torres-Gutierrez, Elia<\/span><\/strong>; Salazar-Schettino, Paz Maria; Vidal-Lopez, Dolores; Bucio-Torres, Martha; Cabrera-Bravo, Margarita; Schlie-Guzm\u00e1n, Mar\u00eda; P\u00e9rez-Vargas, Adrian; De Alba-Alvarado, Mariana; Flores-Villegas, A. Laura; Gonz\u00e1lez-Rete, Berenice; Vences-Blanco, Mauro O; Guevara-Gomez, Yolanda; Reynoso-Ducoing, Olivia; Candelas-Otero, Frida Noelly; L\u00f3pez-Avi\u00f1a, Juan Antonio.<em>Universidad Nacional Aut\u00f3noma de M\u00e9xico, Facultad de Medicina, Departamento de Microbiolog\u00eda y Parasitolog\u00eda, M\u00e9xico, M\u00e9xico. <\/em><a href=\"mailto:etorres@facmed.unam.mx\"><em>etorres@facmed.unam.mx<\/em><\/a><\/td>\n<\/tr>\n<tr>\n<td colspan=\"2\" width=\"45\"><a href=\"http:\/\/promociondeeventos.sld.cu\/flap2022\/files\/2022\/11\/3.pdf\" target=\"_blank\">3<\/a><\/td>\n<td colspan=\"3\" width=\"57\">CHP-3<\/td>\n<td colspan=\"2\" width=\"161\"><a href=\"http:\/\/promociondeeventos.sld.cu\/flap2022\/files\/2022\/11\/3.pdf\" target=\"_blank\">Estrategia cubana para el diagn\u00f3stico de la Enfermedad de Chagas.<\/a><\/td>\n<td colspan=\"2\" width=\"189\"><strong><span style=\"text-decoration: underline\">Jorge Fraga,<\/span><\/strong> Ana M. Montalvo, Lianet Monzote, Nidia Garrido, Laura G\u00e1lvez Batista.<em>IPK, Cuba <\/em><a href=\"mailto:fraga@ipk.sld.cu\"><em>fraga@ipk.sld.cu<\/em><\/a><\/td>\n<\/tr>\n<tr>\n<td colspan=\"2\" width=\"45\"><a href=\"http:\/\/promociondeeventos.sld.cu\/flap2022\/files\/2022\/11\/4.pdf\" target=\"_blank\">4<\/a><\/td>\n<td colspan=\"3\" width=\"57\">CHP-4<\/td>\n<td colspan=\"2\" width=\"161\"><a href=\"http:\/\/promociondeeventos.sld.cu\/flap2022\/files\/2022\/11\/4.pdf\" target=\"_blank\">Tipificaci\u00f3n de los linajes de <em>T. cruzi<\/em> basado en el gen que codifica la prote\u00edna de choque t\u00e9rmico de 70KDa.<\/a><\/td>\n<td colspan=\"2\" width=\"189\"><strong><span style=\"text-decoration: underline\">Jorge Fraga<\/span><\/strong><strong>, <\/strong>Ana M. Montalvo, Jose \u00c1ngeles Chimal<sup>\u2020<\/sup>, Maria Elena Villagr\u00e1n, Lilian Ju\u00e1rez, Bertha Espinosa, Ana Maria Mejias, Omar Triana, Gert Van der Auwera.<em>IPK, Cuba<\/em><a href=\"mailto:fraga@ipk.sld.cu\"><em>fraga@ipk.sld.cu<\/em><\/a><\/td>\n<\/tr>\n<tr>\n<td colspan=\"2\" width=\"45\"><a href=\"http:\/\/promociondeeventos.sld.cu\/flap2022\/files\/2022\/10\/5.pdf\" target=\"_blank\">5<\/a><\/td>\n<td colspan=\"3\" width=\"57\">CPH-5<\/td>\n<td colspan=\"2\" width=\"161\"><a href=\"http:\/\/promociondeeventos.sld.cu\/flap2022\/files\/2022\/10\/5.pdf\" target=\"_blank\">Evaluaci\u00f3n de la variabilidad gen\u00e9tica de Unidades Discretas de Tipificaci\u00f3n I (DTU I) basado en el gen que codifica la prote\u00edna de choque t\u00e9rmico 70 en individuos del Estado de Morelos.<\/a><\/td>\n<td colspan=\"2\" width=\"189\"><strong><span style=\"text-decoration: underline\">Kenia Bastidas-Leal<\/span><\/strong>, Ver\u00f3nica Ch\u00e1vez L\u00f3pez, Jorge Fraga Nodarse.<em>Facultad de Medicina. Universidad Aut\u00f3noma del Estado de Morelos, M\u00e9xico. \u00a0 \u00a0 \u00a0 \u00a0 \u00a0 \u00a0 \u00a0 <\/em><a href=\"mailto:lizeth-26k@hotmail.com\"><em>lizeth-26k@hotmail.com<\/em><\/a><em>\u00a0<\/em><em>\u00a0<\/em><\/td>\n<\/tr>\n<tr>\n<td colspan=\"9\" width=\"451\"><strong>ZOONOSIS<\/strong><\/td>\n<\/tr>\n<tr>\n<td colspan=\"2\" width=\"45\"><a href=\"http:\/\/promociondeeventos.sld.cu\/flap2022\/files\/2022\/11\/6.pdf\" target=\"_blank\">6<\/a><\/td>\n<td colspan=\"3\" width=\"57\">ZP-1<\/td>\n<td colspan=\"2\" width=\"161\"><a href=\"http:\/\/promociondeeventos.sld.cu\/flap2022\/files\/2022\/11\/6.pdf\" target=\"_blank\">El Rol de la Fauna Silvestres en la Transmisi\u00f3n de Zoonosis Parasitarias en el Per\u00fa: Enfoque One Health en el Escenario Epidemiol\u00f3gico Neotropical<\/a><\/td>\n<td colspan=\"2\" width=\"189\"><strong><span style=\"text-decoration: underline\">Jorge Manuel C\u00e1rdenas\u2013Callirgos<\/span><\/strong>, Giovana Nancy Livia\u2013C\u00f3rdova, Cesar Abel Burga\u2013Cisterna, Laura Florita Trujillo\u2013Mundo Rosa Grimaneza Guevara\u2013Montero, Daniel Alexis Z\u00e1rate\u2013Rend\u00f3n, Jos\u00e9 Alberto Iannacone\u2013Oliver.<em>Neotropical Parasitology Research Network (NEOPARNET) &#8211; Asociaci\u00f3n Peruana de Helmintolog\u00eda e Invertebrados Afines (APHIA) &#8211; Lima &#8211; Per\u00fa. <\/em><a href=\"mailto:jmcardenasc.proyectos@gmail.com\"><em>jmcardenasc.proyectos@gmail.com<\/em><\/a><\/td>\n<\/tr>\n<tr>\n<td colspan=\"2\" width=\"45\"><a href=\"http:\/\/promociondeeventos.sld.cu\/flap2022\/files\/2022\/10\/7.pdf\" target=\"_blank\">7<\/a><\/td>\n<td colspan=\"3\" width=\"57\">ZP-2<\/td>\n<td colspan=\"2\" width=\"161\"><a href=\"http:\/\/promociondeeventos.sld.cu\/flap2022\/files\/2022\/10\/7.pdf\" target=\"_blank\">Contaminaci\u00f3n de suelos con huevos de <em>Toxocara<\/em> sp. en parques del municipio La Lisa, La Habana, 2021.<\/a><\/td>\n<td colspan=\"2\" width=\"189\"><strong><span style=\"text-decoration: underline\">Adiel Gonz\u00e1lez Gonz\u00e1lez<\/span><\/strong>, Idalia Sariego Ramos, Magile C. Fonseca Quintana, Waldermar Baldoquin Ramirez.<em>IPK, Cuba <\/em><a href=\"mailto:adiel@ipk.sld.cu\"><em>adiel@ipk.sld.cu<\/em><\/a><\/td>\n<\/tr>\n<tr>\n<td colspan=\"2\" width=\"45\"><a href=\"http:\/\/promociondeeventos.sld.cu\/flap2022\/files\/2022\/10\/8.pdf\" target=\"_blank\">8<\/a><\/td>\n<td colspan=\"3\" width=\"57\">ZP-3<\/td>\n<td colspan=\"2\" width=\"161\"><a href=\"http:\/\/promociondeeventos.sld.cu\/flap2022\/files\/2022\/10\/8.pdf\" target=\"_blank\">Endocarditis zoon\u00f3tica: presentacion de un caso en Villa Clara<\/a><\/td>\n<td colspan=\"2\" width=\"189\"><strong>Alina Choy Marrero<\/strong>, Mayda Guerra Martinez, Rita Maria Meras Jauregui, Yasel Diaz Sanchez, Marian Castro Guerra, Thalia Alina Oliva Choy.<em>Hospital Provincial Ginecobstetrico Docente Mariana Grajales, Villa Clara, Cuba. <\/em><a href=\"mailto:alinachm@infomed.sld.cu\"><em>alinachm@infomed.sld.cu<\/em><\/a><\/td>\n<\/tr>\n<tr>\n<td colspan=\"2\" width=\"45\"><a href=\"http:\/\/promociondeeventos.sld.cu\/flap2022\/files\/2022\/11\/9.pdf\" target=\"_blank\">9<\/a><\/td>\n<td colspan=\"3\" width=\"57\">ZP-4<\/td>\n<td colspan=\"2\" width=\"161\"><a href=\"http:\/\/promociondeeventos.sld.cu\/flap2022\/files\/2022\/11\/9.pdf\" target=\"_blank\">FACTORES ECOEPIDEMIOLOGICOS ASOCIADOS A LOS PATRONES DE TRANSMISION DE LAS ZOONOSIS PARASITARIAS EMERGENTES Y DESATENDIDAS EN EL PER\u00da: ENFOQUE ONE HEALTH DEL SPILLOVER EN LA INTERFAZ HUMANO-DOM\u00c9STICO-SILVESTRE<\/a><\/td>\n<td colspan=\"2\" width=\"189\"><strong><span style=\"text-decoration: underline\">Jorge Manuel C\u00e1rdenas\u2013Callirgos<\/span><\/strong>, Giovana Nancy Livia\u2013C\u00f3rdova, Cesar Abel Burga\u2013Cisterna, Laura Florita Trujillo\u2013Mundo, Gianfranco Alberto Chiroque Bravo, Edgar Vasquez Sanchez, Serapio Romero Gavilan, Rosa Grimaneza Guevara\u2013Montero, Daniel Alexis Z\u00e1rate\u2013Rend\u00f3n, Maria Emilia Davalos Almeyda, Jos\u00e9 Alberto Iannacone\u2013Oliver.<em>Neotropical Parasitology Research Network (NEOPARNET) &#8211; Asociaci\u00f3n Peruana de Helmintolog\u00eda e Invertebrados Afines (APHIA) &#8211; Lima &#8211; Per\u00fa.<\/em><a href=\"mailto:jmcardenasc.proyectos@gmail.com\"><em>jmcardenasc.proyectos@gmail.com<\/em><\/a><\/td>\n<\/tr>\n<tr>\n<td colspan=\"2\" width=\"45\"><a href=\"http:\/\/promociondeeventos.sld.cu\/flap2022\/files\/2022\/10\/10.pdf\" target=\"_blank\">10<\/a><\/td>\n<td colspan=\"3\" width=\"57\">ZP-5<\/td>\n<td colspan=\"2\" width=\"161\"><a href=\"http:\/\/promociondeeventos.sld.cu\/flap2022\/files\/2022\/10\/10.pdf\" target=\"_blank\">Contaminaci\u00f3n de parques y jardines p\u00fablicos con huevos de <em>Toxocara<\/em> spp. En el distrito de la Victoria, provincia de Chiclayo (Lambayeque, Per\u00fa)<strong>\u00a0<\/strong><\/a><strong>\u00a0<\/strong><\/td>\n<td colspan=\"2\" width=\"189\">Tello\u2013Torres, Karol; <strong><span style=\"text-decoration: underline\">Livia\u2013C\u00f3rdova, Giovana Nancy<\/span><\/strong>; Burga\u2013Cisterna, Cesar Abel; Casas\u2013Astos, Eva Consuelo; D\u00e1valos-Almeyda, Mar\u00eda Emilia; V\u00e1squez\u2013S\u00e1nchez, Edgar; Chiroque\u2013Bravo, Gianfranco Alberto; Trujillo\u2013Mundo, Laura Florita; C\u00e1rdenas \u2013 Callirgos, Jorge Manuel.<em>Laboratorio de Parasitolog\u00eda, Facultad de Medicina Veterinaria, Universidad Nacional Pedro Ruiz Gallo \u2013 Lambayeque \u2013 Per\u00fa<\/em><a href=\"mailto:glivia@unprg.edu.pe\"><em>glivia@unprg.edu.pe<\/em><\/a><\/td>\n<\/tr>\n<tr>\n<td colspan=\"2\" width=\"45\"><a href=\"http:\/\/promociondeeventos.sld.cu\/flap2022\/files\/2022\/10\/11.pdf\" target=\"_blank\">11<\/a><\/td>\n<td colspan=\"3\" width=\"57\">ZP-6<\/td>\n<td colspan=\"2\" width=\"161\"><a href=\"http:\/\/promociondeeventos.sld.cu\/flap2022\/files\/2022\/10\/11.pdf\" target=\"_blank\">Aspectos de inter\u00e9s de las zoonosis parasitarias intestinales.<\/a><\/td>\n<td colspan=\"2\" width=\"189\"><strong><span style=\"text-decoration: underline\">Eliannis S\u00e1nchez V\u00e1zquez<\/span><\/strong>, Rebeca M, Laird P\u00e9rez, Luis Jerez Puebla.<em>IPK, Cuba <\/em><a href=\"mailto:eliannis.sanchez@ipk.sld.cu\"><em>eliannis.sanchez@ipk.sld.cu<\/em><\/a><\/td>\n<\/tr>\n<tr>\n<td colspan=\"9\" width=\"451\"><strong>TUBERCULOSIS<\/strong><\/td>\n<\/tr>\n<tr>\n<td colspan=\"3\" width=\"64\"><a href=\"http:\/\/promociondeeventos.sld.cu\/flap2022\/files\/2022\/10\/12.pdf\" target=\"_blank\">12<\/a><\/td>\n<td colspan=\"2\" width=\"38\">TP-1<\/td>\n<td colspan=\"2\" width=\"161\"><a href=\"http:\/\/promociondeeventos.sld.cu\/flap2022\/files\/2022\/10\/12.pdf\" target=\"_blank\">Caracterizaci\u00f3n del diagn\u00f3stico de tuberculosis por GeneXpert MTB\/Rif, Villa Clara, Cuba<\/a><\/td>\n<td colspan=\"2\" width=\"189\"><strong>Yamila Gonz\u00e1lez Bermudez, <\/strong>Maidelys Mendoza Acosta, Adrian Fern\u00e1ndez Garc\u00eda, Noira Dur\u00e1n Morera.<em>CPHEM Villa Clara. Cuba <\/em><a href=\"mailto:yamilagb93@gmail.com\"><em>yamilagb93@gmail.com<\/em><\/a><\/td>\n<\/tr>\n<tr>\n<td colspan=\"3\" width=\"64\"><a href=\"http:\/\/promociondeeventos.sld.cu\/flap2022\/files\/2022\/11\/13.pdf\" target=\"_blank\">13<\/a><\/td>\n<td colspan=\"2\" width=\"38\">TP-2<\/td>\n<td colspan=\"2\" width=\"161\"><a href=\"http:\/\/promociondeeventos.sld.cu\/flap2022\/files\/2022\/11\/13.pdf\" target=\"_blank\">Caracterizaci\u00f3n bacteriol\u00f3gica de pacientes con Tuberculosis pulmonar de la regi\u00f3n centro norte de Villa Clara, 2007-2021<\/a><\/td>\n<td colspan=\"2\" width=\"189\"><strong>Kenia Rodriguez Villavicencia<\/strong>, Sandra Lopez Berrio, Yeleny Cruz Valle.<em>Hospital Martires del 9 de abril, Sagua La Grande, Cuba <\/em><a href=\"mailto:sandrabac@infomed.sld.cu\"><em>sandrabac@infomed.sld.cu<\/em><\/a><\/td>\n<\/tr>\n<tr>\n<td colspan=\"3\" width=\"64\"><a href=\"http:\/\/promociondeeventos.sld.cu\/flap2022\/files\/2022\/10\/14.pdf\" target=\"_blank\">14<\/a><\/td>\n<td colspan=\"2\" width=\"38\">TP-3<\/td>\n<td colspan=\"2\" width=\"161\"><a href=\"http:\/\/promociondeeventos.sld.cu\/flap2022\/files\/2022\/10\/14.pdf\" target=\"_blank\">IDENTIFICACION DE MICOBACTERIAS MEDIANTE EL ENSAYO INMUNOCROMAT\u00d3GR\u00c1FICO SD BIOLINE TB Ag MPT64 y GENOTYPE MYCOBACTERIUM CM\/AS<\/a><\/td>\n<td colspan=\"2\" width=\"189\"><strong>Misleidis Sardi\u00f1as Arag\u00f3n<\/strong>, Lilia Maria Mederos Cuervo, Grechen Garc\u00eda Leon, Maria Rosarys Martinez Romero, Raul Diaz Rodriguez.<em>IPK, Cuba<\/em><a href=\"mailto:misle@ipk.sld.cu\"><em>misle@ipk.sld.cu<\/em><\/a><\/td>\n<\/tr>\n<tr>\n<td colspan=\"3\" width=\"64\"><a href=\"http:\/\/promociondeeventos.sld.cu\/flap2022\/files\/2022\/10\/15.pdf\" target=\"_blank\">15<\/a><\/td>\n<td colspan=\"2\" width=\"38\">TP-4<\/td>\n<td colspan=\"2\" width=\"161\"><a href=\"http:\/\/promociondeeventos.sld.cu\/flap2022\/files\/2022\/10\/15.pdf\" target=\"_blank\">Tuberculosis, migraciones y estudiantes for\u00e1neos<\/a><\/td>\n<td colspan=\"2\" width=\"189\"><strong>Jose Ram\u00f3n Garc\u00eda Cortina, <\/strong>Alexander Gonzalez Diaz, Alina Martinez Rodriguez, Carmelo Trujillo Machado, Miguel Angel Martinez Morales, Lourdes Alvarez Suarez, Edilberto R. Gonzalez Ochoa.IPK, Cuba<a href=\"mailto:josegarcia@ipk.sld.cu\"><em>josegarcia@ipk.sld.cu<\/em><\/a><\/td>\n<\/tr>\n<tr>\n<td colspan=\"3\" width=\"64\"><a href=\"http:\/\/promociondeeventos.sld.cu\/flap2022\/files\/2022\/10\/16.pdf\" target=\"_blank\">16<\/a><\/td>\n<td colspan=\"2\" width=\"38\">TP-5<\/td>\n<td colspan=\"2\" width=\"161\"><a href=\"http:\/\/promociondeeventos.sld.cu\/flap2022\/files\/2022\/10\/16.pdf\" target=\"_blank\">Tuberculosis y Covid-19. Dos retos del siglo XXI<\/a><\/td>\n<td colspan=\"2\" width=\"189\"><strong>Grechen Garc\u00eda Leon, <\/strong>Misleidis Sardi\u00f1as Arag\u00f3n, Lilia Maria Mederos Cuervo, , Maria Rosarys Martinez Romero, Raul Diaz Rodriguez.IPK, Cuba<a href=\"mailto:grechengl@ipk.sld.cu\"><em>grechengl@ipk.sld.cu<\/em><\/a><\/td>\n<\/tr>\n<tr>\n<td colspan=\"3\" width=\"64\"><a href=\"http:\/\/promociondeeventos.sld.cu\/flap2022\/files\/2022\/10\/17.pdf\" target=\"_blank\">17<\/a><\/td>\n<td colspan=\"2\" width=\"38\">TP-6<\/td>\n<td colspan=\"2\" width=\"161\"><a href=\"http:\/\/promociondeeventos.sld.cu\/flap2022\/files\/2022\/10\/17.pdf\" target=\"_blank\">Evaluaci\u00f3n de la microscop\u00eda de fluorescencia LED para el diagn\u00f3stico baciloscopico de la tuberculosis en Cuba<\/a><\/td>\n<td colspan=\"2\" width=\"189\"><strong>Maria Rosarys Martinez Romero, <\/strong>Nancy Pedrera Pozo, Misleidis Sardi\u00f1as Arag\u00f3n, Grechen Garc\u00eda Le\u00f3n, Lilian M. Mederos Cuervo, Ra\u00fal D\u00edaz Rodriguez.<em>IPK, Cuba<\/em><a href=\"mailto:rosarys@ipk.sld.cu\"><em>rosarys@ipk.sld.cu<\/em><\/a><\/td>\n<\/tr>\n<tr>\n<td colspan=\"9\" width=\"451\"><strong>HEPATITIS<\/strong><\/td>\n<\/tr>\n<tr>\n<td colspan=\"3\" width=\"64\"><a href=\"http:\/\/promociondeeventos.sld.cu\/flap2022\/files\/2022\/10\/18.pdf\" target=\"_blank\">18<\/a><\/td>\n<td colspan=\"2\" width=\"38\">HP-1<\/td>\n<td colspan=\"2\" width=\"161\"><a href=\"http:\/\/promociondeeventos.sld.cu\/flap2022\/files\/2022\/10\/18.pdf\" target=\"_blank\">Respuesta inmunoprotectora al virus de la Hepatitis B en trabajadores del servicio de hemodi\u00e1lisis<\/a><\/td>\n<td colspan=\"2\" width=\"189\"><strong><span style=\"text-decoration: underline\">Pedro Luis Hechavarria Gal\u00e1n<\/span><\/strong>, Mayra Gilart Dom\u00ednguez.<em>Centro Provincial de Higiene Epidemiolog\u00eda y Microbiolog\u00eda, Cuba. <\/em><a href=\"mailto:hechavarriagalanpedroluis@gmail.com\"><em>hechavarriagalanpedroluis@gmail.com<\/em><\/a><\/td>\n<\/tr>\n<tr>\n<td colspan=\"3\" width=\"64\"><a href=\"http:\/\/promociondeeventos.sld.cu\/flap2022\/files\/2022\/10\/19.pdf\" target=\"_blank\">19<\/a><\/td>\n<td colspan=\"2\" width=\"38\">HP-2<\/td>\n<td colspan=\"2\" width=\"161\"><a href=\"http:\/\/promociondeeventos.sld.cu\/flap2022\/files\/2022\/10\/19.pdf\" target=\"_blank\">Caracterizaci\u00f3n\u00a0 molecular de la regi\u00f3n NS5b del virus de la Hepatitis C\u00a0 en un grupo de pacientes cubanos<\/a><\/td>\n<td colspan=\"2\" width=\"189\"><strong><span style=\"text-decoration: underline\">Marialys Linares Barrios<\/span><\/strong>, Licel Rodr\u00edguez Lay, Lissette P\u00e9rez Santos, Dayesi L\u00f3pez.<em>IPK, Cuba <\/em><a href=\"mailto:marialys@ipk.sld.cu\"><em>marialys@ipk.sld.cu<\/em><\/a><\/td>\n<\/tr>\n<tr>\n<td colspan=\"9\" width=\"451\"><strong>DENGUE Y OTRAS ARBOVIRUS<\/strong><\/td>\n<\/tr>\n<tr>\n<td colspan=\"3\" width=\"64\"><a href=\"http:\/\/promociondeeventos.sld.cu\/flap2022\/files\/2022\/10\/20.pdf\" target=\"_blank\">20<\/a><\/td>\n<td colspan=\"2\" width=\"38\">DP-1<\/td>\n<td colspan=\"2\" width=\"161\"><a href=\"http:\/\/promociondeeventos.sld.cu\/flap2022\/files\/2022\/10\/20.pdf\" target=\"_blank\">Implementaci\u00f3n de los Sistemas de Informaci\u00f3n Geogr\u00e1fica en la vigilancia del dengue. Municipio Playa, 2019<\/a><\/td>\n<td colspan=\"2\" width=\"189\"><strong><span style=\"text-decoration: underline\">Dayana Rodriguez<\/span><\/strong>, Angel Miguel German, Dennis Perez, Alberto Baly, Rene Alejandro Gonzalez.IPK, Cuba<a href=\"mailto:dayanaro@ipk.sld.cu\">dayanaro@ipk.sld.cu<\/a><\/td>\n<\/tr>\n<tr>\n<td colspan=\"3\" width=\"64\"><a href=\"http:\/\/promociondeeventos.sld.cu\/flap2022\/files\/2022\/10\/22.pdf\" target=\"_blank\">21<\/a><\/td>\n<td colspan=\"2\" width=\"38\">DP-2<\/td>\n<td colspan=\"2\" width=\"161\"><a href=\"http:\/\/promociondeeventos.sld.cu\/flap2022\/files\/2022\/10\/21.pdf\" target=\"_blank\">Detecci\u00f3n del virus dengue en suero y orina por Reacci\u00f3n en Cadena de la Polimerasa en Tiempo Real<\/a><\/td>\n<td colspan=\"2\" width=\"189\"><strong><span style=\"text-decoration: underline\">Ulises Pisonero Oroceno<\/span><\/strong>, Miguel A. Montoya Deler, Mario J. Gordillo P\u00e9rez.<em>Centro Provincial de Higiene, Epidemiolog\u00eda y Microbiolog\u00eda, Santiago de Cuba, Cuba <\/em><a href=\"mailto:upisonero@gmail.com\"><em>upisonero@gmail.com<\/em><\/a><\/td>\n<\/tr>\n<tr>\n<td colspan=\"3\" width=\"64\"><a href=\"http:\/\/promociondeeventos.sld.cu\/flap2022\/files\/2022\/11\/22.pdf\" target=\"_blank\">22<\/a><\/td>\n<td colspan=\"2\" width=\"38\">DP-3<\/td>\n<td colspan=\"2\" width=\"161\"><a href=\"http:\/\/promociondeeventos.sld.cu\/flap2022\/files\/2022\/11\/22.pdf\" target=\"_blank\">Papel de OSBPL10 en la infecci\u00f3n por DENV: implicaci\u00f3n de mediadores del metabolismo lip\u00eddico y respuesta inmune<\/a><\/td>\n<td colspan=\"2\" width=\"189\"><strong><span style=\"text-decoration: underline\">Hector Granela<\/span><\/strong>, Beatriz Sierra, Ana B. P\u00e9rez, Eglis Aguirre, Claudia Bracho, Mayling Alvarez, Luis Morier, Maria G. Guzm\u00e1n.<em>Laboratorio de Biolog\u00eda Molecular. Centro de Investigaciones Pesqueras, Cuba<\/em><a href=\"mailto:granelas.96@gmail.com\"><em>granelas.96@gmail.com<\/em><\/a><\/td>\n<\/tr>\n<tr>\n<td colspan=\"3\" width=\"64\"><a href=\"http:\/\/promociondeeventos.sld.cu\/flap2022\/files\/2022\/10\/23.pdf\" target=\"_blank\">23<\/a><\/td>\n<td colspan=\"2\" width=\"38\">DP-4<\/td>\n<td colspan=\"2\" width=\"161\"><a href=\"http:\/\/promociondeeventos.sld.cu\/flap2022\/files\/2022\/10\/23.pdf\" target=\"_blank\">Caracterizaci\u00f3n cl\u00ednica de pacientes con infecci\u00f3n por virus Zika. Noviembre de 2016 a mayo de 2017. Instituto Pedro Kour\u00ed.<\/a><\/td>\n<td colspan=\"2\" width=\"189\"><strong><span style=\"text-decoration: underline\">Ana Yipsis Veitia Villar<\/span><\/strong>, Milena Duque Vizca\u00edno, Daniel Gonz\u00e1lez Rubio, Rosario Gravier Hern\u00e1ndez, Osvaldo Castro Peraza, Nuris Liem Herrera Marrero.<em>IPK, Cuba<\/em><a href=\"mailto:anayipsis@ipk.sld.cu\"><em>anayipsis@ipk.sld.cu<\/em><\/a><em>\u00a0<\/em><em>\u00a0<\/em><em>\u00a0<\/em><em>\u00a0<\/em><em>\u00a0<\/em><em><span style=\"text-decoration: underline\">\u00a0<\/span><\/em><\/td>\n<\/tr>\n<tr>\n<td colspan=\"9\" width=\"451\"><strong><span style=\"text-decoration: underline\">Moderadores y coordinadores:<\/span><\/strong><strong> Prof. Hilda M. Hernandez, IPK, Cuba; Prof. Carlos M. Fern\u00e1ndez, IPK, Cuba.<\/strong><\/td>\n<\/tr>\n<tr>\n<td colspan=\"3\" width=\"64\"><strong>N\u00famero de Poster<\/strong><\/td>\n<td colspan=\"2\" width=\"38\"><strong>C\u00f3digo\u00a0 del Resumen<\/strong><\/td>\n<td colspan=\"2\" width=\"161\"><strong>T\u00edtulo del trabajo<\/strong><\/td>\n<td colspan=\"2\" width=\"189\"><strong>Autor(es)<\/strong><\/td>\n<\/tr>\n<tr>\n<td colspan=\"9\" width=\"451\"><strong>PARASITOLOGIA<\/strong><\/td>\n<\/tr>\n<tr>\n<td colspan=\"3\" width=\"64\"><a href=\"http:\/\/promociondeeventos.sld.cu\/flap2022\/files\/2022\/11\/24.pdf\" target=\"_blank\">24<\/a><\/td>\n<td colspan=\"2\" width=\"38\">PP-1<\/td>\n<td colspan=\"2\" width=\"161\"><a href=\"http:\/\/promociondeeventos.sld.cu\/flap2022\/files\/2022\/11\/24.pdf\" target=\"_blank\">Geohelmintosis en ni\u00f1os cubanos: Revisi\u00f3n de la literatura<\/a><\/td>\n<td colspan=\"2\" width=\"189\"><strong><span style=\"text-decoration: underline\">Adri\u00e1n \u00c1lvarez Romero<\/span><\/strong>; Luis Enrique Jerez Puebla; Fidel Angel N\u00fa\u00f1ez-Fern\u00e1ndez; Iredys Cruz Rodr\u00edguez; Irais V. Atencio Mill\u00e1n; Yanet Fresco Sampedro; Laura <em>Rodr\u00edguez Moreno, L\u00e1zara Rojas Rivero.<\/em><em>Instituto de Medicina Tropical \u201cPedro Kour\u00ed\u201d (IPK), La Habana. Cuba<\/em><\/td>\n<\/tr>\n<tr>\n<td colspan=\"3\" width=\"64\"><a href=\"http:\/\/promociondeeventos.sld.cu\/flap2022\/files\/2022\/10\/25.pdf\" target=\"_blank\">25<\/a><\/td>\n<td colspan=\"2\" width=\"38\">PP-2<\/td>\n<td colspan=\"2\" width=\"161\"><a href=\"http:\/\/promociondeeventos.sld.cu\/flap2022\/files\/2022\/10\/25.pdf\" target=\"_blank\">DIAGN\u00d3STICO PARASITOL\u00d3GICO EN HECES DE LA NUTRIA DE R\u00cdO NEOTROPICAL Lontra longicaudis annectens (MAJOR, 1897) DEL \u00c1REA NATURAL PROTEGIDA LAGUNA DE TERMINOS, CAMPECHE: COMPARACI\u00d3N ENTRE ORGANISMOS SILVESTRES Y EN CONFINAMIENTO<\/a><\/td>\n<td colspan=\"2\" width=\"189\"><strong><span style=\"text-decoration: underline\">Celso Rub\u00e9n Canche-Tun<\/span><\/strong>, Laura Elena V\u2019azquez-Maldonado, Mar\u2019ia Amparo Rodriguez-Santiago, Alberto Delgado-Estrella, Jose Iannacone Oliver.<em>Facultad de Ciencias Naturales, Universidad Aut\u00f3noma del Carmen, Ciudad del Carmen, Campeche, M\u00e9xico. <\/em><a href=\"mailto:canchetun501@gmail.com\"><em>canchetun501@gmail.com<\/em><\/a><\/td>\n<\/tr>\n<tr>\n<td colspan=\"3\" width=\"64\"><a href=\"http:\/\/promociondeeventos.sld.cu\/flap2022\/files\/2022\/10\/26.pdf\" target=\"_blank\">26<\/a><\/td>\n<td colspan=\"2\" width=\"38\">PP-3<\/td>\n<td colspan=\"2\" width=\"161\"><a href=\"http:\/\/promociondeeventos.sld.cu\/flap2022\/files\/2022\/10\/26.pdf\" target=\"_blank\">5-Nitroimidazole refractory giardiasis is common in Matanzas, Cuba and effectively treated by secnidazole plus high-dose mebendazole or quinacrine<\/a><\/td>\n<td colspan=\"2\" width=\"189\"><strong><span style=\"text-decoration: underline\">Roberto Ca\u00f1ete Villafranca<\/span><\/strong>, Amauri L\u00e1zaro Noda Albelo, Maylin Rodr\u00edguez P\u00e9rez, Katia Brito P\u00e9rez.<em>Direcci\u00f3n de Salud P\u00fablica\/Consejo de Sociedades Cientificas de la Salud, Matanzas, Cuba<\/em><em>. <\/em><a href=\"mailto:roberto.villafranca@infomed.sld.cu\"><em>roberto.villafranca@infomed.sld.cu<\/em><\/a><\/td>\n<\/tr>\n<tr>\n<td colspan=\"3\" width=\"64\"><a href=\"http:\/\/promociondeeventos.sld.cu\/flap2022\/files\/2022\/10\/27.pdf\" target=\"_blank\">27<\/a><\/td>\n<td colspan=\"2\" width=\"38\">PP-4<\/td>\n<td colspan=\"2\" width=\"161\"><a href=\"http:\/\/promociondeeventos.sld.cu\/flap2022\/files\/2022\/10\/27.pdf\" target=\"_blank\">CARACTERIZACI\u00d3N DE GIARDIA CANIS EN CANINOS MENORES DE 1 A\u00d1O EN LA PROVINCIA DE ICA- CHINCHA, PER\u00da.<\/a><\/td>\n<td colspan=\"2\" width=\"189\"><strong><span style=\"text-decoration: underline\">D\u00e1valos-Almeyda, Mar\u00eda<\/span><\/strong>; Galarza Edmundo, Marisela Trillo Salvador.<em>Universidad Nacional San Luis Gonzaga, Ica-Per\u00fa.<\/em><a href=\"mailto:maria.davalos@unica.edu.pe\"><em>maria.davalos@unica.edu.pe<\/em><\/a><\/td>\n<\/tr>\n<tr>\n<td colspan=\"3\" width=\"64\"><a href=\"http:\/\/promociondeeventos.sld.cu\/flap2022\/files\/2022\/11\/28.pdf\" target=\"_blank\">28<\/a><\/td>\n<td colspan=\"2\" width=\"38\">PP-5<\/td>\n<td colspan=\"2\" width=\"161\"><a href=\"http:\/\/promociondeeventos.sld.cu\/flap2022\/files\/2022\/11\/28.pdf\" target=\"_blank\">Estrongiloidiasis entre poblaci\u00f3n hospitalaria de Honduras, periodo 2010-2021<\/a><\/td>\n<td colspan=\"2\" width=\"189\"><strong><span style=\"text-decoration: underline\">Jorge Garc\u00eda-Aguilar,<\/span><\/strong> Jaqueline Alger.<em>Servicio de Parasitolog\u00eda, Departamento de Laboratorio Clinico, Hospital Escuela, Tegucigalpa, Honduras. <\/em><a href=\"mailto:garciaguilarjorge@gmail.com\"><em>garciaguilarjorge@gmail.com<\/em><\/a><\/td>\n<\/tr>\n<tr>\n<td colspan=\"3\" width=\"64\"><a href=\"http:\/\/promociondeeventos.sld.cu\/flap2022\/files\/2022\/10\/29.pdf\" target=\"_blank\">29<\/a><\/td>\n<td colspan=\"2\" width=\"38\">PP-6<\/td>\n<td colspan=\"2\" width=\"161\"><a href=\"http:\/\/promociondeeventos.sld.cu\/flap2022\/files\/2022\/10\/29.pdf\" target=\"_blank\">Control de calidad del diagn\u00f3stico de helmintos en la provincial Villa Clara<\/a><\/td>\n<td colspan=\"2\" width=\"189\">Rosa Laura C\u00f3rdova Mart\u00ednez, Maidelys Mendoza Acosta, Maria de Lourdes Sanchez Alvarez, Adrian Fern\u00e1ndez Garc\u00eda, <strong><span style=\"text-decoration: underline\">Yamila Gonzalez Bermudes<\/span><\/strong>, Maria Marrero Garcia, Lisdanay Mateo P\u00e9rez. 0<em>Laboratorio Provincial de Microbiolog\u00eda y Qu\u00edmica Sanitaria, Centro Provincial de Higiene, Epidemiolog\u00eda y Microbiolog\u00eda de Villa Clara. <\/em><a href=\"mailto:yamilagb93@gmail.com\"><em>yamilagb93@gmail.com<\/em><\/a><\/td>\n<\/tr>\n<tr>\n<td colspan=\"3\" width=\"64\"><a href=\"http:\/\/promociondeeventos.sld.cu\/flap2022\/files\/2022\/10\/30.pdf\" target=\"_blank\">30<\/a><\/td>\n<td colspan=\"2\" width=\"38\">PP-7<\/td>\n<td colspan=\"2\" width=\"161\"><a href=\"http:\/\/promociondeeventos.sld.cu\/flap2022\/files\/2022\/10\/30.pdf\" target=\"_blank\">HELMINTOS ENT\u00c9RICOS ZOON\u00d3TICOS Y FACTORES ASOCIADOS EN CANINOS DOM\u00c9STICOS (Canis familiaris), CHINCHA<\/a><\/td>\n<td colspan=\"2\" width=\"189\"><strong><span style=\"text-decoration: underline\">Mar\u00eda D\u00e1valos-Almeyda<\/span><\/strong>; Edmundo Galarza; Marisela Trillo Salvador; Mar\u00eda Cevallos C\u00e1rdenas.<em>Universidad Nacional San Luis Gonzaga, Ica-Per\u00fa <\/em><a href=\"mailto:maria.davalos@unica.edu.pe\"><em>maria.davalos@unica.edu.pe<\/em><\/a><\/td>\n<\/tr>\n<tr>\n<td colspan=\"3\" width=\"64\">31<\/td>\n<td colspan=\"2\" width=\"38\">PP-8<\/td>\n<td colspan=\"2\" width=\"161\">Caracterizacion morfol\u00f3gica del Angistrongylus cantonensis utilizando microscopia de luz y microscopia electr\u00f3nica.<\/td>\n<td colspan=\"2\" width=\"189\"><strong><span style=\"text-decoration: underline\">Luiggi Martini R<\/span><\/strong><strong>, <\/strong>Jenny Muzzio A, Yusaji Amao,\u00a0 Alberto Orlando N, Joselyn Calderon G.<em>Laboratorio de Parasitologia Luiggi Martini y colaboradores, Ecuador.<\/em><a href=\"mailto:luiggimartini8@gmail.com\"><em>luiggimartini8@gmail.com<\/em><\/a><\/td>\n<\/tr>\n<tr>\n<td colspan=\"3\" width=\"64\"><a href=\"http:\/\/promociondeeventos.sld.cu\/flap2022\/files\/2022\/10\/32.pdf\" target=\"_blank\">32<\/a><\/td>\n<td colspan=\"2\" width=\"38\">PP-9<\/td>\n<td colspan=\"2\" width=\"161\"><a href=\"http:\/\/promociondeeventos.sld.cu\/flap2022\/files\/2022\/10\/32.pdf\" target=\"_blank\">Influencia de la presencia de perros en la prevalencia a par\u00e1sitos intestinales en ni\u00f1os de 10 de Octubre. La Habana 2019-2021.<\/a><\/td>\n<td colspan=\"2\" width=\"189\"><strong><span style=\"text-decoration: underline\">Laura Rodr\u00edguez Moreno, <\/span><\/strong>Luis Enrique Jerez Puebla, Osvaldo Rodriguez Moran, Yanet Fresco Sampedro, Irais Atencio Millan, Iredys Cruz Rodriguez.<em>IPK, Cuba<\/em><a href=\"mailto:lrodriguezmoreno94@gmail.com\"><em>lrodriguezmoreno94@gmail.com<\/em><\/a><\/td>\n<\/tr>\n<tr>\n<td colspan=\"3\" width=\"64\"><a href=\"http:\/\/promociondeeventos.sld.cu\/flap2022\/files\/2022\/11\/33.pdf\" target=\"_blank\">33<\/a><\/td>\n<td colspan=\"2\" width=\"38\">PP-10<\/td>\n<td colspan=\"2\" width=\"161\"><a href=\"http:\/\/promociondeeventos.sld.cu\/flap2022\/files\/2022\/11\/33.pdf\" target=\"_blank\">Parasitismo intestinal en estudiantes de dos escuelas primarias de Bata. Guinea Ecuatorial<\/a><\/td>\n<td colspan=\"2\" width=\"189\"><strong><span style=\"text-decoration: underline\">Yamilia Ramirez Salinas<\/span><\/strong> Arnaldo Zayas Illas, Dargel Angel Rodriguez Ramirez<em>Hospital General\u00a0 Universitario Juan Bruno Zayas Alfonso, Santiago de Cuba, Cuba.\u00a0\u00a0 <\/em><a href=\"mailto:geminisyrs71@gmail.com\"><em>geminisyrs71@gmail.com<\/em><\/a><\/td>\n<\/tr>\n<tr>\n<td colspan=\"3\" width=\"64\"><a href=\"http:\/\/promociondeeventos.sld.cu\/flap2022\/files\/2022\/10\/34.pdf\" target=\"_blank\">34<\/a><\/td>\n<td colspan=\"2\" width=\"38\">PP-11<\/td>\n<td colspan=\"2\" width=\"161\"><a href=\"http:\/\/promociondeeventos.sld.cu\/flap2022\/files\/2022\/10\/34.pdf\" target=\"_blank\">Parasitosis intestinales y factores de riesgo asociados en ni\u00f1os de dos consejos populares del municipio el Salvador, Guant\u00e1namo, Cuba<\/a><\/td>\n<td colspan=\"2\" width=\"189\"><strong><span style=\"text-decoration: underline\">Edel La Rosa Osoria,<\/span><\/strong> Luis Enrique Jerez Puebla, Fidel Angel N\u00fa\u00f1ez Fern\u00e1ndez, Ira\u00eds Virginia Atencio Mill\u00e1n, L\u00e1zara Rojas Rivero, Mar\u00eda Isabel Mart\u00ednez Rodr\u00edguez, Yanet Fresco Sampedro, Iredys Cruz Rodr\u00edguez, Marina del Carmen S\u00e1nchez Romero, Laura Rodr\u00edguez Moreno.<em>Departamento de Alergia. Hospital General Docente \u00abAgostinho Neto\u00bb. Provincia Guant\u00e1namo, Cuba<\/em><\/td>\n<\/tr>\n<tr>\n<td colspan=\"3\" width=\"64\"><a href=\"http:\/\/promociondeeventos.sld.cu\/flap2022\/files\/2022\/10\/35.pdf\" target=\"_blank\">35<\/a><\/td>\n<td colspan=\"2\" width=\"38\">PP-12<\/td>\n<td colspan=\"2\" width=\"161\"><a href=\"http:\/\/promociondeeventos.sld.cu\/flap2022\/files\/2022\/10\/35.pdf\" target=\"_blank\">PARASITOSIS INTESTINAL EN POBLACI\u00d3N INFANTIL<\/a><\/td>\n<td colspan=\"2\" width=\"189\"><strong><span style=\"text-decoration: underline\">Ivett Mesa Castellanos<\/span><\/strong>, Karelia Columbi\u00e9 Gonz\u00e1lez, Lexys Lescay Lagno, Yamil\u00e9 Rodr\u00edguez Obrador, Ekaterines Zayas Tamayo.<em>CPHEM. Santiago de Cuba, Cuba<\/em><a href=\"mailto:ivett.mesa@nauta.cu\"><em>ivett.mesa@nauta.cu<\/em><\/a><\/td>\n<\/tr>\n<tr>\n<td colspan=\"3\" width=\"64\"><a href=\"http:\/\/promociondeeventos.sld.cu\/flap2022\/files\/2022\/10\/36.pdf\" target=\"_blank\">36<\/a><\/td>\n<td colspan=\"2\" width=\"38\">PP-13<\/td>\n<td colspan=\"2\" width=\"161\"><a href=\"http:\/\/promociondeeventos.sld.cu\/flap2022\/files\/2022\/10\/36.pdf\" target=\"_blank\">DIAGN\u00d3STICO DE LA PARASITOSIS INTESTINAL<\/a><\/td>\n<td colspan=\"2\" width=\"189\"><strong><span style=\"text-decoration: underline\">Luz Mary Despaigne Torres<\/span><\/strong>,\u00a0 Yeney Delgado Alvarez, Ivett Mesa Castellanos.<em>CPHEM. Santiago de Cuba<\/em><a href=\"mailto:despaignetorres@gemay.com\"><em>despaignetorres@gemay.com<\/em><\/a><\/td>\n<\/tr>\n<tr>\n<td colspan=\"3\" width=\"64\">37<\/td>\n<td colspan=\"2\" width=\"38\">PP-14<\/td>\n<td colspan=\"2\" width=\"161\">Diagn\u00f3stico parasitol\u00f3gico en el Laboratorio Nacional de Referencia de Parasitismo Intestinal: 2017-2021<\/td>\n<td colspan=\"2\" width=\"189\"><strong><span style=\"text-decoration: underline\">Iredys Cruz Rodr\u00edguez<\/span><\/strong>; Irais V. Atencio Mill\u00e1n; Luis Enrique Jerez Puebla; Fidel Angel N\u00fa\u00f1ez-Fern\u00e1ndez; L\u00e1zara Rojas Rivero; Yanet Fresco Sampedro; Laura Rodr\u00edguez Moreno, L\u00e1zara Rojas Rivero, Adri\u00e1n \u00c1lvarez Romero, Eliannis S\u00e1nchez V\u00e1zquez.<em>Instituto de Medicina Tropical \u201cPedro Kour\u00ed\u201d (IPK), La Habana. Cuba<\/em><a href=\"mailto:iredys.cruz@ipk.sld.cu\"><em>iredys.cruz@ipk.sld.cu<\/em><\/a><\/td>\n<\/tr>\n<tr>\n<td colspan=\"3\" width=\"64\">38<\/td>\n<td colspan=\"2\" width=\"38\">PP-15<\/td>\n<td colspan=\"2\" width=\"161\">PARASITOSIS INTESTINAL EN POBLACI\u00d3N INFANTIL<\/td>\n<td colspan=\"2\" width=\"189\"><strong><span style=\"text-decoration: underline\">Karelia Columbi\u00e9 Gonz\u00e1lez<\/span><\/strong>, Ivett Mesa Castellanos, Adeline P\u00e9rez Infante, C\u00e9sar Pout\u00fa S\u00e1nchez, Carmen Hern\u00e1ndez Louhau, Ekaterines Zayas Tamayo<em>CPHEM. Santiago de Cuba,<\/em><a href=\"mailto:ivett.mesa@nauta.cu\"><em>ivett.mesa@nauta.cu<\/em><\/a><\/td>\n<\/tr>\n<tr>\n<td colspan=\"3\" width=\"64\">39<\/td>\n<td colspan=\"2\" width=\"38\">PP-16<\/td>\n<td colspan=\"2\" width=\"161\">Resultados preliminares de la Encuesta Piloto de Parasitismo Intestinal en Isla de la Juventud, 2022<\/td>\n<td colspan=\"2\" width=\"189\"><strong><span style=\"text-decoration: underline\">Delf\u00edn Alvarez Almanz<\/span><\/strong>a, Armando Gonz\u00e1lez P\u00e9rez, Yarisbel V\u00e1zquez \u00c1vila, Ra\u00fal Guerra Romero, Yanet Flores, Viviana Louit Laborit, Sandra Terrero Lores, Mar\u00eda del Carmen Licourt Paneque, Luisa Batista Fern\u00e1ndez, Doris Ginorio Gavito, Mar\u00eda de los \u00c1ngeles Le\u00f3n, Delmis \u00c1lvarez Gainza, Waldemar Baldoqu\u00edn Rodr\u00edguez, Luis Enrique Jerez Puebla.<em>CPHEM Isla de la Juventud. Cuba <\/em><a href=\"mailto:delfinalvares@infomed.sld.cu\"><em>delfinalvares@infomed.sld.cu<\/em><\/a><\/td>\n<\/tr>\n<tr>\n<td colspan=\"9\" width=\"451\"><strong>ANTIPARASITARIOS<\/strong><\/td>\n<\/tr>\n<tr>\n<td colspan=\"3\" width=\"64\"><a href=\"http:\/\/promociondeeventos.sld.cu\/flap2022\/files\/2022\/11\/40.pdf\" target=\"_blank\">40<\/a><\/td>\n<td colspan=\"2\" width=\"38\">AP-1<\/td>\n<td colspan=\"2\" width=\"161\"><a href=\"http:\/\/promociondeeventos.sld.cu\/flap2022\/files\/2022\/11\/40.pdf\" target=\"_blank\">Evaluaci\u00f3n in vitro sobre Leishmania amazonensis de nuevos compuestos con actividad tripanocida previamente identificada<\/a><\/td>\n<td colspan=\"2\" width=\"189\"><strong><span style=\"text-decoration: underline\">Teresa Espinosa-Buitrago<\/span><\/strong>, Niurka Mollineda, \u00c1ngel Cores, Mercedes Villacampa, Jos\u00e9 Carlos Menendez, Cristina Fonseca-Berzal, Alfredo Meneses.Departamento de Microbiolog\u00eda y Parasitolog\u00eda, Facultad de Farmacia, Universidad Complutense de Madrid, Pza. Ram\u00f3n y Cajal s\/n, 28040 Madrid. Espa\u00f1a.<em>Presentador:Frank Manuel Wilford Gonz\u00e1lez.<\/em><em>\u00a0<\/em><a href=\"mailto:fwilfrod@uclv.cu\"><em>fwilfrod@uclv.cu<\/em><\/a><\/td>\n<\/tr>\n<tr>\n<td colspan=\"3\" width=\"64\"><a href=\"http:\/\/promociondeeventos.sld.cu\/flap2022\/files\/2022\/10\/41.pdf\" target=\"_blank\">41<\/a><\/td>\n<td colspan=\"2\" width=\"38\">AP-2<\/td>\n<td colspan=\"2\" width=\"161\"><a href=\"http:\/\/promociondeeventos.sld.cu\/flap2022\/files\/2022\/10\/41.pdf\" target=\"_blank\">Helianthus tuberosus: fuente de compuestos con actividad antileishmanica<\/a><\/td>\n<td colspan=\"2\" width=\"189\"><strong><span style=\"text-decoration: underline\">Rachel N\u00e1poles Rodr\u00edguez<\/span><\/strong>, Mar\u00eda Laura Arreguez, Valeria Patricia Sulsen, Paola Andrea Barroso.<em>Universidad de la Habana, Cuba <\/em><a href=\"mailto:rnapolesrodriguez@gmail.com\"><em>rnapolesrodriguez@gmail.com<\/em><\/a><\/td>\n<\/tr>\n<tr>\n<td colspan=\"3\" width=\"64\"><a href=\"http:\/\/promociondeeventos.sld.cu\/flap2022\/files\/2022\/11\/2242.pdf\" target=\"_blank\">42<\/a><\/td>\n<td colspan=\"2\" width=\"38\">AP-3<\/td>\n<td colspan=\"2\" width=\"161\"><a href=\"http:\/\/promociondeeventos.sld.cu\/flap2022\/files\/2022\/11\/42.pdf\" target=\"_blank\">Actividad antileishmanial de derivados de 2-bencil-5-nitroindazolin-3-ona<\/a><\/td>\n<td colspan=\"2\" width=\"189\">Niurka Mollineda-Diogo, Claudia Sissely Chaviano-Montes de Oca, Sergio Sifontes-Rodr\u00edguez, Aliuska Morales-Helguera, Lianet Monzote-Fidalgo, Alfredo Meneses-Marcel, Vicente Ar\u00e1n Red\u00f3, Jos\u00e9 Antonio Escario Garc\u00eda-Trevijano, Mar\u00eda Magdalena Aguirre Garc\u00eda, <strong><span style=\"text-decoration: underline\">Frank Manuel Wilford Gonz\u00e1lez<\/span><\/strong><em>Universidad Central \u201cMarta Abreu\u201d de Las Villas, Centro de Bioactivos Qu\u00edmicos, Villa Clara, Cuba.<\/em><a href=\"mailto:fwilfrod@uclv.cu\"><em>fwilfrod@uclv.cu<\/em><\/a><\/td>\n<\/tr>\n<tr>\n<td colspan=\"9\" width=\"451\"><strong>MICOLOG\u00cdA<\/strong><\/td>\n<\/tr>\n<tr>\n<td colspan=\"3\" width=\"64\"><a href=\"http:\/\/promociondeeventos.sld.cu\/flap2022\/files\/2022\/10\/43.pdf\" target=\"_blank\">43<\/a><\/td>\n<td colspan=\"2\" width=\"38\">MP-1<\/td>\n<td colspan=\"2\" width=\"161\"><a href=\"http:\/\/promociondeeventos.sld.cu\/flap2022\/files\/2022\/10\/343.pdf\" target=\"_blank\">CROMOBLASTOMICOSIS EN EL CONTEXTO DE LA PANDEMIA COVID-19<\/a><\/td>\n<td colspan=\"2\" width=\"189\"><strong><span style=\"text-decoration: underline\">Yanara Garc\u00eda Leyva<\/span><\/strong>, Orestes A. Blanco Gonz\u00e1lez, Kenia Gonz\u00e1lez Gonz\u00e1lez.<em>Hospital Especializado Dermatol\u00f3gico \u201cDr. Guillermo Fern\u00e1ndez Hern\u00e1ndez-Baquero\u201d<\/em><a href=\"mailto:yaniariel2009@gmail.com\"><em>yaniariel2009@gmail.com<\/em><\/a><\/td>\n<\/tr>\n<tr>\n<td colspan=\"3\" width=\"64\"><a href=\"http:\/\/promociondeeventos.sld.cu\/flap2022\/files\/2022\/10\/44.pdf\" target=\"_blank\">44<\/a><\/td>\n<td colspan=\"2\" width=\"38\">MP-2<\/td>\n<td colspan=\"2\" width=\"161\"><a href=\"http:\/\/promociondeeventos.sld.cu\/flap2022\/files\/2022\/10\/44.pdf\" target=\"_blank\">Situaci\u00f3n actual de la candidiasis sist\u00e9mica en pacientes hospitalizados.<\/a><\/td>\n<td colspan=\"2\" width=\"189\"><strong><span style=\"text-decoration: underline\">Dianiley Garc\u00eda G\u00f3mez<\/span><\/strong>, Rafael Abreu Duarte, Leisky Mesa Coello, Maida L\u00f3pez P\u00e9rez, Lieana Gonzalez Lorenzo, Yamila Gonzalez Lorenzo.<em>Hospital Provincial Gineco-Obst\u00e9trico Universitario Mariana Grajales, Villa Clara, Cuba<\/em><a href=\"mailto:diagg@infomed.sld.cu\"><em>diagg@infomed.sld.cu<\/em><\/a><\/td>\n<\/tr>\n<tr>\n<td colspan=\"3\" width=\"64\"><a href=\"http:\/\/promociondeeventos.sld.cu\/flap2022\/files\/2022\/10\/45.pdf\" target=\"_blank\">45<\/a><\/td>\n<td colspan=\"2\" width=\"38\">MP-3<\/td>\n<td colspan=\"2\" width=\"161\"><a href=\"http:\/\/promociondeeventos.sld.cu\/flap2022\/files\/2022\/10\/45.pdf\" target=\"_blank\">Caracterizaci\u00f3n microbiol\u00f3gica de aislados cl\u00ednicos de candidiasis bucal en pacientes infectados por el VIH.<\/a><\/td>\n<td colspan=\"2\" width=\"189\"><strong><span style=\"text-decoration: underline\">Silvia Serrano \u00c1lvarez<\/span><\/strong>, Carlos M. Fern\u00e1ndez Andreu, Mayda Perurena Lancha, Javier San Juan Gal\u00e1n, Rosario E. Velar Martinez.<em>IPK, Cuba <\/em><a href=\"mailto:silvias@ipk.sld.cu\"><em>silvias@ipk.sld.cu<\/em><\/a><\/td>\n<\/tr>\n<tr>\n<td colspan=\"3\" width=\"64\"><a href=\"http:\/\/promociondeeventos.sld.cu\/flap2022\/files\/2022\/10\/10.pdf\" target=\"_blank\">46<\/a><\/td>\n<td colspan=\"2\" width=\"38\">MP-4<\/td>\n<td colspan=\"2\" width=\"161\"><a href=\"http:\/\/promociondeeventos.sld.cu\/flap2022\/files\/2022\/10\/46.pdf\" target=\"_blank\">Casu\u00edstica del Laboratorio Nacional de Referencia de Micolog\u00eda, Instituto \u201cPedro Kour\u00ed\u201d 2018-2021.<\/a><\/td>\n<td colspan=\"2\" width=\"189\"><strong><span style=\"text-decoration: underline\">Jean Iznaga Torres<\/span><\/strong>,. Mayda Rosa Perurena Lancha, Rosario Velar Mart\u00ednez, Gerardo Mart\u00ednez Mach\u00edn, Mar\u00eda Teresa Illnait zaragoz\u00ed, Carlos Manuel Fern\u00e1ndez Andreu, Iraida Rodr\u00edguez Guti\u00e9rrez<em>IPK, CUBA.<\/em><em>\u00a0<\/em><a href=\"mailto:jean.iznaga@ipk.sld.cu\"><em>jean.iznaga@ipk.sld.cu<\/em><\/a><\/td>\n<\/tr>\n<tr>\n<td colspan=\"9\" width=\"451\"><strong><span style=\"text-decoration: underline\">TOXOPLASMOSIS<\/span><\/strong><\/td>\n<\/tr>\n<tr>\n<td colspan=\"3\" width=\"64\"><a href=\"http:\/\/promociondeeventos.sld.cu\/flap2022\/files\/2022\/10\/47.pdf\" target=\"_blank\">47<\/a><\/td>\n<td colspan=\"2\" width=\"38\">TP-1<\/td>\n<td colspan=\"2\" width=\"161\"><a href=\"http:\/\/promociondeeventos.sld.cu\/flap2022\/files\/2022\/10\/47.pdf\" target=\"_blank\">Toxoplasmosis como causa de inmunodepresi\u00f3n<\/a><\/td>\n<td colspan=\"2\" width=\"189\"><strong><span style=\"text-decoration: underline\">Karelia Columbi\u00e9 Gonz\u00e1lez<\/span><\/strong>. Ivett Mesa Castellanos, Adeline P\u00e9rez Infante, C\u00e9sar Pout\u00fa S\u00e1nchez,\u00a0\u00a0 Carmen Hern\u00e1ndez Louhau, Ekaterines Zayas Tamayo.<em>CPHEM. Santiago de Cuba, Cuba.<\/em><a href=\"mailto:ivett.mesa@nauta.cu\"><em>ivett.mesa@nauta.cu<\/em><\/a><em>\u00a0<\/em><em>\u00a0<\/em><\/td>\n<\/tr>\n<tr>\n<td colspan=\"9\" width=\"451\"><strong><span style=\"text-decoration: underline\">Moderadores y coordinadores: <\/span><\/strong><strong>Prof. Clara Sav\u00f3n, IPK, Cuba; Prof. Luis Jerez Puebla, IPK, Cuba.<\/strong><\/td>\n<\/tr>\n<tr>\n<td colspan=\"4\" width=\"66\"><strong>N\u00famero de Poster<\/strong><\/td>\n<td width=\"36\"><strong>C\u00f3digo\u00a0 del Resumen<\/strong><\/td>\n<td colspan=\"2\" width=\"161\"><strong>T\u00edtulo del trabajo<\/strong><\/td>\n<td colspan=\"2\" width=\"189\"><strong>Autor(es)<\/strong><\/td>\n<\/tr>\n<tr>\n<td colspan=\"9\" width=\"451\"><strong>S\u00cdNDROMES NEUROL\u00d3GICOS INFECCIOSAS<\/strong><\/td>\n<\/tr>\n<tr>\n<td colspan=\"4\" width=\"66\">48<\/td>\n<td width=\"36\">SNP-1<\/td>\n<td colspan=\"2\" width=\"161\">Comportamiento del Virus R\u00e1bico en diferentes especies de animales periodo 2019-2021. La Habana, CUBA<\/td>\n<td colspan=\"2\" width=\"189\"><strong><span style=\"text-decoration: underline\">Llerena Rangel, Celia<br \/>\n<\/span><\/strong><em>Centro Provincial de Higiene, Epidemiolog\u00eda y Microbiolog\u00eda de La Habana. Departamento Provincial de Laboratorios &#8211; Secci\u00f3n Microbiolog\u00eda. La Habana, CUBA.<\/em><a href=\"mailto:celiallerena@infomed.sld.cu\"><em>celiallerena@infomed.sld.cu<\/em><\/a><\/td>\n<\/tr>\n<tr>\n<td colspan=\"4\" width=\"66\">49<\/td>\n<td width=\"36\">SNP-2<\/td>\n<td colspan=\"2\" width=\"161\">Incidencia de <em>Streptococcus pneumoniae<\/em> aislados en pacientes con meningitis bacteriana.<\/td>\n<td colspan=\"2\" width=\"189\"><strong>Hern\u00e1ndez Ricardo, Gleibys<\/strong>,\u00a0 Rodr\u00edguez P\u00e9rez, Abilio Ubaldo, S\u00e1nchez Vald\u00e9s, Amarys, Mora Guerra, Regla Zenaida<em>Centro Provincial de Higiene, Epidemiolog\u00eda y Microbiolog\u00eda de La Habana. Departamento Provincial de Labo-ratorios &#8211; Secci\u00f3n Microbiolog\u00eda. La Habana, CUBA <\/em><a href=\"mailto:gleidyshr@infomed.sld.cu\"><em>gleidyshr@infomed.sld.cu<\/em><\/a><\/td>\n<\/tr>\n<tr>\n<td colspan=\"9\" width=\"451\"><strong>FORMACION, ETICA Y CIENCIAS SOCIALES<\/strong><\/td>\n<\/tr>\n<tr>\n<td colspan=\"4\" width=\"66\">50<\/td>\n<td width=\"36\">FECSP-1<\/td>\n<td colspan=\"2\" width=\"161\">El consentimiento informado: una visi\u00f3n desde el Laboratorio cl\u00ednico en el manejo de muestras biol\u00f3gicas<\/td>\n<td colspan=\"2\" width=\"189\"><strong><span style=\"text-decoration: underline\">Milagros de la Caridad Mil\u00e1 Pascual<\/span><\/strong>, Ismael Torres Mil\u00e1, Leonor Aties L\u00f3pez.<em>Facultad de Enfermer\u00eda Tecnolog\u00eda de la Salud\u00a0 Santiago de\u00a0 Cuba <\/em><a href=\"mailto:milagros.mila@infomed.sld.cu\"><em>milagros.mila@infomed.sld.cu<\/em><\/a><\/td>\n<\/tr>\n<tr>\n<td colspan=\"4\" width=\"66\"><a href=\"http:\/\/promociondeeventos.sld.cu\/flap2022\/files\/2022\/10\/10.pdf\" target=\"_blank\">51<\/a><\/td>\n<td width=\"36\">FECSP-2<\/td>\n<td colspan=\"2\" width=\"161\"><a href=\"http:\/\/promociondeeventos.sld.cu\/flap2022\/files\/2022\/10\/51.pdf\" target=\"_blank\">Intervenci\u00f3n educativa sobre \u201cLepra\u201d en m\u00e9dicos de la familia del Policl\u00ednico Docente \u201cAquiles Espinosa Salgado\u201d del municipio Las Tunas.<\/a><\/td>\n<td colspan=\"2\" width=\"189\"><strong><span style=\"text-decoration: underline\">Acosta Garc\u00eda Yumara<\/span><\/strong>; Cabrales Le\u00f3n, Martha Odalis; S\u00e1nchez Vidal Lissette de la Caridad; Leyva Le\u00f3n, \u00c1ngela Iraice.<em>Centro Provincial de Higiene, Epidemiolog\u00eda y Microbiolog\u00eda Las Tunas. Cuba. <\/em><a href=\"mailto:hlt@ltu.sld.cu\"><em>hlt@ltu.sld.cu<\/em><\/a><\/td>\n<\/tr>\n<tr>\n<td colspan=\"4\" width=\"66\"><a href=\"http:\/\/promociondeeventos.sld.cu\/flap2022\/files\/2022\/10\/52.pdf\" target=\"_blank\">52<\/a><\/td>\n<td width=\"36\">FECSP-3<\/td>\n<td colspan=\"2\" width=\"161\"><a href=\"http:\/\/promociondeeventos.sld.cu\/flap2022\/files\/2022\/10\/52.pdf\" target=\"_blank\">Virtualizaci\u00f3n de los contenidos de la asignatura diagn\u00f3stico microbiol\u00f3gico como alternativa formativa<\/a><\/td>\n<td colspan=\"2\" width=\"189\"><strong><span style=\"text-decoration: underline\">Leonor Aties L\u00f3pez<\/span><\/strong>, Milagros de la Caridad Mil\u00e1 Pascual, Michel Tabares Tabio.<em>Facultad de Enfermer\u00eda Tecnolog\u00eda de la Salud\u00a0 Santiago de\u00a0 Cuba<\/em><a href=\"mailto:eonoraties@infomed.sld.cu\"><em>eonoraties@infomed.sld.cu<\/em><\/a><\/td>\n<\/tr>\n<tr>\n<td colspan=\"9\" width=\"451\"><strong>Covid-19<\/strong><\/td>\n<\/tr>\n<tr>\n<td colspan=\"4\" width=\"66\">53<\/td>\n<td width=\"36\">COVIDP-1<\/td>\n<td colspan=\"2\" width=\"161\">SARS-CoV-2. Aislamientos bacterianos en muestras respiratorias. Hospital Universitario Cl\u00ednico &#8211; Quir\u00fargico Cmdte. Manuel Fajardo. 2021.<\/td>\n<td colspan=\"2\" width=\"189\"><strong><span style=\"text-decoration: underline\">Alvarez Valdivia , Susell<\/span><\/strong>; Gonz\u00e1lez Pons , Betty <em>Hosp. Univ. CQ. Cmdte. Manuel Fajardo\/Lab. Microbiolog\u00eda, La Habana, CUBA<\/em><a href=\"mailto:susell@infomed.sld.cu\"><em>susell@infomed.sld.cu<\/em><\/a><\/td>\n<\/tr>\n<tr>\n<td colspan=\"4\" width=\"66\"><a href=\"http:\/\/promociondeeventos.sld.cu\/flap2022\/files\/2022\/10\/54.pdf\" target=\"_blank\">54<\/a><\/td>\n<td width=\"36\">COVIDP-2<\/td>\n<td colspan=\"2\" width=\"161\"><a href=\"http:\/\/promociondeeventos.sld.cu\/flap2022\/files\/2022\/10\/54.pdf\" target=\"_blank\">Caracterizaci\u00f3n epidemiol\u00f3gica de pacientes positivos a la COVID-19 pertenecientes al Policl\u00ednico \u201cAquiles Espinosa Salgado\u201d,\u00a0 Las Tunas.<\/a><\/td>\n<td colspan=\"2\" width=\"189\"><strong><span style=\"text-decoration: underline\">Cabrales Le\u00f3n, Martha Odalis<\/span><\/strong>; Gongora\u00a0 Arias, Katia; P\u00e9rez Guti\u00e9rrez, Jorge Alberto; Doval Fis, Yanet; Ecobar\u00a0 Guti\u00e9rrez, Maricet; Mart\u00ed Cruz, Mariela; Almaguer\u00a0\u00a0 Oqueno, Maideline.<em>Centro Provincial de Higiene, Epidemiolog\u00eda y Microbiolog\u00eda Las Tunas. Cuba<\/em><a href=\"mailto:martacabrales@ltu.sld.cu\"><em>martacabrales@ltu.sld.cu<\/em><\/a><\/td>\n<\/tr>\n<tr>\n<td colspan=\"4\" width=\"66\"><a href=\"http:\/\/promociondeeventos.sld.cu\/flap2022\/files\/2022\/10\/55.pdf\" target=\"_blank\">55<\/a><\/td>\n<td width=\"36\">COVIDP-3<\/td>\n<td colspan=\"2\" width=\"161\"><a href=\"http:\/\/promociondeeventos.sld.cu\/flap2022\/files\/2022\/10\/55.pdf\" target=\"_blank\">The Effects of the Uncontrolled Use of Biomodulina T on the Severity of Severe Acute Respiratory Syndrome-Coronavirus 2 Infection in Older Cuban Adults: An Open Label; Evaluation.<\/a><\/td>\n<td colspan=\"2\" width=\"189\"><strong><span style=\"text-decoration: underline\">Roberto Ca\u00f1ete Villafranca<\/span><\/strong>, Jos\u00e9 Alberto Afonso de Le\u00f3n, Katia Brito P\u00e9rez, Ailuj Casanova Barreto.<em>Direcci\u00f3n de Salud P\u00fablica\/Consejo de Sociedades Cientificas de la Salud, Matanzas, Cuba. <\/em><a href=\"mailto:roberto.villafranca@infomed.sld.cu\"><em>roberto.villafranca@infomed.sld.cu<\/em><\/a><\/td>\n<\/tr>\n<tr>\n<td colspan=\"4\" width=\"66\"><a href=\"http:\/\/promociondeeventos.sld.cu\/flap2022\/files\/2022\/10\/56.pdf\" target=\"_blank\">56<\/a><\/td>\n<td width=\"36\">COVIDP-4<\/td>\n<td colspan=\"2\" width=\"161\"><a href=\"http:\/\/promociondeeventos.sld.cu\/flap2022\/files\/2022\/10\/56.pdf\" target=\"_blank\">ESTRATEGIA DE INTERVENCI\u00d3N EDUCATIVA PARA POTENCIAR LOS CONOCIMIENTOS SOBRE EL SARS-COV-2 EN ESTUDIANTES DE MEDICINA<\/a><\/td>\n<td colspan=\"2\" width=\"189\"><strong><span style=\"text-decoration: underline\">MSc. Dr. Lu\u00eds Rafael C\u00e9spedes Gamboa<\/span><\/strong>, MSc Dra. Estrella Brito Rojas, Estudiante Fidel de Jes\u00fas Moreno Cubel3 Estudiante Pablo Alejandro Riera Fuentes, MSc Lic. Delys Zenia Almeida Guerra,\u00a0 MSc Dra. Rosa Antonia Ram\u00edrez Castillo, MSc Lic. Aliuska Castillo Mompie, MSc Lic. Niurka Cabrera Guerra.<em>Universidad de Ciencias M\u00e9dicas de Granma, Cuba. <\/em><a href=\"mailto:lrcespedes@infomed.sld.cu\"><em>lrcespedes@infomed.sld.cu<\/em><\/a><\/td>\n<\/tr>\n<tr>\n<td colspan=\"4\" width=\"66\"><a href=\"http:\/\/promociondeeventos.sld.cu\/flap2022\/files\/2022\/10\/57.pdf\">57<\/a><\/td>\n<td width=\"36\">COVIDP-5<\/td>\n<td colspan=\"2\" width=\"161\"><a href=\"http:\/\/promociondeeventos.sld.cu\/flap2022\/files\/2022\/10\/57.pdf\">Brote de transmisi\u00f3n comunitaria de la COVID-19 en el municipio de La Habana Vieja, La Habana. Marzo-abril 2021.<\/a><\/td>\n<td colspan=\"2\" width=\"189\"><strong><span style=\"text-decoration: underline\">Elba Cruz Rodr\u00edguez<\/span><\/strong>, Layma L. Valdez Lay, Belkys M. Galindo Santana, Waldemar Baldoqu\u00edn Rodr\u00edguez, Niurka Molina \u00c1guila, Dayana Rodr\u00edguez Vel\u00e1zquez.<em>IPK, Cuba <\/em><a href=\"mailto:elba@ipk.sld.cu\"><em>elba@ipk.sld.cu<\/em><\/a><\/td>\n<\/tr>\n<tr>\n<td colspan=\"4\" width=\"66\"><a href=\"http:\/\/promociondeeventos.sld.cu\/flap2022\/files\/2022\/10\/58.pdf\" target=\"_blank\">58<\/a><\/td>\n<td width=\"36\">COVIDP-6<\/td>\n<td colspan=\"2\" width=\"161\"><a href=\"http:\/\/promociondeeventos.sld.cu\/flap2022\/files\/2022\/10\/58.pdf\">Caracterizaci\u00f3n cl\u00ednico-epidemiol\u00f3gica de la COVID-19 en La Habana. A\u00f1o 2021.<\/a><\/td>\n<td colspan=\"2\" width=\"189\">Layma L. Vald\u00e9s Lay,<strong><span style=\"text-decoration: underline\"> Elba Cruz Rodr\u00edguez, <\/span><\/strong>Belkys M. Galindo Santana, Waldemar Baldoqu\u00edn Rodr\u00edguez, Niurka Molina \u00c1guila, Dayana Rodr\u00edguez Vel\u00e1zquez.<em>IPK, Cuba<\/em><a href=\"mailto:elba@ipk.sld.cu\"><em>elba@ipk.sld.cu<\/em><\/a><\/td>\n<\/tr>\n<tr>\n<td colspan=\"4\" width=\"66\"><a href=\"http:\/\/promociondeeventos.sld.cu\/flap2022\/files\/2022\/10\/59.pdf\" target=\"_blank\">59<\/a><\/td>\n<td width=\"36\">COVIDP-7<\/td>\n<td colspan=\"2\" width=\"161\"><a href=\"http:\/\/promociondeeventos.sld.cu\/flap2022\/files\/2022\/10\/59.pdf\" target=\"_blank\">Vacuna Cubana Abdala: efectividad en la prevenci\u00f3n de la enfermedad severa y la muerte por Covid-19 en La Habana, Cuba, un estudio de cohorte<\/a><\/td>\n<td colspan=\"2\" width=\"189\">Pedro I. M\u00e1s Bermejo, <strong><span style=\"text-decoration: underline\">F\u00e9lix O. Dickinson Meneses<\/span><\/strong>, Kenia Almenares Rodr\u00edguez, Lizet S\u00e1nchez Vald\u00e9s, Ra\u00fal Guinovart D\u00edaz, Mar\u00eda Vidal Ledo,Enrique Galb\u00e1n Garc\u00eda, Yadira Olivera Nodarse, Isabel Morgado Vega, Santiago Due\u00f1as Carrera, Merardo Pujol, Francisco Hern\u00e1ndez Bernal, Miladys Limonta Fern\u00e1ndez, Gerardo Guill\u00e9n Nieto, Verena L. Muzio Gonz\u00e1lez, Marta Ayala \u00c1vila<em>IPK, Cuba.<\/em><em>\u00a0<\/em><a href=\"mailto:felixodickinson@gmail.com\"><em>felixodickinson@gmail.com<\/em><\/a><a href=\"mailto:dickinson@ipk.sld.cu\"><em>dickinson@ipk.sld.cu<\/em><\/a><\/td>\n<\/tr>\n<tr>\n<td colspan=\"4\" width=\"66\"><a href=\"http:\/\/promociondeeventos.sld.cu\/flap2022\/files\/2022\/10\/60.pdf\" target=\"_blank\">60<\/a><\/td>\n<td width=\"36\">COVIDP-8<\/td>\n<td colspan=\"2\" width=\"161\"><a href=\"http:\/\/promociondeeventos.sld.cu\/flap2022\/files\/2022\/10\/60.pdf\" target=\"_blank\">Desempe\u00f1o de UMELISA SARS-CoV-2 Ant\u00edgeno y STANDARD F COVID-19 Ag FIA en el diagn\u00f3stico de la COVID-19, Villa Clara, Cuba<\/a><\/td>\n<td colspan=\"2\" width=\"189\"><strong><span style=\"text-decoration: underline\">Adrian Fern\u00e1ndez Garc\u00eda, <\/span><\/strong>Yamila Gonzalez Berm\u00fadez, Daniela Andreu Alvarez, Liss Mariam Rodriguez Rodriguez, Maria de Lourdes S\u00e1nchez Alvarez, Noira Duran Morera.<em>Laboratorio Provincial de Microbiolog\u00eda y Qu\u00edmica Sanitaria, Centro Provincial de Higiene, Epidemiolog\u00eda y Microbiolog\u00eda de Villa Clara, Cuba.\u00a0 <\/em><a href=\"mailto:adrianferg92@gmail.com\"><em>adrianferg92@gmail.com<\/em><\/a><\/td>\n<\/tr>\n<tr>\n<td colspan=\"4\" width=\"66\">61<\/td>\n<td width=\"36\">COVIDP-9<\/td>\n<td colspan=\"2\" width=\"161\">PAPEL DEL MICROBI\u00d3LOGO EN EL ENFRENTAMIENTO A LA COVID \u2013 19<\/td>\n<td colspan=\"2\" width=\"189\"><strong><span style=\"text-decoration: underline\">Lic. Lisbeth de los A. Mesa Guevara<\/span><\/strong>, Dr. Yurieth Gallardo S\u00e1nchez, Dra. Hilda Pe\u00f1a Fern\u00e1ndez, Dra. Susel In\u00e9s Garc\u00eda Rivera.<em>Direcci\u00f3n de postgrado, Universidad de Ciencias M\u00e9dicas en Granma, Cuba <\/em><a href=\"mailto:lisbethmg@infomed.sld.cu\"><em>lisbethmg@infomed.sld.cu<\/em><\/a><\/td>\n<\/tr>\n<tr>\n<td colspan=\"4\" width=\"66\">62<\/td>\n<td width=\"36\">COVIDP-10<\/td>\n<td colspan=\"2\" width=\"161\">Co &#8211; infecciones asociadas a Covid &#8211; 19 en pacientes con enfermedad renal cr\u00f3nica. 2021<\/td>\n<td colspan=\"2\" width=\"189\"><strong><span style=\"text-decoration: underline\">Sim\u00f3n Fis, Dainez<\/span><\/strong>; Lee Mustelier, Dunia; Lobaina Rodr\u00edguez, Diana Rosa; Fiterre Lancis, Irene; Candelaria, Julio C\u00e9sar; Hern\u00e1ndez Bravo, Vania Mar\u00eda.<em>Instituto Nacional de Nefrolog\u00eda Dr. Abelardo Buch L\u00f3pez, La Habana, CUBA.<\/em><a href=\"mailto:dainez@infomed.sld.cu\"><em>dainez@infomed.sld.cu<\/em><\/a><\/td>\n<\/tr>\n<tr>\n<td colspan=\"4\" width=\"66\"><a href=\"http:\/\/promociondeeventos.sld.cu\/flap2022\/files\/2022\/11\/63.pdf\" target=\"_blank\">63<\/a><\/td>\n<td width=\"36\">COVIDP-11<\/td>\n<td colspan=\"2\" width=\"161\"><a href=\"http:\/\/promociondeeventos.sld.cu\/flap2022\/files\/2022\/11\/63.pdf\" target=\"_blank\">Efectividad de la vacuna Soberana en trabajadores de la salud de los hospitales centinelas, La Habana, 2021<\/a><\/td>\n<td colspan=\"2\" width=\"189\"><strong><span style=\"text-decoration: underline\">Misladys Rodr\u00edguez Ortega,<\/span><\/strong> Maria Eugenia Toledo Romani, Waldermar Baldoquin Rodriguez, Hermes Fundora Hernandez, Aime Festary Casanova, Luis Oscar Marrero Riveron, Anlly Leydys Doval V\u00e1zquez.<em>IPK, Cuba.<\/em><a href=\"mailto:misladys@ipk.sld.cu\" target=\"_blank\"><em>misladys@ipk.sld.cu<\/em><\/a><\/td>\n<\/tr>\n<tr>\n<td colspan=\"4\" width=\"66\">64<\/td>\n<td width=\"36\">COVIDP-12<\/td>\n<td colspan=\"2\" width=\"161\">Caracterizaci\u00f3n cl\u00ednica y epidemiol\u00f3gica de los pacientes con infecci\u00f3n por SARS \u2013 COV \u2212 2 hospitalizados en el Instituto de medicina tropical Pedro Kour\u00ed de marzo a junio 2020.<\/td>\n<td colspan=\"2\" width=\"189\"><strong><span style=\"text-decoration: underline\">Alexer Torres Figueroa,<\/span><\/strong> Lila Alicia Echevarr\u00eda Sifontes.<em>IPK, Cuba<\/em><a href=\"mailto:Alexer@ipk.sld.cu\"><em>Alexer@ipk.sld.cu<\/em><\/a><\/td>\n<\/tr>\n<tr>\n<td colspan=\"4\" width=\"66\"><a href=\"http:\/\/promociondeeventos.sld.cu\/flap2022\/files\/2022\/10\/65.pdf\" target=\"_blank\">65<\/a><\/td>\n<td width=\"36\">COVIDP-13<\/td>\n<td colspan=\"2\" width=\"161\"><a href=\"http:\/\/promociondeeventos.sld.cu\/flap2022\/files\/2022\/10\/65.pdf\" target=\"_blank\">Vigilancia gen\u00f3mica del SARS-CoV-2 desde noviembre de 2021 a septiembre de 2022 en Cuba.<\/a><\/td>\n<td colspan=\"2\" width=\"189\"><strong><span style=\"text-decoration: underline\">Lisandra Mary Macias Roig<\/span><\/strong>, Samuel Salinas Ramos; Lissette P\u00e9rez Santos; Yahisel Tejero Su\u00e1rez, Yanet Pintos Saavedra; Dailyn Medero D\u00edaz; Vivian Kour\u00ed Cardell\u00e1; MSc; Mar\u00eda G Guzm\u00e1n Tirado.<em>IPK, Cuba<\/em><a href=\"mailto:lisandra.macias@ipk.sld.cu\"><em>lisandra.macias@ipk.sld.cu<\/em><\/a><\/td>\n<\/tr>\n<tr>\n<td colspan=\"4\" width=\"66\">66<\/td>\n<td width=\"36\">COVIDP-14<\/td>\n<td colspan=\"2\" width=\"161\">Evaluaci\u00f3n cl\u00ednica de la prueba r\u00e1pida Panbio\u2122 COVID-19 Ag contra muestras sobrantes de la prueba Panbio Ag usando el m\u00e9todo RT-PCR.<\/td>\n<td colspan=\"2\" width=\"189\"><strong><span style=\"text-decoration: underline\">Liem Laguna Oliva, <\/span><\/strong>Abrahan Beato Canfux,Teresita De Jes\u00fas Montero Gonz\u00e1lez, Beatriz Amat Vald\u00e9s, Edel Garc\u00eda Vega.<em>Hospital Militar Central \u201cDr. Luis D\u00edaz Soto\u201d, La Habana, Cuba, <\/em><a href=\"mailto:lilao@infomed.sld.cu\"><em>lilao@infomed.sld.cu<\/em><\/a><\/td>\n<\/tr>\n<tr>\n<td colspan=\"4\" width=\"66\"><a href=\"http:\/\/promociondeeventos.sld.cu\/flap2022\/files\/2022\/10\/67.pdf\" target=\"_blank\">67<\/a><\/td>\n<td width=\"36\">COVIDP-15<\/td>\n<td colspan=\"2\" width=\"161\"><a href=\"http:\/\/promociondeeventos.sld.cu\/flap2022\/files\/2022\/10\/67.pdf\" target=\"_blank\">Coinfecci\u00f3n bacteriana secundaria en pacientes con COVID-19<\/a><\/td>\n<td colspan=\"2\" width=\"189\"><strong><span style=\"text-decoration: underline\">Odalis Cardona Gordon<\/span><\/strong>,\u00a0\u00a0 Marilaicy Duconger Danger, Eva Mar\u00eda G\u00f3mez Gonz\u00e1lez, Pedro Manuel Hechavarr\u00eda Borrero, Edilberto Lanfernal Novo, Gipsy Mart\u00ednez Arzola.<em>Hospital Militar Dr. Joaqu\u00edn Castillo Duany.<\/em><a href=\"mailto:odaliscardona@infomed.sld.cu\"><em>odaliscardona@infomed.sld.cu<\/em><\/a><\/td>\n<\/tr>\n<tr>\n<td colspan=\"4\" width=\"66\"><a href=\"http:\/\/promociondeeventos.sld.cu\/flap2022\/files\/2022\/11\/68.pdf\" target=\"_blank\">68<\/a><\/td>\n<td width=\"36\">COVIDP-16<\/td>\n<td colspan=\"2\" width=\"161\"><a href=\"http:\/\/promociondeeventos.sld.cu\/flap2022\/files\/2022\/11\/68.pdf\" target=\"_blank\">LA COVID-19 Y SU IMPACTO NEGATIVO EN EL MUNICIPIO GUANE.<\/a><\/td>\n<td colspan=\"2\" width=\"189\"><strong><span style=\"text-decoration: underline\">Apaulaza Corrales, Kirenia<\/span><\/strong>, Cabrera Campo, Liyeni, Gonz\u00e1lez Mart\u00ednez, Miguel Lu\u00eds; Miranda Concepci\u00f3n, Lorenzo Antonio , Valle Bre\u00f1a Helen, Prado, Anicia, S\u00e1nchez Rojas, Jos\u00e9 Manuel.<em>Centro Municipal Higiene Epidemiolog\u00eda y Microbiolog\u00eda Guane<\/em><em>.<\/em><a href=\"mailto:microguane@infomed.sld.cu\"><em>microguane@infomed.sld.cu<\/em><\/a><\/td>\n<\/tr>\n<tr>\n<td colspan=\"4\" width=\"66\">69<\/td>\n<td width=\"36\">COVIDP-17<\/td>\n<td colspan=\"2\" width=\"161\">Diagn\u00f3stico cl\u00ednico de infecci\u00f3n por SARS \u2013 COV \u2013 2. A prop\u00f3sito de un caso.<\/td>\n<td colspan=\"2\" width=\"189\"><strong><span style=\"text-decoration: underline\">Alexer Torres Figueroa,<\/span><\/strong> Lila Alicia Echevarr\u00eda Sifontes.<em>IPK, Cuba<\/em><a href=\"mailto:Alexer@ipk.sld.cu\"><em>Alexer@ipk.sld.cu<\/em><\/a><\/td>\n<\/tr>\n<tr>\n<td colspan=\"9\" width=\"451\"><strong><span style=\"text-decoration: underline\">Moderadores y coordinadores: <\/span><\/strong><strong>Prof. Belkis Galindo Santana, IPK, Cuba; Prof. Ana Beatriz P\u00e9rez, IPK, Cuba<\/strong><\/td>\n<\/tr>\n<tr>\n<td colspan=\"4\" width=\"66\"><strong>N\u00famero de Poster<\/strong><\/td>\n<td width=\"36\"><strong>C\u00f3digo\u00a0 del Resumen<\/strong><\/td>\n<td colspan=\"2\" width=\"161\"><strong>T\u00edtulo del trabajo<\/strong><\/td>\n<td colspan=\"2\" width=\"189\"><strong>Autor(es)<\/strong><\/td>\n<\/tr>\n<tr>\n<td colspan=\"9\" width=\"451\"><strong><span style=\"text-decoration: underline\">IAAS Y RESISTENCIA<\/span><\/strong><\/td>\n<\/tr>\n<tr>\n<td colspan=\"4\" width=\"66\"><a href=\"http:\/\/promociondeeventos.sld.cu\/flap2022\/files\/2022\/11\/70.pdf\" target=\"_blank\">70<\/a><\/td>\n<td width=\"36\">IAASP-1<\/td>\n<td colspan=\"2\" width=\"161\"><a href=\"http:\/\/promociondeeventos.sld.cu\/flap2022\/files\/2022\/11\/70.pdf\" target=\"_blank\">Resistencia bacteriana en muestras biol\u00f3gicas de pacientes atendidos en Centro Nacional de Cirug\u00eda de M\u00ednimo Acceso.\u00a0 Enero \u2013 abril 2022<\/a><\/td>\n<td colspan=\"2\" width=\"189\"><strong><span style=\"text-decoration: underline\">Arlene Franco Bonal<\/span><\/strong>, Jorge Alberto Silva Valido.<em>Centro Nacional de Cirug\u00eda de M\u00ednimo Acceso. <\/em><a href=\"mailto:afranco@infomed.sld.cu\"><em>afranco@infomed.sld.cu<\/em><\/a><\/td>\n<\/tr>\n<tr>\n<td colspan=\"4\" width=\"66\"><a href=\"http:\/\/promociondeeventos.sld.cu\/flap2022\/files\/2022\/11\/71.pdf\" target=\"_blank\">71<\/a><\/td>\n<td width=\"36\">IAASP-2<\/td>\n<td colspan=\"2\" width=\"161\"><a href=\"http:\/\/promociondeeventos.sld.cu\/flap2022\/files\/2022\/11\/71.pdf\" target=\"_blank\">Incidencia de Infecciones Asociadas a la Asistencia Sanitaria en un hospital especializado<\/a><\/td>\n<td colspan=\"2\" width=\"189\"><strong><span style=\"text-decoration: underline\">Castro S\u00e1nchez, Niria<\/span><\/strong>, Rodr\u00edguez P\u00e9rez, Abilio Ubaldo, Rodr\u00edguez Rodr\u00edguez, Mar\u00eda Elena,Garc\u00eda Vit\u00f3n, Nelson J,Andr\u00e9s Noya Caba\u00f1as.<em>Hospital Ortop\u00e9dico Universitario Fructuoso Rodr\u00edguez\u00a0 <\/em><a href=\"mailto:niriacastro@infomed.sld.cu\"><em>niriacastro@infomed.sld.cu<\/em><\/a><\/td>\n<\/tr>\n<tr>\n<td colspan=\"4\" width=\"66\">72<\/td>\n<td width=\"36\">IAASP-3<\/td>\n<td colspan=\"2\" width=\"161\">Aislamiento de Acinetobacter spp. procedentes de Infecciones Asociadas a la Asistencia Sanitaria. La Habana &#8211; Cuba.<\/td>\n<td colspan=\"2\" width=\"189\"><strong><span style=\"text-decoration: underline\">Cepero Borrego, Mar\u00eda Cleof\u00e9;<\/span><\/strong> Madruga Fern\u00e1ndez, Mariela de la Caridad; Fern\u00e1ndez Acedo, Yudelsy.<em>Hospital Universitario Cl\u00ednico &#8211; Quir\u00fargico Gral. Calixto Garc\u00eda &#8211; Laboratorio de Microbiolog\u00eda. La Habana,CUBA<\/em><a href=\"mailto:cleofe.cepero@infomed.sld.cu\"><em>cleofe.cepero@infomed.sld.cu<\/em><\/a><\/td>\n<\/tr>\n<tr>\n<td colspan=\"4\" width=\"66\"><a href=\"http:\/\/promociondeeventos.sld.cu\/flap2022\/files\/2022\/10\/73.pdf\" target=\"_blank\">73<\/a><\/td>\n<td width=\"36\">IAASP-4<\/td>\n<td colspan=\"2\" width=\"161\"><a href=\"http:\/\/promociondeeventos.sld.cu\/flap2022\/files\/2022\/10\/73.pdf\" target=\"_blank\">Caracterizaci\u00f3n de los aislamientos de <em>Pseudomonas aeruginosa<\/em> y <em>Acinetobacter<\/em> spp. En secreciones respiratorias de pacientes ingresados en las salas de terapia del Hospital Universitario Cl\u00ednico Quir\u00fargico Arnaldo Milian Castro. 2014-2018<\/a><\/td>\n<td colspan=\"2\" width=\"189\"><strong><span style=\"text-decoration: underline\">Adrian Fern\u00e1ndez Garc\u00eda, <\/span><\/strong>Lourdes de Armas Alvarez, Yamila Gonzalez Bermudez, Geni Hernandez Gonzalez.<em>Laboratorio Provincial de Microbiolog\u00eda y Qu\u00edmica Sanitaria, Centro Provincial de Higiene, Epidemiolog\u00eda y Microbiolog\u00eda de Villa Clara, Cuba <\/em><a href=\"mailto:adrianferg92@gmail.com\"><em>adrianferg92@gmail.com<\/em><\/a><\/td>\n<\/tr>\n<tr>\n<td colspan=\"4\" width=\"66\"><a href=\"http:\/\/promociondeeventos.sld.cu\/flap2022\/files\/2022\/10\/74.pdf\" target=\"_blank\">74<\/a><\/td>\n<td width=\"36\">IAASP-5<\/td>\n<td colspan=\"2\" width=\"161\"><a href=\"http:\/\/promociondeeventos.sld.cu\/flap2022\/files\/2022\/10\/74.pdf\" target=\"_blank\">Vigilancia de la Resistencia Antimicrobiana en Hospital General Docente Enrique Cabrera. A\u00f1o 2021.<\/a><\/td>\n<td colspan=\"2\" width=\"189\"><strong><span style=\"text-decoration: underline\">Goz\u00e1 Vald\u00e9s, Roxana<\/span><\/strong>;Rivero Rivero, Mayrelis. <em>Hospital General Universitario Enrique Cabrera\/Laboratorio de Microbiolog\u00eda, La Habana, CUBA.<\/em><a href=\"mailto:roxanagozavaldes81@gmail.com\"><em>roxanagozavaldes81@gmail.com<\/em><\/a><\/td>\n<\/tr>\n<tr>\n<td colspan=\"4\" width=\"66\">75<\/td>\n<td width=\"36\">IAASP-6<\/td>\n<td colspan=\"2\" width=\"161\">Uso de la Microbiolog\u00eda y resistencia bacteriana en las Unidades\u00a0 de Terapia. Enero &#8211; Abril 2022<\/td>\n<td colspan=\"2\" width=\"189\"><strong><span style=\"text-decoration: underline\">Hern\u00e1ndez Bravo, Vania Maria<\/span><\/strong>;Arencibia D\u00edaz, Ana Addys<em>Hospital Cl\u00ednico &#8211; Quir\u00fargico Universitario Joaqu\u00edn Albarr\u00e1n\/Laboratorio de Microbiolog\u00eda. La Habana, CUBA <\/em><a href=\"mailto:vania.hdez@infomed.sld.cu\"><em>vania.hdez@infomed.sld.cu<\/em><\/a><\/td>\n<\/tr>\n<tr>\n<td colspan=\"4\" width=\"66\">76<\/td>\n<td width=\"36\">IAASP-7<\/td>\n<td colspan=\"2\" width=\"161\">Microorganismos productores de betalactamasas en la Unidad deCuidados Intermedios. Hospital Universitario Gral. Calixto Garc\u00eda. 2018<\/td>\n<td colspan=\"2\" width=\"189\"><strong><span style=\"text-decoration: underline\">Madruga Fern\u00e1ndez, Mariela de la Caridad.\u00a0 <\/span><\/strong><em>Hosp.Doc.Universitario CQ. General Calixto Garc\u00eda \/Lab. Microbiolog\u00eda, La Habana, CUBA\u00a0\u00a0\u00a0<\/em><em>\u00a0\u00a0\u00a0\u00a0\u00a0\u00a0\u00a0\u00a0\u00a0\u00a0\u00a0\u00a0 <\/em><a href=\"mailto:marie-lamf68@nauta.cu\"><em>marie-lamf68@nauta.cu<\/em><\/a><\/td>\n<\/tr>\n<tr>\n<td colspan=\"4\" width=\"66\">77<\/td>\n<td width=\"36\">IAASP-8<\/td>\n<td colspan=\"2\" width=\"161\">Infecciones Asociadas a la Asistencia Sanitaria y resistencia a los antimicrobianos durante la Covid &#8211; 19. Hospital Cl\u00ednico &#8211; Quir\u00fargicoUniversitario Dr. Salvador Allende<\/td>\n<td colspan=\"2\" width=\"189\"><strong><span style=\"text-decoration: underline\">Mart\u00ednez Casanueva, Raiza; <\/span><\/strong>Valma\u00f1a S\u00e1nchez, Carlos E; Monte Cepero, Lorena; Jerez Castillo, Yenisey.<em>Hospital Cl\u00ednico &#8211; Quir\u00fargico Universitario Dr. Salvador Allende\/Lab Microbiolog\u00eda, La Habana, CUBA<\/em><a href=\"mailto:raifer1968@gmail.com\"><em>raifer1968@gmail.com<\/em><\/a><\/td>\n<\/tr>\n<tr>\n<td colspan=\"4\" width=\"66\"><a href=\"http:\/\/promociondeeventos.sld.cu\/flap2022\/files\/2022\/11\/78.pdf\" target=\"_blank\">78<\/a><\/td>\n<td width=\"36\">IAASP-9<\/td>\n<td colspan=\"2\" width=\"161\"><a href=\"http:\/\/promociondeeventos.sld.cu\/flap2022\/files\/2022\/11\/78.pdf\" target=\"_blank\">Resistencia antimicrobiana y detecci\u00f3n de \u03b2-lactamasas en bacilos gram negativos causantes de infecciones neonatales en La Habana. 2017-2020.<\/a><\/td>\n<td colspan=\"2\" width=\"189\"><strong><span style=\"text-decoration: underline\">Arlenis Oliva Falc\u00f3n,\u00a0 <\/span><\/strong>Dianelys Qui\u00f1ones P\u00e9rez, Yenisel Carmona Cartaya,\u00a0\u00a0 Elizabeth de La C L\u00f3pez, Roberto \u00c1lvarez, Niurka Pereda.<em>Hospital William Soler Ledea. <\/em><a href=\"mailto:arlenisof@infomed.sld.cu\"><em>arlenisof@infomed.sld.cu<\/em><\/a><\/td>\n<\/tr>\n<tr>\n<td colspan=\"4\" width=\"66\"><a href=\"http:\/\/promociondeeventos.sld.cu\/flap2022\/files\/2022\/11\/79.pdf\" target=\"_blank\">79<\/a><\/td>\n<td width=\"36\">IAASP-10<\/td>\n<td colspan=\"2\" width=\"161\"><a href=\"http:\/\/promociondeeventos.sld.cu\/flap2022\/files\/2022\/11\/79.pdf\" target=\"_blank\">Colonizaci\u00f3n intestinal por Enterobacterales productores de carbapenemasas en un hospital de tercer nivel en La Habana, Cuba<\/a><\/td>\n<td colspan=\"2\" width=\"189\"><strong><span style=\"text-decoration: underline\">Dianelys Qui\u00f1ones P\u00e9rez<\/span><\/strong>, Haiyang Yu, Vismayda Bouza, Yenisel Carmona, Gonzalo Est\u00e9vez, Valia Ramos, Marcia Hart, Patricia Ruiz.<em>IPK. La Habana, Cuba <\/em><a href=\"mailto:dia@ipk.sld.cu\"><em>dia@ipk.sld.cu<\/em><\/a><\/td>\n<\/tr>\n<tr>\n<td colspan=\"4\" width=\"66\"><a href=\"http:\/\/promociondeeventos.sld.cu\/flap2022\/files\/2022\/10\/80.pdf\" target=\"_blank\">80<\/a><\/td>\n<td width=\"36\">IAASP-11<\/td>\n<td colspan=\"2\" width=\"161\"><a href=\"http:\/\/promociondeeventos.sld.cu\/flap2022\/files\/2022\/10\/80.pdf\" target=\"_blank\">Aislamiento de <em>Acinetobacter<\/em> spp. procedentes de Infecciones Asociadas a la Asistencia Sanitaria. La Habana &#8211; Cuba.<\/a><\/td>\n<td colspan=\"2\" width=\"189\"><strong><span style=\"text-decoration: underline\">Rodr\u00edguez P\u00e9rez, Abilio Ubaldo<\/span><\/strong>; Castro S\u00e1nchez, Niria; Hern\u00e1ndez S\u00e1nchez, Mar\u00eda Cristina; Harvey Pedroso, Osiris; Machado Arcia, Yadira; Hern\u00e1ndez Ricardo, Gleibys.<em>Centro Municipal de Higiene, Epidemiolog\u00eda y Microbiolog\u00eda de Guanabacoa<\/em><em>Laboratorio de Microbiolog\u00eda y Qu\u00edmica Sanitaria. La Habana, CUBA<\/em><a href=\"mailto:ubaldo.rodriguez@infomed.sld.cu\"><em>ubaldo.rodriguez@infomed.sld.cu<\/em><\/a><\/td>\n<\/tr>\n<tr>\n<td colspan=\"4\" width=\"66\"><a href=\"http:\/\/promociondeeventos.sld.cu\/flap2022\/files\/2022\/10\/81.pdf\" target=\"_blank\">81<\/a><\/td>\n<td width=\"36\">IAASP-12<\/td>\n<td colspan=\"2\" width=\"161\"><a href=\"http:\/\/promociondeeventos.sld.cu\/flap2022\/files\/2022\/10\/81.pdf\" target=\"_blank\">Primer Mapa Microbiol\u00f3gico Anual del Instituto de Hematolog\u00eda e Inmunolog\u00eda.<\/a><\/td>\n<td colspan=\"2\" width=\"189\"><strong><span style=\"text-decoration: underline\">Rodr\u00edguez P\u00e9rez, Maylin<\/span><\/strong>;Cuevas Dorc\u00e9, Rita S;Gonz\u00e1lez Perdomo, Jorge;Rodr\u00edguez Mart\u00ednez, Marilyn R.<em>Instituto de Hematolog\u00eda e Inmunolog\u00eda\/Lab. Microbiolog\u00eda, La Habana, CUBA<\/em><a href=\"mailto:maylin@infomed.sld.cu\"><em>maylin@infomed.sld.cu<\/em><\/a><\/td>\n<\/tr>\n<tr>\n<td colspan=\"4\" width=\"66\">82<\/td>\n<td width=\"36\">IAASP-13<\/td>\n<td colspan=\"2\" width=\"161\">INFECCIONES POR SERRATIA MARCESCENS EN PACIENTES INMUNOCOMPROMETIDOS<\/td>\n<td colspan=\"2\" width=\"189\"><strong><span style=\"text-decoration: underline\">Elizabeth Sanler Wong, <\/span><\/strong>Isolivia Daudinot Guerra, Olivia Vega Fern\u00e1ndez, Niurka Castellano Rubio, Caridad Ferrer Gainza, Rosa Sarduy Chapis.\u00a0\u00a0\u00a0\u00a0 <em>Instituto Nacional de Oncolog\u00eda y Radiobiolog\u00eda, Cuba.<\/em><a href=\"mailto:elisanter@infomed.sld.cu\"><em>elisanter@infomed.sld.cu<\/em><\/a><\/td>\n<\/tr>\n<tr>\n<td colspan=\"4\" width=\"66\"><a href=\"http:\/\/promociondeeventos.sld.cu\/flap2022\/files\/2022\/11\/83.pdf\" target=\"_blank\">83<\/a><\/td>\n<td width=\"36\">IAASP-14<\/td>\n<td colspan=\"2\" width=\"161\"><a href=\"http:\/\/promociondeeventos.sld.cu\/flap2022\/files\/2022\/11\/83.pdf\" target=\"_blank\">INFECCI\u00d3N DEL SITIO QUIR\u00daRGICO EN CIRUG\u00cdA DE CABEZA Y CUELLO<\/a><\/td>\n<td colspan=\"2\" width=\"189\"><strong><span style=\"text-decoration: underline\">Elizabeth Sanler Wong, <\/span><\/strong>Isolivia Daudinot Guerra, Olivia Vega Fern\u00e1ndez, Niurka Castellano Rubio, Caridad Ferrer Gainza, Olivia Vega Fern\u00e1ndez, Rosa Sarduy Chapis.\u00a0\u00a0\u00a0\u00a0 <em>Instituto Nacional de Oncolog\u00eda y Radiobiolog\u00eda, Cuba. <\/em><a href=\"mailto:elisanter@infomed.sld.cu\"><em>elisanter@infomed.sld.cu<\/em><\/a><\/td>\n<\/tr>\n<tr>\n<td colspan=\"4\" width=\"66\">84<\/td>\n<td width=\"36\">IAASP-15<\/td>\n<td colspan=\"2\" width=\"161\">Infecciones relacionadas con la atenci\u00f3n en salud en un hospital materno<\/td>\n<td colspan=\"2\" width=\"189\"><strong>Abel Tobias Suarez Olivares\u00a0 <\/strong><em>Hospital Materno Sur \u201cMariana Grajales Cuello\u201d, Santiago de Cuba, Cuba. <\/em><a href=\"mailto:abeltobias@infomed.sld.cu\"><em>abeltobias@infomed.sld.cu<\/em><\/a><\/td>\n<\/tr>\n<tr>\n<td colspan=\"4\" width=\"66\">85<\/td>\n<td width=\"36\">IAASP-16<\/td>\n<td colspan=\"2\" width=\"161\">Propuesta de diagn\u00f3stico centralizado en La Habana para bacterias anaerobias de importancia m\u00e9dica. Hospital Universitario Cl\u00ednico &#8211; Quir\u00fargico Dr. Salvador Allende<\/td>\n<td colspan=\"2\" width=\"189\"><strong><span style=\"text-decoration: underline\">Valma\u00f1a S\u00e1nchez, Carlos Ernesto. <\/span><\/strong><em>Hospital Universitario Cl\u00ednico-Quir\u00fargico Dr. Salvador Allende\/Laboratorio de Microbiolog\u00eda, La Habana, CUBA<\/em><a href=\"mailto:microbiologiahsa@infomed.sld.cu\"><em>microbiologiahsa@infomed.sld.cu<\/em><\/a><\/td>\n<\/tr>\n<tr>\n<td colspan=\"4\" width=\"66\"><a href=\"http:\/\/promociondeeventos.sld.cu\/flap2022\/files\/2022\/10\/86.pdf\" target=\"_blank\">86<\/a><\/td>\n<td width=\"36\">IAASP-17<\/td>\n<td colspan=\"2\" width=\"161\"><a href=\"http:\/\/promociondeeventos.sld.cu\/flap2022\/files\/2022\/10\/86.pdf\" target=\"_blank\">Infecciones Asociadas a la Asistencia Sanitaria en el paciente grave en la edad pedi\u00e1trica.<\/a><\/td>\n<td colspan=\"2\" width=\"189\"><strong><span style=\"text-decoration: underline\">Dra. Anisbel Ruiz Ramos,<\/span><\/strong> Dra. Lis Dianet Qui\u00f1ones M\u00e9ndez, Dra. Norma G\u00f3mez Garc\u00eda, Dra. Dianevys Arango Inerarity, Dr. Rafael Abreu Duarte.<em>Hospital Provincial Pedi\u00e1trico Universitario \u00abJos\u00e9 Luis Miranda\u00bb, Villa Clara, Cuba <\/em><a href=\"mailto:anisbelruizramos@gmail.com\"><em>anisbelruizramos@gmail.com<\/em><\/a><\/td>\n<\/tr>\n<tr>\n<td colspan=\"4\" width=\"66\"><a href=\"http:\/\/promociondeeventos.sld.cu\/flap2022\/files\/2022\/10\/87.pdf\" target=\"_blank\">87<\/a><\/td>\n<td width=\"36\">IAASP-18<\/td>\n<td colspan=\"2\" width=\"161\"><a href=\"http:\/\/promociondeeventos.sld.cu\/flap2022\/files\/2022\/10\/87.pdf\" target=\"_blank\">Resistencia antimicrobiana de cepas de Shigella aisladas en el Hospital Pedi\u00e1trico Universitario \u201cJos\u00e9 Luis Miranda\u201d.<\/a><\/td>\n<td colspan=\"2\" width=\"189\"><strong><span style=\"text-decoration: underline\">Dr. Rafael Abreu Duarte<\/span><\/strong>, MsC. Dra. Calixta Rosa Hern\u00e1ndez del Sol, MsC. Dra. Zendy Mesa Delgado, Dra. Dianiley Garc\u00eda G\u00f3mez, MsC. Dra. Rosa Isabel Berm\u00fadez Alem\u00e1n, Dra. Rita M. Meras J\u00e1uregui.<em>Centro Provincial de Higiene Epidemiolog\u00eda y Microbiolog\u00eda de Villa Clara. <\/em><em>Cuba.<\/em><em>\u00a0 <\/em><a href=\"mailto:abreuduarterafael3@gmail.com\"><em>abreuduarterafael3@gmail.com<\/em><\/a><\/td>\n<\/tr>\n<tr>\n<td colspan=\"4\" width=\"66\"><a href=\"http:\/\/promociondeeventos.sld.cu\/flap2022\/files\/2022\/10\/88.pdf\" target=\"_blank\">88<\/a><\/td>\n<td width=\"36\">IAASP-19<\/td>\n<td colspan=\"2\" width=\"161\"><a href=\"http:\/\/promociondeeventos.sld.cu\/flap2022\/files\/2022\/10\/88.pdf\" target=\"_blank\">RESISTENCIA ANTIMICROBIANA EN PACIENTES CON CULTIVO BACTERIOL\u00d3GICO DE LESI\u00d3N<\/a><\/td>\n<td colspan=\"2\" width=\"189\"><strong><span style=\"text-decoration: underline\">Dra. Estrella Brito Rojas<\/span><\/strong>, MSc Lic. Niurka Cabrera Guerra, MSc Dr. Lu\u00eds Rafael C\u00e9spedes Gamboa, MSc Dra. Rosa Antonia Ram\u00edrez Castillo, Dra. Ludy Lazara \u00c1lvarez Castillo, Lic. Lisbel Puebla Matilla.<em>Universidad de Ciencias M\u00e9dicas de Granma, Cuba<\/em><a href=\"mailto:estrellab@infomed.sld.cu\"><em>estrellab@infomed.sld.cu<\/em><\/a><\/td>\n<\/tr>\n<tr>\n<td colspan=\"4\" width=\"66\"><a href=\"http:\/\/promociondeeventos.sld.cu\/flap2022\/files\/2022\/10\/89.pdf\" target=\"_blank\">89<\/a><\/td>\n<td width=\"36\">IAASP-20<\/td>\n<td colspan=\"2\" width=\"161\"><a href=\"http:\/\/promociondeeventos.sld.cu\/flap2022\/files\/2022\/10\/89.pdf\" target=\"_blank\">RESISTENCIA ANTIMICROBIANA EN PACIENTES CON UROCULTIVO POSITIVO<\/a><\/td>\n<td colspan=\"2\" width=\"189\"><strong><span style=\"text-decoration: underline\">Dra. Estrella Brito Rojas<\/span><\/strong>, MSc Dra. Estrella Brito Rojas, MSc Lic. Delys Zenia Almeida Guerra, MSc Dr. Lu\u00eds Rafael C\u00e9spedes Gamboa , MSc Dra. Rosa Antonia Ram\u00edrez Castillo, MSc Lic. Aliuska Castillo Mompie, MSc Lic. Niurka Cabrera Guerra.<em>Universidad de Ciencias M\u00e9dicas de Granma, Cuba. <\/em><a href=\"mailto:estrellab@infomed.sld.cu\"><em>estrellab@infomed.sld.cu<\/em><\/a><\/td>\n<\/tr>\n<tr>\n<td colspan=\"4\" width=\"66\">90<\/td>\n<td width=\"36\">IAASP-21<\/td>\n<td colspan=\"2\" width=\"161\">Resistencia de Escherichia coli aislada de urocultivos de pacientes ambulatorios con infecci\u00f3n del tracto urinario<\/td>\n<td colspan=\"2\" width=\"189\"><strong><span style=\"text-decoration: underline\">Lourdes Margarita Exp\u00f3sito Boue<\/span><\/strong>, Sixto Bermell\u00f3n S\u00e1nchez, Laritza Lescaille Garbey, Nuria Delgado Rond\u00f3n, Iliagne Aliaga Castellanos.<em>Centro Provincial de Higiene, Epidemiolog\u00eda y Microbiolog\u00eda. Guant\u00e1namo, Cuba. <\/em><a href=\"mailto:lourdesexp@infomed.sld.cu\"><em>lourdesexp@infomed.sld.cu<\/em><\/a><\/td>\n<\/tr>\n<tr>\n<td colspan=\"4\" width=\"66\">91<\/td>\n<td width=\"36\">IAASP-22<\/td>\n<td colspan=\"2\" width=\"161\">INFECCIONES GRAVES DE PIEL Y PARTES BLANDAS EN EL PACIENTE PEDI\u00c1TRICO.<\/td>\n<td colspan=\"2\" width=\"189\">Dr. Elvio Fern\u00e1ndez Toledo, <strong><span style=\"text-decoration: underline\">Dra. Norma G\u00f3mez Garc\u00eda<\/span><\/strong>, Dr. Orestes Su\u00e1rez.<em>Hospital pedi\u00e1trico universitario Jos\u00e9 Luis Miranda, Cuba.\u00a0 <\/em><a href=\"mailto:ggnorma@infomed.sld.cu\"><em>ggnorma@infomed.sld.cu<\/em><\/a><\/td>\n<\/tr>\n<tr>\n<td colspan=\"4\" width=\"66\"><a href=\"http:\/\/promociondeeventos.sld.cu\/flap2022\/files\/2022\/11\/92.pdf\" target=\"_blank\">92<\/a><\/td>\n<td width=\"36\">IAASP-23<\/td>\n<td colspan=\"2\" width=\"161\"><a href=\"http:\/\/promociondeeventos.sld.cu\/flap2022\/files\/2022\/11\/92.pdf\" target=\"_blank\">Fenotipos de Resistencia en aislamientos de hemocultivos neonatales<\/a><\/td>\n<td colspan=\"2\" width=\"189\"><strong><span style=\"text-decoration: underline\">Miguel Luis Gonz\u00e1lez Mart\u00ednez<\/span><\/strong>, Yudit Hern\u00e1ndez Hern\u00e1ndez, Jorge Ernesto Rojas Concepci\u00f3n, Nadia Acosta N\u00fa\u00f1ez.<em>Hospital Abel Santamar\u00eda Cuadrado, Pinar del Rio, Cuba <\/em><a href=\"mailto:mugerlgonzlez2020@gmail.com\"><em>mugerlgonzlez2020@gmail.com<\/em><\/a><\/td>\n<\/tr>\n<tr>\n<td colspan=\"4\" width=\"66\">93<\/td>\n<td width=\"36\">IAASP-24<\/td>\n<td colspan=\"2\" width=\"161\">Aislamientos microbiol\u00f3gicos en infecciones asociadas a la asistencia sanitaria en una unidad de cuidados intensivos pedi\u00e1tricos<\/td>\n<td colspan=\"2\" width=\"189\"><strong><span style=\"text-decoration: underline\">Maiyenis Herrada Cuevas<\/span><\/strong>, Ailet Castillo Amaro, Mar\u00eda Caridad Mari\u00f1o Castellanos, Bertha Cuevas Ramos, Niurka Al\u00ed P\u00e9rez.<em>Centro Provincial de Higiene, Epidemiolog\u00eda y Microbiolog\u00eda<\/em><a href=\"mailto:mvcabrera@nauta.cu\"><em>mvcabrera@nauta.cu<\/em><\/a><\/td>\n<\/tr>\n<tr>\n<td colspan=\"4\" width=\"66\"><a href=\"http:\/\/promociondeeventos.sld.cu\/flap2022\/files\/2022\/10\/94.pdf\" target=\"_blank\">94<\/a><\/td>\n<td width=\"36\">IAASP-25<\/td>\n<td colspan=\"2\" width=\"161\"><a href=\"http:\/\/promociondeeventos.sld.cu\/flap2022\/files\/2022\/10\/94.pdf\" target=\"_blank\">DIAGN\u00d3STICO ETIOL\u00d3GICO DE LA INFECCI\u00d3N DEL TORRENTE SANGU\u00cdNEO EN PACIENTES CON NEUTROPENIA FEBRIL, 2020-2021.<\/a><\/td>\n<td colspan=\"2\" width=\"189\"><strong><span style=\"text-decoration: underline\">Rodr\u00edguez, Maylin<\/span><\/strong>, Cuevas, Rita S., Gonz\u00e1lez, Jorge.<em>Instituto de Hematolog\u00eda e Inmunolog\u00eda<\/em><a href=\"mailto:maylin@infomed.sld.cu\"><em>maylin@infomed.sld.cu<\/em><\/a><\/td>\n<\/tr>\n<tr>\n<td colspan=\"4\" width=\"66\"><a href=\"http:\/\/promociondeeventos.sld.cu\/flap2022\/files\/2022\/11\/95.pdf\" target=\"_blank\">95<\/a><\/td>\n<td width=\"36\">IAASP-26<\/td>\n<td colspan=\"2\" width=\"161\"><a href=\"http:\/\/promociondeeventos.sld.cu\/flap2022\/files\/2022\/11\/95.pdf\" target=\"_blank\">Aislamientos de klebsiella productoras de carbapenemasas. Una amenaza en hospitales de Santiago de Cuba<\/a><\/td>\n<td colspan=\"2\" width=\"189\"><strong><span style=\"text-decoration: underline\">Arnaldo Zayas Illas<\/span><\/strong>, Odalexis Arias Ramos, Nadine Urgell Chiong, Teresa Orber\u00e1 Rat\u00f3n, Miladis Camacho Pozo,\u00a0 Dianelys Qui\u00f1ones P\u00e9rez.<em>Hospital General Dr. Juan B Zayas, Santiago de Cuba, Cuba<\/em><a href=\"mailto:arnaldo.zayas@infomed.sld.cu\"><em>arnaldo.zayas@infomed.sld.cu<\/em><\/a><\/td>\n<\/tr>\n<tr>\n<td colspan=\"4\" width=\"66\">98<\/td>\n<td width=\"36\">IAASP-27<\/td>\n<td colspan=\"2\" width=\"161\">CARACTERIZACI\u00d3N DE PSEUDOMONAS AERUGINOSA EN LA SALA DE ANGIOLOG\u00cdA. HOSPITAL PROVINCIAL \u201cCAMILO CIENFUEGOS\u201d. JULIO \u2013 DICIEMBRE 2019.<\/td>\n<td colspan=\"2\" width=\"189\"><strong><span style=\"text-decoration: underline\">Emileidy Aguiar D\u00edaz<\/span><\/strong>, Sandra Moreno Perera, Martha Hayde\u00e9 Guerra Gonz\u00e1lez, Miriam Ramos Acosta.<em>Hospital General Universitario \u00abCamilo Cienfuegos\u00bb. Sancti Sp\u00edritus.\u00a0 <\/em><a href=\"mailto:aguiaremileidy@gmail.com\"><em>aguiaremileidy@gmail.com<\/em><\/a><\/td>\n<\/tr>\n<tr>\n<td colspan=\"4\" width=\"66\"><a href=\"http:\/\/promociondeeventos.sld.cu\/flap2022\/files\/2022\/11\/99.pdf\" target=\"_blank\">99<\/a><\/td>\n<td width=\"36\">IAASP-28<\/td>\n<td colspan=\"2\" width=\"161\"><a href=\"http:\/\/promociondeeventos.sld.cu\/flap2022\/files\/2022\/11\/99.pdf\" target=\"_blank\">Caracterizaci\u00f3n de bacilos Gram negativos productores de carbapenemasas en hospitales de Santiago de Cuba.<\/a><\/td>\n<td colspan=\"2\" width=\"189\"><strong><span style=\"text-decoration: underline\">Arnaldo Zayas Illas<\/span><\/strong>, Dra. Mavis T Diez Monterdes, Anisabel Medina Mercer\u00f3n, Aliuska Guerra Alarc\u00f3n, Yamilia Ramirez Salinas, Nadine Urgell Chi\u00f3n,\u00a0 Dra. C Teresa Orber\u00e1 Rat\u00f3n, Miladys Camacho, Dianelys Qui\u00f1ones Perez.<em>Hospital General Dr. Juan B Zayas, Santiago de Cuba<\/em><a href=\"mailto:arnaldo.zayas@infomed.sld.cu\"><em>arnaldo.zayas@infomed.sld.cu<\/em><\/a><em>\u00a0<\/em><em>\u00a0<\/em><em>\u00a0<\/em><em>\u00a0<\/em><\/td>\n<\/tr>\n<tr>\n<td colspan=\"4\" width=\"66\"><a href=\"http:\/\/promociondeeventos.sld.cu\/flap2022\/files\/2022\/11\/100.pdf\" target=\"_blank\">100<\/a><\/td>\n<td width=\"36\">IAASP-29<\/td>\n<td colspan=\"2\" width=\"161\"><a href=\"http:\/\/promociondeeventos.sld.cu\/flap2022\/files\/2022\/11\/100.pdf\" target=\"_blank\">Vigilancia microbiol\u00f3gica de infecciones asociadas a la asistencia sanitaria en \u00e1reas de alto riesgo \/ 2017 &#8211; 2021.<\/a><\/td>\n<td colspan=\"2\" width=\"189\"><strong><span style=\"text-decoration: underline\">Marlene E. Sibila Gonz\u00e1lez, <\/span><\/strong>Isabel del C. Rodr\u00edguez Reyes, Mayra Pedroso Arag\u00f3n, Laritza I. Hern\u00e1ndez Arcia, Vania P\u00e9rez Rivero, Eleidys Mateos Mart\u00ednez<em>ICO Ram\u00f3n Pando Ferrer\/Dpto. Epidemiolog\u00eda, Cuba.<\/em><em>\u00a0 <\/em><a href=\"mailto:marlene.sibila@infomed.sld.cu\"><em>marlene.sibila@infomed.sld.cu<\/em><\/a><\/td>\n<\/tr>\n<tr>\n<td colspan=\"9\" width=\"451\"><strong><span style=\"text-decoration: underline\">INFECCIONES RESPIRATORIAS<\/span><\/strong><\/td>\n<\/tr>\n<tr>\n<td width=\"36\"><a href=\"http:\/\/promociondeeventos.sld.cu\/flap2022\/files\/2022\/10\/101.pdf\" target=\"_blank\">101<\/a><\/td>\n<td colspan=\"4\" width=\"66\">IRAP-1<\/td>\n<td colspan=\"2\" width=\"161\"><a href=\"http:\/\/promociondeeventos.sld.cu\/flap2022\/files\/2022\/10\/101.pdf\" target=\"_blank\">Prevalencia de colonizaci\u00f3n nasofar\u00edngea por Streptococcus pneumoniae en ni\u00f1os del municipio Santiago de Cuba (2016 &#8211; 2017), serotipos y susceptibilidad a antimicrobianos<\/a><\/td>\n<td colspan=\"2\" width=\"189\"><strong><span style=\"text-decoration: underline\">Brenda Barreto N\u00fa\u00f1ez,<\/span><\/strong> Gilda Tora\u00f1o Peraza, Maria Eugenia Toledo Romani.<em>IPK, Cuba <\/em><a href=\"mailto:bbarreto@ipk.sld.cu\"><em>bbarreto@ipk.sld.cu<\/em><\/a><\/td>\n<\/tr>\n<tr>\n<td width=\"36\"><a href=\"http:\/\/promociondeeventos.sld.cu\/flap2022\/files\/2022\/10\/102.pdf\" target=\"_blank\">102<\/a><\/td>\n<td colspan=\"4\" width=\"66\">IRAP-2<\/td>\n<td colspan=\"2\" width=\"161\"><a href=\"http:\/\/promociondeeventos.sld.cu\/flap2022\/files\/2022\/10\/102.pdf\" target=\"_blank\">Disminuci\u00f3n de la vigilancia de la enfermedad neumoc\u00f3cica invasiva tras el inicio de la pandemia de COVID-19, Cuba 2020-2021<\/a><\/td>\n<td colspan=\"2\" width=\"189\"><strong><span style=\"text-decoration: underline\">Yoima de la Caridad P\u00e9rez Farias<\/span><\/strong>, Gilda Teresa Tora\u00f1o Peraza, Brenda Barreto N\u00fa\u00f1ez, Miriam Abreu Capote.<em>IPK, Cuba.<\/em><a href=\"mailto:yoima@ipk.sld.cu\"><em>yoima@ipk.sld.cu<\/em><\/a><\/td>\n<\/tr>\n<tr>\n<td width=\"36\"><a href=\"http:\/\/promociondeeventos.sld.cu\/flap2022\/files\/2022\/10\/103.pdf\" target=\"_blank\">103<\/a><\/td>\n<td colspan=\"4\" width=\"66\">IRAP-3<\/td>\n<td colspan=\"2\" width=\"161\"><a href=\"http:\/\/promociondeeventos.sld.cu\/flap2022\/files\/2022\/10\/103.pdf\" target=\"_blank\">Seroprevalencia de IgG contra la toxina de Bordetella pertussis en\u00a0 pacientes de una instituci\u00f3n pedi\u00e1trica de La Habana.<\/a><\/td>\n<td colspan=\"2\" width=\"189\"><strong><span style=\"text-decoration: underline\">Gilda Tora\u00f1o Peraza, <\/span><\/strong>Yuslovys Cede\u00f1o Roig.<em>IPK, Cuba <\/em><a href=\"mailto:Gilda@ipk.sld.cu\"><em>Gilda@ipk.sld.cu<\/em><\/a><\/td>\n<\/tr>\n<tr>\n<td width=\"36\"><a href=\"http:\/\/promociondeeventos.sld.cu\/flap2022\/files\/2022\/10\/104.pdf\" target=\"_blank\">104<\/a><\/td>\n<td colspan=\"4\" width=\"66\">IRAP-4<\/td>\n<td colspan=\"2\" width=\"161\"><a href=\"http:\/\/promociondeeventos.sld.cu\/flap2022\/files\/2022\/10\/104.pdf\" target=\"_blank\">El Laboratorio de Biolog\u00eda Molecular en la vigilancia centinela de los virus respiratorios. Marzo-diciembre 2019<\/a><\/td>\n<td colspan=\"2\" width=\"189\"><strong><span style=\"text-decoration: underline\">Mar\u00eda de Lourdes S\u00e1nchez Alvarez, <\/span><\/strong>Edenis Garc\u00eda Alvarez, Adrian Fern\u00e1ndez Garc\u00eda, Rafael Abreu Duarte, Ermis Gonz\u00e1lez Mart\u00ednez, Hilda Dolores Roque de Escobar Mart\u00edn, Javier Mart\u00ednez Alfonso.<em>Centro Provincial de Higiene y Epidemiolog\u00eda, Laboratorio de Biolog\u00eda Molecular, Santa Clara, Cuba<\/em><a href=\"mailto:mlourdessa@infomed.sld.cu\"><em>mlourdessa@infomed.sld.cu<\/em><\/a><\/td>\n<\/tr>\n<tr>\n<td width=\"36\"><a href=\"http:\/\/promociondeeventos.sld.cu\/flap2022\/files\/2022\/10\/105.pdf\" target=\"_blank\">105<\/a><\/td>\n<td colspan=\"4\" width=\"66\">IRAP-5<\/td>\n<td colspan=\"2\" width=\"161\"><a href=\"http:\/\/promociondeeventos.sld.cu\/flap2022\/files\/2022\/10\/105.pdf\" target=\"_blank\">Virus respiratorios identificados en el s\u00edndrome coqueluchoide en la poblaci\u00f3n pedi\u00e1trica de Santiago de Cuba<\/a><\/td>\n<td colspan=\"2\" width=\"189\"><strong><span style=\"text-decoration: underline\">Lisset Venero Hidalgo<\/span><\/strong>, Ma. Victoria Cabrera N\u00fa\u00f1ez, Ma. Victoria Soler P\u00e9rez<em>CMHEM Songo La Maya, Santiago de Cuba, Cuba.\u00a0 <\/em><a href=\"mailto:lissetvenero@nauta.cu\"><em>lissetvenero@nauta.cu<\/em><\/a><\/td>\n<\/tr>\n<tr>\n<td width=\"36\"><a href=\"http:\/\/promociondeeventos.sld.cu\/flap2022\/files\/2022\/10\/106.pdf\" target=\"_blank\">106<\/a><\/td>\n<td colspan=\"4\" width=\"66\">IRAP-6<\/td>\n<td colspan=\"2\" width=\"161\"><a href=\"http:\/\/promociondeeventos.sld.cu\/flap2022\/files\/2022\/10\/106.pdf\" target=\"_blank\">Patr\u00f3n de circulaci\u00f3n del Virus Sincitial Respiratorio Humano en ni\u00f1os menores de cinco a\u00f1os en Cuba, 2010-2015.<\/a><\/td>\n<td colspan=\"2\" width=\"189\"><strong><span style=\"text-decoration: underline\">Dianelvys Rosell<\/span><\/strong>, Odalys Vald\u00e9s1, Mayra Mun\u00e9, Susana Borroto,\u00a0 Suset Oropesa, Guelsys Gonz\u00e1lez, Rosmery\u00a0 Roque, Amely Arencibia, Javier Mart\u00ednez.<em>IPK, Cuba<\/em><a href=\"mailto:dianelvys.rosell@ipk.sld.cu\"><em>dianelvys.rosell@ipk.sld.cu<\/em><\/a><\/td>\n<\/tr>\n<tr>\n<td colspan=\"9\" width=\"451\"><strong>CONTROL DE VECTORES<\/strong><\/td>\n<\/tr>\n<tr>\n<td width=\"36\"><a href=\"http:\/\/promociondeeventos.sld.cu\/flap2022\/files\/2022\/10\/107.pdf\" target=\"_blank\">107<\/a><\/td>\n<td colspan=\"4\" width=\"66\">CV-1<\/td>\n<td colspan=\"2\" width=\"161\"><a href=\"http:\/\/promociondeeventos.sld.cu\/flap2022\/files\/2022\/10\/107.pdf\" target=\"_blank\">Efectos de la competencia larvaria intraespec\u00edfica de Aedes aegypti y Aedes albopictus en condiciones de laboratorio<\/a><\/td>\n<td colspan=\"2\" width=\"189\"><strong><span style=\"text-decoration: underline\">Yanisley Mart\u00ednez L\u00f3pez,<\/span><\/strong> Juan A. Bisset, Yanet Mart\u00ednez P\u00e9rez, Ren\u00e9 Gato Armas, Eric Camacho Acosta, Miriam Acosta Rodriguez, Maria del Carmen Marquetti Fern\u00e1ndez.<em>IPK, Cuba<\/em><a href=\"mailto:yanisley@ipk.sld.cu\"><em>yanisley@ipk.sld.cu<\/em><\/a><\/td>\n<\/tr>\n<tr>\n<td width=\"36\"><a href=\"http:\/\/promociondeeventos.sld.cu\/flap2022\/files\/2022\/11\/108.pdf\" target=\"_blank\">108<\/a><\/td>\n<td colspan=\"4\" width=\"66\">CV-2<\/td>\n<td colspan=\"2\" width=\"161\"><a href=\"http:\/\/promociondeeventos.sld.cu\/flap2022\/files\/2022\/11\/108.pdf\" target=\"_blank\">Bacillus thuringiensis (Berliner, 1911) (Bacillales: Bacillacea) Cuban isolates with larvicidal activity against mosquitos<\/a><\/td>\n<td colspan=\"2\" width=\"189\"><strong><span style=\"text-decoration: underline\">Aileen Gonz\u00e1lez Rizo, <\/span><\/strong>Celeste Ramirez Cardentey, Camilo E. Casta\u00e9t Martinez, Ariamys Companioni Iba\u00f1ez, Zulema Men\u00e9ndez Diaz, Lianet Monzote Fidalgo, Hilda M. Hernandez Alvarez.<em>IPK, Cuba<\/em><a href=\"mailto:aileen@ipk.sld.cu\"><em>aileen@ipk.sld.cu<\/em><\/a><\/td>\n<\/tr>\n<tr>\n<td width=\"36\"><a href=\"http:\/\/promociondeeventos.sld.cu\/flap2022\/files\/2022\/10\/109.pdf\" target=\"_blank\">109<\/a><\/td>\n<td colspan=\"4\" width=\"66\">CV-3<\/td>\n<td colspan=\"2\" width=\"161\"><a href=\"http:\/\/promociondeeventos.sld.cu\/flap2022\/files\/2022\/10\/109.pdf\" target=\"_blank\">La modelaci\u00f3n matem\u00e1tica y el clima: incidencia, repercusi\u00f3n e impacto en entidades transmisibles y organismos vectores<\/a><\/td>\n<td colspan=\"2\" width=\"189\"><strong><span style=\"text-decoration: underline\">Rigoberto Fimia-Duarte, <\/span><\/strong>Ricardo Os\u00e9s Rodr\u00edguez, Claudia Os\u00e9s Llanes, Freddy E. Zambrano Gavilanes, David del Valle Laveaga, Yanira Zaita Ferrer, Frank M. Wilford Gonz\u00e1lez. Jos\u00e9 Iannacone.<em>Facultad de Tecnolog\u00eda de la Salud y Enfermer\u00eda (FTSE), Universidad de Ciencias M\u00e9dicas de Villa Clara (UCM-VC), Cuba<\/em><a href=\"mailto:rigoberto.fimia66@gmail.com\"><em>rigoberto.fimia66@gmail.com<\/em><\/a><\/td>\n<\/tr>\n<tr>\n<td width=\"36\"><a href=\"http:\/\/promociondeeventos.sld.cu\/flap2022\/files\/2022\/10\/110.pdf\" target=\"_blank\">110<\/a><\/td>\n<td colspan=\"4\" width=\"66\">CV-4<\/td>\n<td colspan=\"2\" width=\"161\"><a href=\"http:\/\/promociondeeventos.sld.cu\/flap2022\/files\/2022\/10\/110.pdf\" target=\"_blank\">Prevalence of zoonotic endoparasites of synanthropic rodents from urban areas of Havana, Cuba<\/a><\/td>\n<td colspan=\"2\" width=\"189\"><strong><span style=\"text-decoration: underline\">Ariamys Companioni, <\/span><\/strong>Jorge D. Cantillo, Irais Atencio, Aileen Gonzalez\u00a0\u00a0 , Zulema Men\u00e9ndez, Fidel A Nu\u00f1ez.<em>IPK, Cuba<\/em><a href=\"mailto:ariamys@ipk.sld.cu\"><em>ariamys@ipk.sld.cu<\/em><\/a><\/td>\n<\/tr>\n<tr>\n<td width=\"36\"><a href=\"http:\/\/promociondeeventos.sld.cu\/flap2022\/files\/2022\/10\/111.pdf\" target=\"_blank\">111<\/a><\/td>\n<td colspan=\"4\" width=\"66\">CV-6<\/td>\n<td colspan=\"2\" width=\"161\"><a href=\"http:\/\/promociondeeventos.sld.cu\/flap2022\/files\/2022\/10\/111.pdf\" target=\"_blank\">Primer registro de transmisi\u00f3n vertical del virus dengue en una poblaci\u00f3n cubana Aedes albopictus<\/a><\/td>\n<td colspan=\"2\" width=\"189\"><strong><span style=\"text-decoration: underline\">MSc. Luis Augusto Piedra, <\/span><\/strong>Lic. Liss Claudia Mart\u00ednez , Lic. Armando Ruiz, DrC. Mar\u00eda Guadalupe Guzm\u00e1n, Lic. Juan Ram\u00f3n V\u00e1zquez, DrC. Juan A. Bisset.<em>IPK, Cuba<\/em><a href=\"mailto:piedra@ipk.sld.cu\"><em>piedra@ipk.sld.cu<\/em><\/a><\/td>\n<\/tr>\n<tr>\n<td width=\"36\"><a href=\"http:\/\/promociondeeventos.sld.cu\/flap2022\/files\/2022\/10\/112.pdf\" target=\"_blank\">112<\/a><\/td>\n<td colspan=\"4\" width=\"66\">CV-7<\/td>\n<td colspan=\"2\" width=\"161\"><a href=\"http:\/\/promociondeeventos.sld.cu\/flap2022\/files\/2022\/10\/112.pdf\" target=\"_blank\">Comportamiento entomoepidemiol\u00f3gico de la focalidad por mosquito Aedes aegypti en dos Consejos Populares, Majibacoa 2020.<\/a><\/td>\n<td colspan=\"2\" width=\"189\"><strong><span style=\"text-decoration: underline\">Cabrales Le\u00f3n, Martha Odalis,<\/span><\/strong> Marti Cruz, Mariela, Gongora Arias, Katia<sup>, <\/sup>Bueno Ag\u00fcero, Rolando<sup>, <\/sup>Doval Fis,Yanet,\u00a0 L\u00f3pez Morales Nadieska,\u00a0 Leyva Le\u00f3n \u00a0\u00a0\u00a0\u00c0ngela iraice.<em>Centro Provincial de Higiene y Epidemiologia, Las Tunas.<\/em><a href=\"mailto:martacabrales@ltu.sld.cu\"><em>martacabrales@ltu.sld.cu<\/em><\/a><\/td>\n<\/tr>\n<tr>\n<td colspan=\"9\" width=\"451\"><strong><span style=\"text-decoration: underline\">Moderadores y coordinadores:<\/span><\/strong><strong> Prof. Felix Dickinson, IPK, Cuba; Prof. Daniel Gonzalez Rubio, IPK, Cuba<\/strong><\/td>\n<\/tr>\n<tr>\n<td width=\"36\"><strong>N\u00famero de Poster<\/strong><\/td>\n<td colspan=\"4\" width=\"66\"><strong>C\u00f3digo\u00a0 del Resumen<\/strong><\/td>\n<td colspan=\"2\" width=\"161\"><strong>T\u00edtulo del trabajo<\/strong><\/td>\n<td colspan=\"2\" width=\"189\"><strong>Autor(es)<\/strong><\/td>\n<\/tr>\n<tr>\n<td colspan=\"9\" width=\"451\"><strong>INFECCIONES DE TRANSMISI\u00d3N SEXUAL<\/strong><\/td>\n<\/tr>\n<tr>\n<td width=\"36\"><a href=\"http:\/\/promociondeeventos.sld.cu\/flap2022\/files\/2022\/10\/113.pdf\" target=\"_blank\">113<\/a><\/td>\n<td colspan=\"4\" width=\"66\">ITSP-1<\/td>\n<td colspan=\"2\" width=\"161\"><a href=\"http:\/\/promociondeeventos.sld.cu\/flap2022\/files\/2022\/10\/113.pdf\" target=\"_blank\">Caracterizaci\u00f3n de las infecciones genitales bajas no virales en j\u00f3venes femeninas procedentes de la consulta de ginecolog\u00eda infanto juvenil.<\/a><\/td>\n<td colspan=\"2\" width=\"189\"><strong><span style=\"text-decoration: underline\">Dr. Rafael Abreu Duarte<\/span><\/strong>, Dra. Maida L\u00f3pez P\u00e9rez, Dra. Enma Truffin Truffin,Dra. Noira Duran Morera, Dra. Mar\u00eda de Lourdes S\u00e1nchez \u00c1lvarez, Dra. Dianiley Gracias G\u00f3mez.<em>Centro Provincial de Higiene Epidemiolog\u00eda y Microbiolog\u00eda de Villa Clara, Cuba<\/em><a href=\"mailto:abreuduarterafael3@gmail.com\"><em>abreuduarterafael3@gmail.com<\/em><\/a><\/td>\n<\/tr>\n<tr>\n<td width=\"36\"><a href=\"http:\/\/promociondeeventos.sld.cu\/flap2022\/files\/2022\/10\/114.pdf\" target=\"_blank\">114<\/a><\/td>\n<td colspan=\"4\" width=\"66\">ITSP-2<\/td>\n<td colspan=\"2\" width=\"161\"><a href=\"http:\/\/promociondeeventos.sld.cu\/flap2022\/files\/2022\/10\/114.pdf\" target=\"_blank\">Infecci\u00f3n genitourinaria en gestantes con amenaza de parto pret\u00e9rmino.<\/a><\/td>\n<td colspan=\"2\" width=\"189\"><strong>Dra. Maida L\u00f3pez P\u00e9rez<\/strong>, Dr. Juan Antonio Su\u00e1rez Gonz\u00e1lez, Dra. DianileyGarc\u00eda G\u00f3mez, Dra. Mar\u00eda Rosa Cabrera Delgado, Dr. Edenis Garc\u00eda \u00c1lvarez, Dr. Rafael Abreu Duarte .<em>Hospital Gineco-\u00f3bst\u00e9trico Mariana Grajales, Santa Clara, Villa Clara. <\/em><a href=\"mailto:maidalp@infomed.sld.cu\"><em>maidalp@infomed.sld.cu<\/em><\/a><\/td>\n<\/tr>\n<tr>\n<td width=\"36\"><a href=\"http:\/\/promociondeeventos.sld.cu\/flap2022\/files\/2022\/11\/115.pdf\" target=\"_blank\">115<\/a><\/td>\n<td colspan=\"4\" width=\"66\">ITSP-3<\/td>\n<td colspan=\"2\" width=\"161\"><a href=\"http:\/\/promociondeeventos.sld.cu\/flap2022\/files\/2022\/11\/115.pdf\" target=\"_blank\">INTERVENCI\u00d3N EDUCATIVA SOBRE INFECCIONES DE TRANSMISI\u00d3N SEXUAL EN ADOLESCENTES DE LA SECUNDARIA MANUEL ASCUNCE DOMENECH.<\/a><\/td>\n<td colspan=\"2\" width=\"189\"><strong><span style=\"text-decoration: underline\">Dra. Hayme\u00e9 Escalona Rodr\u00edguez<\/span><\/strong>, Lic. Ester Rafaela Rodr\u00edguez Machado, Dr. Jes\u00fas Alberto Roa Saborit, Lic. Alejandro Pelegrino Rivero, Lic. Yusdeilis Ram\u00edrez Araujo.<em>Policl\u00ednico #3\u201dRen\u00e9 Vallejo Ortiz, Universidad de Ciencias M\u00e9dicas de Granma. Cuba.<\/em><a href=\"mailto:haymee95@nauta.cu\"><em>haymee95@nauta.cu<\/em><\/a><\/td>\n<\/tr>\n<tr>\n<td width=\"36\"><a href=\"http:\/\/promociondeeventos.sld.cu\/flap2022\/files\/2022\/10\/116.pdf\" target=\"_blank\">116<\/a><\/td>\n<td colspan=\"4\" width=\"66\">ITSP-4<\/td>\n<td colspan=\"2\" width=\"161\"><a href=\"http:\/\/promociondeeventos.sld.cu\/flap2022\/files\/2022\/10\/116.pdf\" target=\"_blank\">DIAGN\u00d3STICO DE S\u00cdFILIS ADQUIRIDA EN PACIENTES INFECTADOS CON SARS-CoV-2.<\/a><\/td>\n<td colspan=\"2\" width=\"189\"><strong><span style=\"text-decoration: underline\">Yanara Garc\u00eda Leyva<\/span><\/strong>, Orestes A. Blanco Gonz\u00e1lez, Kenia Gonz\u00e1lez Gonz\u00e1lez.Hospital Especializado Dermatol\u00f3gico \u201cDr. Guillermo Fern\u00e1ndez Hern\u00e1ndez-Baquero\u201d<a href=\"mailto:yaniariel2009@gmail.com\">yaniariel2009@gmail.com<\/a><\/td>\n<\/tr>\n<tr>\n<td width=\"36\"><a href=\"http:\/\/promociondeeventos.sld.cu\/flap2022\/files\/2022\/10\/117.pdf\" target=\"_blank\">117<\/a><\/td>\n<td colspan=\"4\" width=\"66\">ITSP-5<\/td>\n<td colspan=\"2\" width=\"161\"><a href=\"http:\/\/promociondeeventos.sld.cu\/flap2022\/files\/2022\/10\/117.pdf\" target=\"_blank\">Diagn\u00f3stico de micoplasmas urogenitales en mujeres con infertilidad<\/a><\/td>\n<td colspan=\"2\" width=\"189\"><strong><span style=\"text-decoration: underline\">Dra Lexys Lescay Lagno<\/span><\/strong>, Dra Yisell Isaac, Dra Ekaterines Zayas Tamayo, Lic. Ivett Mesa Castellanos, Dra Karelia Columbi\u00e9 Gonz\u00e1lez<em>Sociedad Cient\u00edfica de Microbiolog\u00eda y Parasitolog\u00eca Santiago de Cuba, Laboratorio Provincial de Higiene Epidemiologia y Microbiologia Santiago de Cuba, Cuba. <\/em><a href=\"mailto:lexysl@nauta.cu\"><em>lexysl@nauta.cu<\/em><\/a><\/td>\n<\/tr>\n<tr>\n<td width=\"36\">118<\/td>\n<td colspan=\"4\" width=\"66\">ITSP-6<\/td>\n<td colspan=\"2\" width=\"161\"><a href=\"http:\/\/promociondeeventos.sld.cu\/flap2022\/files\/2022\/11\/118-.pdf\" target=\"_blank\">Comportamiento de la S\u00edfilis en un \u00c1rea de Salud<\/a><\/td>\n<td colspan=\"2\" width=\"189\"><strong><span style=\"text-decoration: underline\">Apaulaza Corrales, Kirenia<\/span><\/strong>, Cabrera Prado, Anicia, S\u00e1nchez Rojas, Jos\u00e9 Manuel; Miranda Concepci\u00f3n, Lorenzo Antonio, Valle Bre\u00f1a Helen.<em>Centro Municipal Higiene Epidemiolog\u00eda y Microbiolog\u00eda Guane. Cuba. <\/em><a href=\"mailto:microguane@infomed.sld.cu\"><em>microguane@infomed.sld.cu<\/em><\/a><\/td>\n<\/tr>\n<tr>\n<td width=\"36\"><a href=\"http:\/\/promociondeeventos.sld.cu\/flap2022\/files\/2022\/10\/119.pdf\" target=\"_blank\">119<\/a><\/td>\n<td colspan=\"4\" width=\"66\">ITSP-7<\/td>\n<td colspan=\"2\" width=\"161\"><a href=\"http:\/\/promociondeeventos.sld.cu\/flap2022\/files\/2022\/10\/119.pdf\" target=\"_blank\">Detecci\u00f3n de papilomavirus humano por PCR en tiempo real en muestras endocervicales. Reporte preliminar<\/a><\/td>\n<td colspan=\"2\" width=\"189\"><strong><span style=\"text-decoration: underline\">Ma. Victoria Cabrera N\u00fa\u00f1ez<\/span><\/strong>, Liliana Delgado Gonz\u00e1lez, Yaimara Rodr\u00edguez P\u00e9rez, Mariolvis Mora Su\u00e1rez.<em>Centro Provincial de Higiene, Epidemiolog\u00eda y Microbiolog\u00eda <\/em><a href=\"mailto:mvcabrera@infomed.sld.cu\"><em>mvcabrera@infomed.sld.cu<\/em><\/a><\/td>\n<\/tr>\n<tr>\n<td width=\"36\"><a href=\"http:\/\/promociondeeventos.sld.cu\/flap2022\/files\/2022\/10\/120.pdf\" target=\"_blank\">120<\/a><\/td>\n<td colspan=\"4\" width=\"66\">ITSP-8<\/td>\n<td colspan=\"2\" width=\"161\"><a href=\"http:\/\/promociondeeventos.sld.cu\/flap2022\/files\/2022\/10\/120.pdf\" target=\"_blank\">Identificaci\u00f3n de micoplasmas en secreciones genitales<\/a><\/td>\n<td colspan=\"2\" width=\"189\"><strong><span style=\"text-decoration: underline\">Inara P\u00e9rez Zayas<\/span><\/strong><a href=\"mailto:inara.perez@nauta.cu\"><em>inara.perez@nauta.cu<\/em><\/a><\/td>\n<\/tr>\n<tr>\n<td width=\"36\">121<\/td>\n<td colspan=\"4\" width=\"66\">ITSP-9<\/td>\n<td colspan=\"2\" width=\"161\">Infecci\u00f3n por Chlamydia trachomatis y Virus del Papiloma Humano en grupos de la poblaci\u00f3n infanto-juvenil femenina cubana, 2019-2020.<\/td>\n<td colspan=\"2\" width=\"189\"><strong><span style=\"text-decoration: underline\">Yudira Soto Brito<\/span><\/strong>, Celeste Ramirez Cardentey, Darien Alejandro Fonseca Castro, Juan Carlos Pi\u00f1a Napal, Julio Cesar Cera Mulet, Yoanna Ba\u00f1os Morales y Vivian Kouri Cardell\u00e1.<em>IPK, Cuba. <\/em><a href=\"mailto:Yudira@ipk.sld.cu\"><em>Yudira@ipk.sld.cu<\/em><\/a><\/td>\n<\/tr>\n<tr>\n<td width=\"36\">122<\/td>\n<td colspan=\"4\" width=\"66\">ITSP-10<\/td>\n<td colspan=\"2\" width=\"161\">DIAGN\u00d3STICO CL\u00cdNICO DE LA VAGINOSIS BACTERIANA<\/td>\n<td colspan=\"2\" width=\"189\"><strong><span style=\"text-decoration: underline\">Mar\u00eda de Jes\u00fas Rodr\u00edguez D\u00edaz<\/span><\/strong>, Diover Ram\u00f3n Pargas Verdecia, Ivett Mesa Castellanos<em>Centro Provincial de Higiene-Epidemiolog\u00eda y Microbiolog\u00eda, Cuba <\/em><a href=\"mailto:mariadejesusrodriguezdiaz339@gmail.com\"><em>mariadejesusrodriguezdiaz339@gmail.com<\/em><\/a><\/td>\n<\/tr>\n<tr>\n<td width=\"36\"><a href=\"http:\/\/promociondeeventos.sld.cu\/flap2022\/files\/2022\/10\/123.pdf\" target=\"_blank\">123<\/a><\/td>\n<td colspan=\"4\" width=\"66\">ITS-11<\/td>\n<td colspan=\"2\" width=\"161\"><a href=\"http:\/\/promociondeeventos.sld.cu\/flap2022\/files\/2022\/10\/123.pdf\" target=\"_blank\">Detecci\u00f3n y susceptibilidad antimicrobiana in vitro de Mycoplasma hominis en muestras cl\u00ednicas de pacientes con infecciones urogenitales (IPK, 2020-2021)<\/a><\/td>\n<td colspan=\"2\" width=\"189\"><strong><span style=\"text-decoration: underline\">Yenis Ram\u00edrez Cintra<\/span><\/strong>, Nadia M Rodr\u00edguez Preval, Ruxana Sardi\u00f1as Morales, Osleydi Pomares C\u00e1rdenas.<em>IPK, Cuba <\/em><a href=\"mailto:yenis.ramirez@ipk.sld.cu\"><em>yenis.ramirez@ipk.sld.cu<\/em><\/a><\/td>\n<\/tr>\n<tr>\n<td width=\"36\"><a href=\"http:\/\/promociondeeventos.sld.cu\/flap2022\/files\/2022\/10\/124.pdf\" target=\"_blank\">124<\/a><\/td>\n<td colspan=\"4\" width=\"66\">ITS-12<\/td>\n<td colspan=\"2\" width=\"161\"><a href=\"http:\/\/promociondeeventos.sld.cu\/flap2022\/files\/2022\/10\/124.pdf\" target=\"_blank\">Un m\u00e9todo simple y robusto para la detecci\u00f3n de <em>Mycoplasma<\/em> en l\u00edneas celulares usando Sybr Green<\/a><\/td>\n<td colspan=\"2\" width=\"189\"><strong><span style=\"text-decoration: underline\">Gerardo Ra\u00fal D\u00edez Rodr\u00edguez<\/span><\/strong>, Leidy Marian Valencia Garc\u00eda, Evelyn Lobo Rivero, Nadia Mar\u00eda Rodr\u00edguez Preval, Adriana Carr P\u00e9rez.<em>Centro de Inmunolog\u00eda Molecular (CIM), Cuba. <\/em><a href=\"mailto:gerardod@cim.sld.cu\"><em>gerardod@cim.sld.cu<\/em><\/a><\/td>\n<\/tr>\n<tr>\n<td colspan=\"9\" width=\"451\"><strong>VIH<\/strong><\/td>\n<\/tr>\n<tr>\n<td width=\"36\"><a href=\"http:\/\/promociondeeventos.sld.cu\/flap2022\/files\/2022\/10\/125.pdf\" target=\"_blank\">125<\/a><\/td>\n<td colspan=\"4\" width=\"66\">VIHP-1<\/td>\n<td colspan=\"2\" width=\"161\"><a href=\"http:\/\/promociondeeventos.sld.cu\/flap2022\/files\/2022\/10\/125.pdf\" target=\"_blank\">Caracterizaci\u00f3n de la carga viral plasm\u00e1tica comunitaria de virus de inmunodeficiencia humana en Villa Clara.<\/a><\/td>\n<td colspan=\"2\" width=\"189\"><strong><span style=\"text-decoration: underline\">Dr. Rafael Abreu Duarte<\/span><\/strong>, Dra. Mar\u00eda de Lourdes S\u00e1nchez \u00c1lvarez, Lic. LilianaApecechea Ramos, Dra. Marlevis Bello P\u00e9rez, Dra. Yaneisy Vald\u00e9z Rodr\u00edguez, Dr. Ermis Gonz\u00e1lez Mart\u00ednez.<em>Centro Provincial de Higiene Epidemiolog\u00eda y Microbiolog\u00eda de Villa Clara, Cuba.<\/em><em>\u00a0<\/em><a href=\"mailto:abreuduarterafael3@gmail.com\"><em>abreuduarterafael3@gmail.com<\/em><\/a><\/td>\n<\/tr>\n<tr>\n<td width=\"36\"><a href=\"http:\/\/promociondeeventos.sld.cu\/flap2022\/files\/2022\/10\/126.pdf\" target=\"_blank\">126<\/a><\/td>\n<td colspan=\"4\" width=\"66\">VIHP-2<\/td>\n<td colspan=\"2\" width=\"161\"><a href=\"http:\/\/promociondeeventos.sld.cu\/flap2022\/files\/2022\/10\/126.pdf\" target=\"_blank\">Caracterizaci\u00f3n epidemiol\u00f3gica de las personas de 50 a\u00f1os y m\u00e1s con VIH\/sida. Las Tunas. 2018-2021.<\/a><\/td>\n<td colspan=\"2\" width=\"189\"><strong><span style=\"text-decoration: underline\">Cabrales Le\u00f3n, Martha Odalis<\/span><\/strong>; P\u00e9rez Ojeda Mildre Dolores; Leyva Le\u00f3n ,\u00c1ngela Iraice; Barzaga Garc\u00eda, Ana Elvis; Gonz\u00e1lez Reyes, Elena del Carmen; Ayala Garc\u00eda , Mayelin.<em>Centro Provincial de Higiene, Epidemiolog\u00eda y Microbiolog\u00eda Las Tunas. Cuba <\/em><a href=\"mailto:martacabrales@ltu.sld.cu\"><em>martacabrales@ltu.sld.cu<\/em><\/a><\/td>\n<\/tr>\n<tr>\n<td width=\"36\"><a href=\"http:\/\/promociondeeventos.sld.cu\/flap2022\/files\/2022\/10\/127.pdf\" target=\"_blank\">127<\/a><\/td>\n<td colspan=\"4\" width=\"66\">VIHP-3<\/td>\n<td colspan=\"2\" width=\"161\"><a href=\"http:\/\/promociondeeventos.sld.cu\/flap2022\/files\/2022\/10\/127.pdf\" target=\"_blank\">Linfadenistis por Mycobaterium tuiberculosis en pacientes inmunocompetentes y viviendo con VIH.<\/a><\/td>\n<td colspan=\"2\" width=\"189\"><strong>Lilian Maria Mederos Cuervo, <\/strong>Misleydis Sardi\u00f1as Aragon, Miguel Angel SAcosta Suarez, Grechen Garcia Leon, Maria Rosarys Martinez Romero, Raul Diaz Rodriguez.<em>IPK, Cuba <\/em><a href=\"mailto:mederos@ipk.sld.cu\"><em>mederos@ipk.sld.cu<\/em><\/a><\/td>\n<\/tr>\n<tr>\n<td width=\"36\"><a href=\"http:\/\/promociondeeventos.sld.cu\/flap2022\/files\/2022\/10\/128.pdf\" target=\"_blank\">128<\/a><\/td>\n<td colspan=\"4\" width=\"66\">VIHP-4<\/td>\n<td colspan=\"2\" width=\"161\"><a href=\"http:\/\/promociondeeventos.sld.cu\/flap2022\/files\/2022\/10\/128.pdf\" target=\"_blank\">Alteraciones del metabolismo oxidativo en pacientes VIH\/sida con las coinfecciones VIH\/tuberculosis y VIH\/VHC<\/a><\/td>\n<td colspan=\"2\" width=\"189\"><strong><span style=\"text-decoration: underline\">Gravier Rosario<\/span><\/strong>, Gil Lizette, Barcala Alina, Vald\u00e9s Lidunka, Berm\u00fadez Yusimit, Hern\u00e1ndez Mar\u00eda Carla.<em>IPK, Cuba <\/em><a href=\"mailto:rosariog@ipk.sld.cu\"><em>rosariog@ipk.sld.cu<\/em><\/a><\/td>\n<\/tr>\n<tr>\n<td width=\"36\">129<\/td>\n<td colspan=\"4\" width=\"66\">VIHP-5<\/td>\n<td colspan=\"2\" width=\"161\">Coexistencia de dos infecciones oportunistas del Sistema Nervioso Central como forma de reconstituci\u00f3n inmune.<\/td>\n<td colspan=\"2\" width=\"189\"><strong><span style=\"text-decoration: underline\">Lorena V\u00e1zquez\u00a0 Bello<\/span><\/strong>, Isbbel Planells Ortiz, Ernesto Roberto Urquiola Gonzalez, Milena duque Vizcaino, Nuris Lien Herrera Marrero, Ana Yipsis Villar Veitia.<em>IPK, Cuba <\/em><a href=\"mailto:lorena.vazquez@ipk.sld.cu\"><em>lorena.vazquez@ipk.sld.cu<\/em><\/a><\/td>\n<\/tr>\n<tr>\n<td width=\"36\"><a href=\"http:\/\/promociondeeventos.sld.cu\/flap2022\/files\/2022\/10\/130.pdf\" target=\"_blank\">130<\/a><\/td>\n<td colspan=\"4\" width=\"66\">VIHP-6<\/td>\n<td colspan=\"2\" width=\"161\"><a href=\"http:\/\/promociondeeventos.sld.cu\/flap2022\/files\/2022\/10\/130.pdf\" target=\"_blank\">Pancitopenia como forma de presentaci\u00f3n de Linfoma intravascular de c\u00e9lulas B grande en paciente VIH\/SIDA\u201d<\/a><\/td>\n<td colspan=\"2\" width=\"189\"><strong><span style=\"text-decoration: underline\">Isbbel Planells Ortiz<\/span><\/strong>, Lorena V\u00e1zquez\u00a0 Bello, Jorge Luis Valdez Fuster, Ernesto Roberto Urquiola Gonzalez.<em>IPK, Cuba <\/em><a href=\"mailto:isbbelplanells@ipk.sld.cu\"><em>isbbelplanells@ipk.sld.cu<\/em><\/a><\/td>\n<\/tr>\n<tr>\n<td width=\"36\"><a href=\"http:\/\/promociondeeventos.sld.cu\/flap2022\/files\/2022\/10\/131.pdf\" target=\"_blank\">131<\/a><\/td>\n<td colspan=\"4\" width=\"66\">VIHP-7<\/td>\n<td colspan=\"2\" width=\"161\"><a href=\"http:\/\/promociondeeventos.sld.cu\/flap2022\/files\/2022\/10\/131.pdf\" target=\"_blank\">Aspergilosis pulmonar invasiva como forma de reconstituci\u00f3n inmune en paciente VIH\/SIDA.<\/a><\/td>\n<td colspan=\"2\" width=\"189\"><strong><span style=\"text-decoration: underline\">Lorena V\u00e1zquez\u00a0 Bello<\/span><\/strong>, Milena duque Vizcaino, Isbbel Planells Ortiz. Nuris Lien Herrera Marrero, Ana Yipsis Villar Veitia, Annia Miriam Gonzalez Paredes.<em>IPK, Cuba<\/em><a href=\"mailto:lorena.vazquez@ipk.sld.cu\"><em>lorena.vazquez@ipk.sld.cu<\/em><\/a><\/td>\n<\/tr>\n<tr>\n<td width=\"36\"><a href=\"http:\/\/promociondeeventos.sld.cu\/flap2022\/files\/2022\/10\/132.pdf\" target=\"_blank\">132<\/a><\/td>\n<td colspan=\"4\" width=\"66\">VIHP-8<\/td>\n<td colspan=\"2\" width=\"161\"><a href=\"http:\/\/promociondeeventos.sld.cu\/flap2022\/files\/2022\/10\/132.pdf\" target=\"_blank\">Factores relacionados a la respuesta de la terapia antirretroviral en ni\u00f1os y adolescentes con VIH\/Sida, IPK, 2018-2020.<\/a><\/td>\n<td colspan=\"2\" width=\"189\"><strong><span style=\"text-decoration: underline\">Annia Miriam Gonz\u00e1lez Paredes, <\/span><\/strong>Eric Mart\u00ednez Torres, Marta Castro Peraza, Yasxier de Armas.<em>IPK, Cuba<\/em><a href=\"mailto:anniamgp82@ipk.sld.cu\"><em>anniamgp82@ipk.sld.cu<\/em><\/a><\/td>\n<\/tr>\n<tr>\n<td colspan=\"9\" width=\"451\"><strong>GENERAL<\/strong><\/td>\n<\/tr>\n<tr>\n<td width=\"36\"><a href=\"http:\/\/promociondeeventos.sld.cu\/flap2022\/files\/2022\/10\/133.pdf\" target=\"_blank\">133<\/a><\/td>\n<td colspan=\"4\" width=\"66\">GP-1<\/td>\n<td colspan=\"2\" width=\"161\"><a href=\"http:\/\/promociondeeventos.sld.cu\/flap2022\/files\/2022\/10\/133.pdf\" target=\"_blank\">Comportamiento de la Lepra en la provincia de Las Tunas 2002-2021.<\/a><\/td>\n<td colspan=\"2\" width=\"189\"><strong><span style=\"text-decoration: underline\">Cabrales Le\u00f3n, Martha Odalis<\/span><\/strong>; Leyva Le\u00f3n ,\u00c1ngela Iraice; Gonz\u00e1lez Salazar, Mar\u00eda Teresa; Medina Tamayo Isabel Elvira; Reyes Ruz, Yoiner Ernesto; Pimentel del Sol, Ariana Eugenia; S\u00e1nchez Vidal Lissette de la Carida.<em>Centro Provincial de Higiene, Epidemiolog\u00eda y Microbiolog\u00eda Las Tunas. Cuba<\/em><a href=\"mailto:martacabrales@ltu.sld.cu\"><em>martacabrales@ltu.sld.cu<\/em><\/a><\/td>\n<\/tr>\n<tr>\n<td width=\"36\"><a href=\"http:\/\/promociondeeventos.sld.cu\/flap2022\/files\/2022\/10\/134.pdf\" target=\"_blank\">134<\/a><\/td>\n<td colspan=\"4\" width=\"66\">GP-2<\/td>\n<td colspan=\"2\" width=\"161\"><a href=\"http:\/\/promociondeeventos.sld.cu\/flap2022\/files\/2022\/10\/134.pdf\" target=\"_blank\">Conocimiento de Lepra en m\u00e9dicos de la familia del Policl\u00ednico Docente \u201cGuillermo Tejas Silva\u201d del municipio Las Tunas.<\/a><\/td>\n<td colspan=\"2\" width=\"189\"><strong><span style=\"text-decoration: underline\">S\u00e1nchez Vidal Lissette de la Caridad<\/span><\/strong><strong>; <\/strong>Cabrales Le\u00f3n, Martha Odalis<sup>; <\/sup>Acosta Garc\u00eda Yumara<sup>; <\/sup>Leyva Le\u00f3n, \u00c1ngela Iraice .<em>Centro Provincial de Higiene, Epidemiolog\u00eda y Microbiolog\u00eda Las Tunas. Cuba <\/em><a href=\"mailto:lissette6211@gmail.com\"><em>lissette6211@gmail.com<\/em><\/a><\/td>\n<\/tr>\n<tr>\n<td width=\"36\"><a href=\"http:\/\/promociondeeventos.sld.cu\/flap2022\/files\/2022\/10\/135.pdf\" target=\"_blank\">135<\/a><\/td>\n<td colspan=\"4\" width=\"66\">GP-3<\/td>\n<td colspan=\"2\" width=\"161\"><a href=\"http:\/\/promociondeeventos.sld.cu\/flap2022\/files\/2022\/10\/135.pdf\" target=\"_blank\">D-test: una prueba sencilla pero necesaria en los laboratorios de Microbiolog\u00eda.<\/a><\/td>\n<td colspan=\"2\" width=\"189\"><strong><span style=\"text-decoration: underline\">Alina Choy Marrero<\/span><\/strong>; Mayda Guerra Mart\u00ednez; Yaumara Aguilera Calzadilla; Yasel D\u00edaz S\u00e1nchez; Reinier Coca Guti\u00e9rrez; Thal\u00eda Alina Oliva Choy; Marian Castro Guerra<em>Hospital Provincial Ginecobst\u00e9trico Docente \u201cMariana Grajales\u201d, Villa Clara, Cuba<\/em>.<a href=\"mailto:alinachm@infomed.sld.cu\"><em>alinachm@infomed.sld.cu<\/em><\/a><\/td>\n<\/tr>\n<tr>\n<td width=\"36\"><a href=\"http:\/\/promociondeeventos.sld.cu\/flap2022\/files\/2022\/11\/136.pdf\" target=\"_blank\">136<\/a><\/td>\n<td colspan=\"4\" width=\"66\">GP-4<\/td>\n<td colspan=\"2\" width=\"161\"><a href=\"http:\/\/promociondeeventos.sld.cu\/flap2022\/files\/2022\/11\/136.pdf\" target=\"_blank\">Medio de transporte alternativo\u00a0 para la recuperaci\u00f3n de Helicobacter spp. a partir de biopsias g\u00e1stricas en pacientes disp\u00e9pticos<\/a><\/td>\n<td colspan=\"2\" width=\"189\"><strong><span style=\"text-decoration: underline\">Eduardo A. Vald\u00e9s Ramos<\/span><\/strong>, Rosabel Falc\u00f3n Marquez, Yainelys Martin Montes de Oca, Onelkys Feliciano Sarmiento<em>IPK, Cuba <\/em><a href=\"mailto:Tony@ipk.sld.cu\"><em>Tony@ipk.sld.cu<\/em><\/a><\/td>\n<\/tr>\n<tr>\n<td width=\"36\">137<\/td>\n<td colspan=\"4\" width=\"66\">GP-5<\/td>\n<td colspan=\"2\" width=\"161\">La microbiota y su relaci\u00f3n con la salud humana<\/td>\n<td colspan=\"2\" width=\"189\"><strong><span style=\"text-decoration: underline\">P\u00e9rez Guti\u00e9rrez, Mirielys <\/span><\/strong><em>Centro Provincial de Higiene, Epidemiolog\u00eda y Microbiolog\u00eda de La Habana. Departamento Provincial de Laboratorios &#8211; Secci\u00f3n Microbiolog\u00eda. La Habana, CUBA <\/em><a href=\"mailto:mirielispg@infomed.sld.cu\"><em>mirielispg@infomed.sld.cu<\/em><\/a><em>\u00a0\u00a0 <\/em><\/td>\n<\/tr>\n<tr>\n<td width=\"36\"><a href=\"http:\/\/promociondeeventos.sld.cu\/flap2022\/files\/2022\/11\/138.pdf\" target=\"_blank\">138<\/a><\/td>\n<td colspan=\"4\" width=\"66\">GP-6<\/td>\n<td colspan=\"2\" width=\"161\"><a href=\"http:\/\/promociondeeventos.sld.cu\/flap2022\/files\/2022\/11\/138.pdf\" target=\"_blank\">BIOSEGURIDAD EN LOS LABORATORIOS BIOM\u00c9DICOS<\/a><\/td>\n<td colspan=\"2\" width=\"189\"><strong><span style=\"text-decoration: underline\">Lic. Ester Rafaela Rodr\u00edguez Machado<\/span><\/strong>, MSc. Francisco Aguilar Ca\u00f1ete, Tec. Noelvis Naranjo P\u00e9rez<em>Universidad de Ciencias M\u00e9dicas de Granma, Cuba.<\/em><a href=\"mailto:esterm@infomed.sld.cu\"><em>esterm@infomed.sld.cu<\/em><\/a><\/td>\n<\/tr>\n<tr>\n<td width=\"36\">139<\/td>\n<td colspan=\"4\" width=\"66\">GP-7<\/td>\n<td colspan=\"2\" width=\"161\">Insuficiencia Renal Cr\u00f3nica. Revisi\u00f3n Bibliogr\u00e1fica.<\/td>\n<td colspan=\"2\" width=\"189\"><strong><span style=\"text-decoration: underline\">Genovevo Mesa Moreno <\/span><\/strong><em>CPHEM La Habana\/Dpto. Prov. Laboratorios, Cuba.<\/em><a href=\"mailto:quimicacph@infomed.sld.cu\"><em>quimicacph@infomed.sld.cu<\/em><\/a><\/td>\n<\/tr>\n<tr>\n<td width=\"36\">140<\/td>\n<td colspan=\"4\" width=\"66\">GP-8<\/td>\n<td colspan=\"2\" width=\"161\">Estudio nutricional en el Hospital\u00a0 Psiqui\u00e1trico Dr. Bernab\u00e9 Ordaz de la Habana.<\/td>\n<td colspan=\"2\" width=\"189\"><strong><span style=\"text-decoration: underline\">Fleitas Hern\u00e1ndez, Maixdane<\/span><\/strong>; Mesa Moreno, Genovevo; Sosa Rodr\u00edguez, Sandra; Bonilla Sierra, Greitti; Minsal Olivera, Isabel; Sotolongo Aldama, Yordanka; Sayut Ben\u00edtez, Ibis<em>CPHEM La Habana\/Dpto. Prov. Laboratorios, Secci\u00f3n Qu\u00edmica Sanitaria,\u00a0 Cuba <\/em><a href=\"mailto:quimicacph@infomed.sld.cu\"><em>quimicacph@infomed.sld.cu<\/em><\/a><\/td>\n<\/tr>\n<tr>\n<td width=\"36\"><a href=\"http:\/\/promociondeeventos.sld.cu\/flap2022\/files\/2022\/11\/141.pdf\" target=\"_blank\">141<\/a><\/td>\n<td colspan=\"4\" width=\"66\">GP-9<\/td>\n<td colspan=\"2\" width=\"161\"><a href=\"http:\/\/promociondeeventos.sld.cu\/flap2022\/files\/2022\/11\/141.pdf\" target=\"_blank\">Helicobacter pylori y par\u00e1sitos intestinales en ni\u00f1os: posible asociaci\u00f3n e influencia del ambiente intrafamiliar.<\/a><\/td>\n<td colspan=\"2\" width=\"189\"><strong><span style=\"text-decoration: underline\">Rosabel Falc\u00f3n<\/span><\/strong>, Onelkis Feliciano, Luis E. Jerez, Mayris Pe\u00f1alver, Magil\u00e9 Fonseca, Tatiana Almaguer, Oderay Gutierrez, Idalmis Aguilera, Daime Guilarte,\u00a0 Rafael Llanes.<em>IPK, Cuba<\/em><a href=\"mailto:rosabel@ipk.sld.cu\"><em>rosabel@ipk.sld.cu<\/em><\/a><\/td>\n<\/tr>\n<tr>\n<td width=\"36\">142<\/td>\n<td colspan=\"4\" width=\"66\">GP-10<\/td>\n<td colspan=\"2\" width=\"161\">Circulaci\u00f3n de la parotiditis en Cuba en el periodo enero 2017-diciembre 2019.<strong>\u00a0<\/strong><\/td>\n<td colspan=\"2\" width=\"189\"><strong><span style=\"text-decoration: underline\">Marialys Linares Barrios<\/span><\/strong>, Mar\u00eda de los \u00c1ngeles Ribas, Lissette P\u00e9rez, Yahisel Tejero, Yanislet Cordero, Suset Oropesa, Ceila Columbi\u00e9, \u00c1ngeles Machado.<em>IPK, Cuba <\/em><a href=\"mailto:marialys@ipk.sld.cu\"><em>marialys@ipk.sld.cu<\/em><\/a><\/td>\n<\/tr>\n<tr>\n<td width=\"36\"><a href=\"http:\/\/promociondeeventos.sld.cu\/flap2022\/files\/2022\/10\/143.pdf\" target=\"_blank\">143<\/a><\/td>\n<td colspan=\"4\" width=\"66\">GP-11<\/td>\n<td colspan=\"2\" width=\"161\"><a href=\"http:\/\/promociondeeventos.sld.cu\/flap2022\/files\/2022\/10\/143.pdf\" target=\"_blank\">Etiolog\u00eda de abscesos hep\u00e1ticos diagnosticados en pacientes operados en el hospital Regional de Bata<\/a><\/td>\n<td colspan=\"2\" width=\"189\">Mario Miguel Morales Wong, <strong><span style=\"text-decoration: underline\">Yamilia Ram\u00edrez Salinas <\/span><\/strong><em>Hospital general Universitario Mario Mu\u00f1oz Monroy, Cuba<\/em><a href=\"mailto:geminisyrs71@gmail.com\"><em>geminisyrs71@gmail.com<\/em><\/a><\/td>\n<\/tr>\n<tr>\n<td width=\"36\"><a href=\"http:\/\/promociondeeventos.sld.cu\/flap2022\/files\/2022\/10\/144.pdf\" target=\"_blank\">144<\/a><\/td>\n<td colspan=\"4\" width=\"66\">GP-12<\/td>\n<td colspan=\"2\" width=\"161\"><a href=\"http:\/\/promociondeeventos.sld.cu\/flap2022\/files\/2022\/10\/144.pdf\" target=\"_blank\">Caracter\u00edsticas cl\u00ednicas y epidemiol\u00f3gicas de pacientes ingresados por accidente of\u00eddico en un hospital de Portuguesa<\/a><\/td>\n<td colspan=\"2\" width=\"189\"><strong><span style=\"text-decoration: underline\">C\u00e1ndida Rosa P\u00e9rez M\u00e1rquez<\/span><\/strong>, Rebeca Margarita Laird P\u00e9rez, Jes\u00fas Rivas Jim\u00e9nez.<em>Hospital Universitario \u201cMiguel Ora\u00e1\u201d, Estado Portuguesa, Rep\u00fablica Bolivariana de Venezuela. <\/em><\/td>\n<\/tr>\n<tr>\n<td width=\"36\"><a href=\"http:\/\/promociondeeventos.sld.cu\/flap2022\/files\/2022\/11\/145.pdf\" target=\"_blank\">145<\/a><\/td>\n<td colspan=\"4\" width=\"66\">GP-13<\/td>\n<td colspan=\"2\" width=\"161\"><a href=\"http:\/\/promociondeeventos.sld.cu\/flap2022\/files\/2022\/11\/145.pdf\" target=\"_blank\">Labor del laboratorio Modular NSB-3 en el enfrentamiento a la pandemia de Covid-19<\/a><\/td>\n<td colspan=\"2\" width=\"189\"><strong><span style=\"text-decoration: underline\">Iliana Vald\u00e9s<\/span><\/strong>; Grehete Gonz\u00e1lez, Mayling Alvarez, Jos\u00e9 O. Prego, Ana Lourdes Castillo, Rachel Barrios, Alexander Gonz\u00e1lez, Eduardo M. Escobar, Marcel Zapata, Luis Morier, Claudia Wilson, Mar\u00eda G. Guzm\u00e1n.<em>IPK, Cuba <\/em><a href=\"mailto:iliana@ipk.sld.cu\"><em>iliana@ipk.sld.cu<\/em><\/a><\/td>\n<\/tr>\n<tr>\n<td width=\"36\">146<\/td>\n<td colspan=\"4\" width=\"66\">GP-14<\/td>\n<td colspan=\"2\" width=\"161\">Caracterizaci\u00f3n de los pacientes con diagn\u00f3stico de <em>Fasciola hep\u00e1tica<\/em> atendidos en el IPK; 2018-2019.<\/td>\n<td colspan=\"2\" width=\"189\">Ana\u00eds Rodr\u00edguez Alarc\u00f3n.<em>Hospital Cl\u00ednico Quir\u00fargico Joaqu\u00edn Albarr\u00e1n, Cuba. <\/em><a href=\"mailto:janisleydisr@gmail.com\"><em>janisleydisr@gmail.com<\/em><\/a><\/td>\n<\/tr>\n<tr>\n<td width=\"36\">147<\/td>\n<td colspan=\"4\" width=\"66\">GP-15<\/td>\n<td colspan=\"2\" width=\"161\">AP-4\u00a0\u00a0 Identification of a potent and selective inhibitor for the acidic M17 leucyl-aminopeptidase from Trypanosoma cruzi, with submicromolar in vitro antichagasic activity<\/td>\n<td colspan=\"2\" width=\"189\"><strong><span style=\"text-decoration: underline\">Maikel Izquierdo<\/span><\/strong>, De Lin, Sandra O\u2019Neill, Lauren Webster, Enrique Colina, Daniel Alp\u00edzar, M Aguado, M Zoltner, David W. Gray, Mark C. Field6, Jorge Gonz\u00e1lez-Bacerio, Manu De Rycker.<em>Centre for Protein Studies, Faculty of Biology, University of Havana, La Habana, Cuba. <\/em><em><a href=\"mailto:mluis2308@gmail.com\">mluis2308@gmail.com<\/a><\/em><\/td>\n<\/tr>\n<tr>\n<td width=\"36\"><a href=\"http:\/\/promociondeeventos.sld.cu\/flap2022\/files\/2022\/11\/148.pdf\" target=\"_blank\">148<\/a><\/td>\n<td colspan=\"4\" width=\"66\">GP-16<\/td>\n<td colspan=\"2\" width=\"161\"><a href=\"http:\/\/promociondeeventos.sld.cu\/flap2022\/files\/2022\/11\/148.pdf\" target=\"_blank\">Amebas de vida libre como caballos de troya en la permanencia y diseminaci\u00f3n de pat\u00f3genos bacterianos<\/a><\/td>\n<td colspan=\"2\" width=\"189\"><strong><span style=\"text-decoration: underline\">Am\u00edlcar Duquesne Alderete<\/span><\/strong>, Rosabel Falc\u00f3n, Belkis Galindo, Rafael Llanes, Onelkis Feliciano,\u00a0 Oderay Guti\u00e9rrez, <em>Hospital Ortop\u00e9dico Quir\u00fargico Fructuoso Rodriguez. Cuba. <\/em><em><a href=\"mailto:alduque@infomed.sld.cu\">alduque@infomed.sld.cu<\/a><\/em><\/td>\n<\/tr>\n<tr>\n<td width=\"36\">\u00a0<a href=\"http:\/\/promociondeeventos.sld.cu\/flap2022\/files\/2022\/11\/149.pdf\" target=\"_blank\">149<\/a><\/td>\n<td colspan=\"4\" width=\"66\">\u00a0GP-17<\/td>\n<td colspan=\"2\" width=\"161\"><a href=\"http:\/\/promociondeeventos.sld.cu\/flap2022\/files\/2022\/11\/149.pdf\" target=\"_blank\">Vigilancia de las infecciones respiratorias agudas virales en Cuba. 2012-2019<\/a><\/td>\n<td colspan=\"2\" width=\"189\">\u00a0Dunia Menes Llerena; Odalys Vald\u00e9s Ram\u00edrez; Javier Mart\u00ednez Alfonso, Mayra Mun\u00e9 Jim\u00e9nez;\u00a0 Suset Oropesa Fern\u00e1ndez, Caridad Montalvo, Guelsys Gonz\u00e1lez. IPK, Cuba<a href=\"mailto:dunia@ipk.sld.cu\" target=\"_blank\">dunia@ipk.sld.cu<\/a><\/td>\n<\/tr>\n<tr>\n<td width=\"36\"><a href=\"http:\/\/promociondeeventos.sld.cu\/flap2022\/files\/2022\/11\/150.pdf\" target=\"_blank\">150<\/a><\/td>\n<td colspan=\"4\" width=\"66\">GP-18<\/td>\n<td colspan=\"2\" width=\"161\"><a href=\"http:\/\/promociondeeventos.sld.cu\/flap2022\/files\/2022\/11\/150.pdf\" target=\"_blank\">Mortalidad asociada a la Influenza en Cuba, pa\u00eds tropical, 2012 a 2019<\/a><\/td>\n<td colspan=\"2\" width=\"189\">Suset Oropesa, Armando Seuc, Edilberto Gonz\u00e1lez, Waldemar Baldoquin, Ismell Alonso, Manolo D\u00edaz, Clara Sav\u00f3n, Mayra Mun\u00e9, Javier Mart\u00ednez, Amely Arencibia,\u00a0 Dianelvys Rosell, Isabel Mart\u00ednez, Guelsys Gonzalez, Rosmery Roque. IPK, Cuba<a href=\"mailto:s.oro@ipk.sld.cu\" target=\"_blank\">s.oro@ipk.sld.cu<\/a>;<a href=\"mailto:soro@infomed.sld.cu\" target=\"_blank\">soro@infomed .sld.cu<\/a><\/td>\n<\/tr>\n<tr>\n<td width=\"36\"><a href=\"http:\/\/promociondeeventos.sld.cu\/flap2022\/files\/2022\/11\/151.pdf\" target=\"_blank\">151<\/a><\/td>\n<td colspan=\"4\" width=\"66\">GP-19<\/td>\n<td colspan=\"2\" width=\"161\"><a href=\"http:\/\/promociondeeventos.sld.cu\/flap2022\/files\/2022\/11\/151.pdf\" target=\"_blank\">Caracterizaci\u00f3n antig\u00e9nica y molecular de virus influenza asociado a neumon\u00eda hemorr\u00e1gica durante una epidemia de dengue, Cuba.<\/a><\/td>\n<td colspan=\"2\" width=\"189\">Oropesa S, M. Guadalupe Guzm\u00e1n, Mayling Alvarez, Clara Sav\u00f3n, Mayra Mun\u00e9, Amely Arencibia, Javier Mart\u00ednez. IPK, Cuba<a href=\"mailto:s.oro@ipk.sld.cu\" target=\"_blank\">s.oro@ipk.sld.cu<\/a>;<a href=\"mailto:soro@infomed.sld.cu\" target=\"_blank\">soro@infomed .sld.cu<\/a><\/td>\n<\/tr>\n<tr>\n<td width=\"36\"><a href=\"http:\/\/promociondeeventos.sld.cu\/flap2022\/files\/2022\/11\/152.pdf\" target=\"_blank\">152<\/a><\/td>\n<td colspan=\"4\" width=\"66\">GP-20<\/td>\n<td colspan=\"2\" width=\"161\"><a href=\"http:\/\/promociondeeventos.sld.cu\/flap2022\/files\/2022\/11\/152.pdf\" target=\"_blank\">Comportamiento de la vigilancia de la resistencia a f\u00e1rmacos antituberculosos. Cuba, 2020-2021<\/a>.<\/td>\n<td colspan=\"2\" width=\"189\">Dihadenys Lemus Molina1, Ra\u00fal D\u00edaz Rodr\u00edguez1,Lourdes Su\u00e1rez Alvarez2<br \/>\nAfiliaci\u00f3n: 1 Laboratorio Nacional de Referencia e Investigaciones en Tuberculosis, Lepra y Micobacterias. Instituto de Medicina Tropical Pedro Kour\u00ed. La Habana, Cuba. 2 Programa Nacional de Control de Tuberculosis. Ministerio de Salud P\u00fablica. La Habana, Cuba.<\/td>\n<\/tr>\n<tr>\n<td width=\"36\"><a href=\"http:\/\/promociondeeventos.sld.cu\/flap2022\/files\/2022\/11\/153.pdf\" target=\"_blank\">153<\/a><\/td>\n<td colspan=\"4\" width=\"66\">GP-21<\/td>\n<td colspan=\"2\" width=\"161\"><a href=\"http:\/\/promociondeeventos.sld.cu\/flap2022\/files\/2022\/11\/153.pdf\" target=\"_blank\">Patr\u00f3n de circulaci\u00f3n y caracterizaci\u00f3n cl\u00ednico-epidemiol\u00f3gica de la infecci\u00f3n respiratoria aguda por rinovirus en pacientes cubanos <\/a><\/td>\n<td colspan=\"2\" width=\"189\">Javier Mart\u00ednez, Anaisa Durruthy1, Mayra Mun\u00e9, Suset Oropesa, Amely Arencibia, Dianelvis Rosell, Guelsys Gonz\u00e1lez, Rosmery Roque.<\/td>\n<\/tr>\n<\/tbody>\n<\/table>\n<p>&nbsp;<\/p>\n","protected":false},"excerpt":{"rendered":"<p>SESION DE CARTELES\u00a0 Los carteles estar\u00e1n en el sitio durante todos los d\u00edas que dure el Congreso. Pueden interactuar con los autores a trav\u00e9s de correo electr\u00f3nico. Moderadores y coordinadores: Prof. Idalia Sariego, IPK, Cuba; Prof. Rosario Velar, IPK, Cuba.\u00a0 #Poster C\u00f3d.Resumen T\u00edtulo del trabajo Autor(es) ENFERMEDAD DE CHAGAS 1 CHP-1 HIGHER TEMPERATURES REDUCE THE [&hellip;]<\/p>\n","protected":false},"author":3257,"featured_media":0,"parent":0,"menu_order":0,"comment_status":"closed","ping_status":"open","template":"special.php","meta":[],"_links":{"self":[{"href":"https:\/\/promociondeeventos.sld.cu\/flap2022\/wp-json\/wp\/v2\/pages\/144"}],"collection":[{"href":"https:\/\/promociondeeventos.sld.cu\/flap2022\/wp-json\/wp\/v2\/pages"}],"about":[{"href":"https:\/\/promociondeeventos.sld.cu\/flap2022\/wp-json\/wp\/v2\/types\/page"}],"author":[{"embeddable":true,"href":"https:\/\/promociondeeventos.sld.cu\/flap2022\/wp-json\/wp\/v2\/users\/3257"}],"replies":[{"embeddable":true,"href":"https:\/\/promociondeeventos.sld.cu\/flap2022\/wp-json\/wp\/v2\/comments?post=144"}],"version-history":[{"count":125,"href":"https:\/\/promociondeeventos.sld.cu\/flap2022\/wp-json\/wp\/v2\/pages\/144\/revisions"}],"predecessor-version":[{"id":429,"href":"https:\/\/promociondeeventos.sld.cu\/flap2022\/wp-json\/wp\/v2\/pages\/144\/revisions\/429"}],"wp:attachment":[{"href":"https:\/\/promociondeeventos.sld.cu\/flap2022\/wp-json\/wp\/v2\/media?parent=144"}],"curies":[{"name":"wp","href":"https:\/\/api.w.org\/{rel}","templated":true}]}}