{"id":10,"date":"2022-08-03T15:40:18","date_gmt":"2022-08-03T15:40:18","guid":{"rendered":"http:\/\/promociondeeventos.sld.cu\/flap2022\/?page_id=10"},"modified":"2022-08-17T16:41:47","modified_gmt":"2022-08-17T16:41:47","slug":"comite-organizador","status":"publish","type":"page","link":"https:\/\/promociondeeventos.sld.cu\/flap2022\/comite-organizador\/","title":{"rendered":"Comit\u00e9 Organizador Nacional"},"content":{"rendered":"<table width=\"589\">\n<tbody>\n<tr>\n<td colspan=\"2\" width=\"585\">Prof. Mar\u00eda G. Guzm\u00e1n Tirado, Presidenta<\/td>\n<\/tr>\n<tr>\n<td colspan=\"2\" width=\"585\">Prof. Roberto Ca\u00f1ete, Vicepresidente<\/td>\n<\/tr>\n<tr>\n<td colspan=\"2\" width=\"585\">Prof. Jorge Fraga, Presidente Comit\u00e9 Cient\u00edfico<\/td>\n<\/tr>\n<tr>\n<td colspan=\"2\" width=\"585\">Prof. L\u00e1zara Rojas Rivero, VicepresidentaProf. Maria T Illnait, Vicepresidenta<\/p>\n<p>Prof. Zhaily Gonzalez, Vicepresidenta<\/td>\n<\/tr>\n<tr>\n<td colspan=\"2\" width=\"585\"><strong>\u00a0Miembros<\/strong><\/td>\n<\/tr>\n<tr>\n<td width=\"302\">Prof. Belsy Acosta (Minsap)<\/td>\n<td width=\"281\">Prof. Delf\u00edn Alvarez, CMHEM, Isla de la Juventud<\/td>\n<\/tr>\n<tr>\n<td width=\"302\">Prof. Pablo Feal (Prosalud)<\/td>\n<td width=\"281\">Prof. Madelyn Garc\u00e9s (IPK)<\/td>\n<\/tr>\n<tr>\n<td width=\"302\">Prof. Marta Castro (IPK)<\/td>\n<td width=\"281\">Prof. Raisa Mart\u00ednez (Hosp. Allende)<\/td>\n<\/tr>\n<tr>\n<td width=\"302\">Prof. Mar\u00eda Victoria Cabrera (CPHEM-SC)<\/td>\n<td width=\"281\">Prof. Regla Mora (CPHEM La Habana)<\/td>\n<\/tr>\n<tr>\n<td width=\"302\">Prof. Osvaldo Castro (IPK)<\/td>\n<td width=\"281\">Prof. Ileana Morales (Minsap)<\/td>\n<\/tr>\n<tr>\n<td width=\"302\">T\u00e9c. Jorge Campos (IPK)<\/td>\n<td width=\"281\">Prof. Susana Borroto (OPS)<\/td>\n<\/tr>\n<tr>\n<td width=\"302\">Prof. Manuel D\u00edaz (IPK)<\/td>\n<td width=\"281\">Prof. Mayling Alvarez (IPK)<\/td>\n<\/tr>\n<tr>\n<td width=\"302\">Prof. Francisco Dur\u00e1n (Minsap)<\/td>\n<td width=\"281\">Prof. Maritza Pupo (Universidad de La Habana)<\/td>\n<\/tr>\n<tr>\n<td width=\"302\">Lic. Idalmis Sanchez (IPK)<\/td>\n<td width=\"281\">Prof. Sonia Resik (IPK)<\/td>\n<\/tr>\n<tr>\n<td width=\"302\">Prof. Lizette Gil (IPK)<\/td>\n<td width=\"281\">Prof. Lourdes Sanchez (CPHEM, Villa Clara)<\/td>\n<\/tr>\n<tr>\n<td width=\"302\">Prof. Dora Ginorio (IPK)<\/td>\n<td width=\"281\">Prof. Gilda Tora\u00f1o (IPK)<\/td>\n<\/tr>\n<tr>\n<td width=\"302\">Prof. Lianet Monzote (IPK)<\/td>\n<td width=\"281\">Prof. Raul Diaz (IPK)<\/td>\n<\/tr>\n<tr>\n<td width=\"302\">Prof. Marcia Hart (HHA)<\/td>\n<td width=\"281\">Prof. Manuel Romero, Minsap<\/td>\n<\/tr>\n<tr>\n<td width=\"302\">Prof. Francisco Herrera (CPHEM Cienfuegos)<\/td>\n<td width=\"281\">Prof. Pedro V\u00e9liz (CNSCS)<\/td>\n<\/tr>\n<\/tbody>\n<\/table>\n<p>&nbsp;<\/p>\n","protected":false},"excerpt":{"rendered":"<p>Prof. Mar\u00eda G. Guzm\u00e1n Tirado, Presidenta Prof. Roberto Ca\u00f1ete, Vicepresidente Prof. Jorge Fraga, Presidente Comit\u00e9 Cient\u00edfico Prof. L\u00e1zara Rojas Rivero, VicepresidentaProf. Maria T Illnait, Vicepresidenta Prof. Zhaily Gonzalez, Vicepresidenta \u00a0Miembros Prof. Belsy Acosta (Minsap) Prof. Delf\u00edn Alvarez, CMHEM, Isla de la Juventud Prof. Pablo Feal (Prosalud) Prof. Madelyn Garc\u00e9s (IPK) Prof. Marta Castro (IPK) Prof. [&hellip;]<\/p>\n","protected":false},"author":3205,"featured_media":0,"parent":0,"menu_order":0,"comment_status":"closed","ping_status":"open","template":"","meta":[],"_links":{"self":[{"href":"https:\/\/promociondeeventos.sld.cu\/flap2022\/wp-json\/wp\/v2\/pages\/10"}],"collection":[{"href":"https:\/\/promociondeeventos.sld.cu\/flap2022\/wp-json\/wp\/v2\/pages"}],"about":[{"href":"https:\/\/promociondeeventos.sld.cu\/flap2022\/wp-json\/wp\/v2\/types\/page"}],"author":[{"embeddable":true,"href":"https:\/\/promociondeeventos.sld.cu\/flap2022\/wp-json\/wp\/v2\/users\/3205"}],"replies":[{"embeddable":true,"href":"https:\/\/promociondeeventos.sld.cu\/flap2022\/wp-json\/wp\/v2\/comments?post=10"}],"version-history":[{"count":4,"href":"https:\/\/promociondeeventos.sld.cu\/flap2022\/wp-json\/wp\/v2\/pages\/10\/revisions"}],"predecessor-version":[{"id":53,"href":"https:\/\/promociondeeventos.sld.cu\/flap2022\/wp-json\/wp\/v2\/pages\/10\/revisions\/53"}],"wp:attachment":[{"href":"https:\/\/promociondeeventos.sld.cu\/flap2022\/wp-json\/wp\/v2\/media?parent=10"}],"curies":[{"name":"wp","href":"https:\/\/api.w.org\/{rel}","templated":true}]}}