{"id":46,"date":"2008-11-17T14:58:01","date_gmt":"2008-11-17T18:58:01","guid":{"rendered":"http:\/\/promociondeeventos.sld.cu\/conapac2009\/"},"modified":"2009-02-04T17:25:57","modified_gmt":"2009-02-04T21:25:57","slug":"simposia","status":"publish","type":"page","link":"https:\/\/promociondeeventos.sld.cu\/conapac2009\/simposia\/","title":{"rendered":"Simposia"},"content":{"rendered":"<p><a href=\"http:\/\/promociondeeventos.sld.cu\/conapac2009\/files\/2008\/11\/120px-flag_of_boliviasvg.png\" title=\"120px-flag_of_boliviasvg.png\"><\/a><a href=\"http:\/\/promociondeeventos.sld.cu\/conapac2009\/files\/2008\/10\/uruguay.JPG\" title=\"uruguay.JPG\"><\/a><a href=\"http:\/\/promociondeeventos.sld.cu\/conapac2009\/files\/2008\/11\/argentina.JPG\" title=\"argentina.JPG\"><\/a><a href=\"http:\/\/promociondeeventos.sld.cu\/conapac2009\/files\/2008\/10\/uruguay.JPG\" title=\"uruguay.JPG\"><\/a><a href=\"http:\/\/promociondeeventos.sld.cu\/conapac2009\/files\/2008\/11\/120px-flag_of_ecuadorsvg.png\" title=\"120px-flag_of_ecuadorsvg.png\"><\/a><a href=\"http:\/\/promociondeeventos.sld.cu\/conapac2009\/files\/2008\/10\/uruguay.JPG\" title=\"uruguay.JPG\"><\/a><a href=\"http:\/\/promociondeeventos.sld.cu\/conapac2009\/files\/2008\/08\/b-de-mexico.JPG\" title=\"b-de-mexico.JPG\"><\/a><a href=\"http:\/\/promociondeeventos.sld.cu\/conapac2009\/files\/2008\/07\/baner-congreso2.JPG\" title=\"baner-congreso2.JPG\"><img decoding=\"async\" src=\"http:\/\/promociondeeventos.sld.cu\/conapac2009\/files\/2008\/07\/baner-congreso2.JPG\" alt=\"baner-congreso2.JPG\" \/><\/a><\/p>\n<p><strong>Miercoles 1ro de abril<\/strong><\/p>\n<p><strong>Utilidad cl\u00ednica del NT-proBNP.<\/strong><\/p>\n<ul>\n<li>Biolog\u00eda de los p\u00e9ptidos natriur\u00e9ticos. Consideraciones anal\u00edticas.<\/li>\n<li>Tamizaje en la poblaci\u00f3n general.<\/li>\n<li>Pacientes\u00a0 con Diabetes Mellitus e Hipertensi\u00f3n sist\u00e9mica\/ pacientes Pedi\u00e1tricos y Neonatos.<\/li>\n<li>Evaluaci\u00f3n de pacientes sintom\u00e1ticos en la atenci\u00f3n primaria.<\/li>\n<li>Enfermedad isqu\u00e9mica estable e inestable. En pacientes con s\u00edntomas agudos: diagn\u00f3stico o exclusi\u00f3n de Insuficiencia Cardiaca.<\/li>\n<li>Importancia e interpretaci\u00f3n de concentraciones intermedias (zona gris) y diagn\u00f3stico diferencial.<\/li>\n<li>Pron\u00f3stico en pacientes con Disnea Aguda, incluyendo insuficiencia cardiaca aguda.<\/li>\n<li>Pron\u00f3stico en Insuficiencia Cardiaca Cr\u00f3nica.<\/li>\n<li>Monitoreo y gu\u00eda de tratamiento de Insuficiencia Cardiaca Aguda desestabilizada.<\/li>\n<li>Monitoreo y tratamiento de pacientes ambulatorios con insuficiencia Cardiaca cr\u00f3nica.<\/li>\n<\/ul>\n<p>Coordinador:<\/p>\n<p><img decoding=\"async\" loading=\"lazy\" border=\"0\" align=\"left\" width=\"51\" src=\"http:\/\/promociondeeventos.sld.cu\/conapac2009\/files\/2008\/08\/b-de-peru.JPG\" alt=\"PERU\" height=\"31\" \/>Dr. Armando\u00a0 Moreno.<\/p>\n<p>Participantes:<br \/>\n<img decoding=\"async\" loading=\"lazy\" border=\"0\" align=\"left\" width=\"51\" src=\"http:\/\/promociondeeventos.sld.cu\/conapac2009\/files\/2008\/08\/b-de-cuba.JPG\" alt=\"CUBA\" height=\"31\" \/>Dra. Lilliam\u00a0 Men\u00e9ndez.<\/p>\n<p><img decoding=\"async\" loading=\"lazy\" border=\"0\" align=\"left\" width=\"51\" src=\"http:\/\/promociondeeventos.sld.cu\/conapac2009\/files\/2008\/08\/b-de-cuba.JPG\" alt=\"CUBA\" height=\"31\" \/>Dra., Hilev Larrondo.<\/p>\n<p><img decoding=\"async\" loading=\"lazy\" border=\"0\" align=\"left\" width=\"51\" src=\"http:\/\/promociondeeventos.sld.cu\/conapac2009\/files\/2008\/08\/b-de-cuba.JPG\" alt=\"CUBA\" height=\"31\" \/>Dr. A. Sordo.<\/p>\n<p><img decoding=\"async\" loading=\"lazy\" border=\"0\" align=\"left\" width=\"51\" src=\"http:\/\/promociondeeventos.sld.cu\/conapac2009\/files\/2008\/08\/b-de-cuba.JPG\" alt=\"CUBA\" height=\"31\" \/>Dr. Orlando Alvarez.<\/p>\n<p><strong>sala 5<br \/>\n9.00 am<\/strong><\/p>\n<p><strong>Hemovigilancia<\/strong><\/p>\n<ul>\n<li>Hemovigilancia. Piedra angular\u00a0 en la transfusi\u00f3n.<\/li>\n<li>El enfoque para vencer la resistencia a la hemovigilancia.<\/li>\n<li>Hemovigilancia y reacciones adversas a la donaci\u00f3n.<\/li>\n<\/ul>\n<p>Coordinador:<br \/>\n<a href=\"http:\/\/promociondeeventos.sld.cu\/conapac2009\/files\/2008\/08\/b-de-mexico.JPG\" title=\"b-de-mexico.JPG\"><img decoding=\"async\" loading=\"lazy\" border=\"0\" align=\"left\" width=\"51\" src=\"http:\/\/promociondeeventos.sld.cu\/conapac2009\/files\/2008\/08\/b-de-mexico.thumbnail.JPG\" alt=\"MEXICO\" height=\"31\" \/><\/a>Dr. Juan C. Torres P.<\/p>\n<p>Participantes:<br \/>\n<img decoding=\"async\" loading=\"lazy\" border=\"0\" align=\"left\" width=\"51\" src=\"http:\/\/promociondeeventos.sld.cu\/conapac2009\/files\/2008\/08\/b-de-mexico.thumbnail.JPG\" alt=\"MEXICO\" height=\"31\" \/>Dr. Ra\u00fal Ambr\u00edz F.<\/p>\n<p><img decoding=\"async\" loading=\"lazy\" border=\"0\" align=\"left\" width=\"51\" src=\"http:\/\/promociondeeventos.sld.cu\/conapac2009\/files\/2008\/08\/b-de-mexico.thumbnail.JPG\" alt=\"MEXICO\" height=\"31\" \/>Dra. Ana L. D\u00e2\u20ac\u2122Artote G.\u00a0\u00a0<\/p>\n<p><strong>sala 10<br \/>\n2.00 pm<\/strong><\/p>\n<p><strong>Jueves 2 de abril<\/strong><\/p>\n<p><strong>Diagn\u00f3stico, monitoreo, seguimiento cl\u00ednico y de laboratorio en personas que viven con VIH-SIDA.<\/strong><\/p>\n<ul>\n<li>Diagn\u00f3stico.<\/li>\n<li>Monitoreo y seguimiento con carga viral y CD4.<\/li>\n<li>Resistencia al tratamiento antiretroviral.<\/li>\n<\/ul>\n<p>Coordinadora:<\/p>\n<p><img decoding=\"async\" loading=\"lazy\" border=\"0\" align=\"left\" width=\"51\" src=\"http:\/\/promociondeeventos.sld.cu\/conapac2009\/files\/2008\/08\/b-de-cuba.JPG\" alt=\"CUBA\" height=\"31\" \/>Dra. Isis Cancio.<\/p>\n<p><strong>sala 5<br \/>\n9.00 am<\/strong><\/p>\n<p><strong>Aplicaciones cl\u00ednicas de la Citometr\u00eda de flujo.<\/strong><\/p>\n<ul>\n<li>Citometr\u00eda del sedimento urinario, experiencia peruana.<\/li>\n<li>Aplicaciones de la Citometr\u00eda de flujo en el transplante de m\u00e9dula \u00f3sea.<\/li>\n<li>Citometr\u00eda de flujo en pacientes que viven con VIH-SIDA.<\/li>\n<li>Citometr\u00eda de flujo en el estudio de los S\u00edndromes linfoproliferativos.<\/li>\n<\/ul>\n<p>Coordinadora:<br \/>\n<a href=\"http:\/\/promociondeeventos.sld.cu\/conapac2009\/files\/2008\/08\/b-de-cuba.JPG\" title=\"b-de-cuba.JPG\"><img decoding=\"async\" loading=\"lazy\" border=\"0\" align=\"left\" width=\"51\" src=\"http:\/\/promociondeeventos.sld.cu\/conapac2009\/files\/2008\/08\/b-de-cuba.JPG\" alt=\"CUBA\" height=\"31\" \/><\/a>Dra. Consuelo Mac\u00edas<\/p>\n<p>Participantes:<br \/>\n<a href=\"http:\/\/promociondeeventos.sld.cu\/conapac2009\/files\/2008\/08\/b-de-peru.JPG\" title=\"b-de-peru.JPG\"><img decoding=\"async\" loading=\"lazy\" border=\"0\" align=\"left\" width=\"51\" src=\"http:\/\/promociondeeventos.sld.cu\/conapac2009\/files\/2008\/08\/b-de-peru.JPG\" alt=\"PERU\" height=\"31\" \/><\/a>Dr. Alejandro\u00a0 Colich\u00f3n.<\/p>\n<p><img decoding=\"async\" loading=\"lazy\" border=\"0\" align=\"left\" width=\"51\" src=\"http:\/\/promociondeeventos.sld.cu\/conapac2009\/files\/2008\/08\/b-de-cuba.JPG\" alt=\"CUBA\" height=\"31\" \/>Dr. J. Diego de la Campa.<\/p>\n<p><img decoding=\"async\" loading=\"lazy\" border=\"0\" align=\"left\" width=\"51\" src=\"http:\/\/promociondeeventos.sld.cu\/conapac2009\/files\/2008\/08\/b-de-cuba.JPG\" alt=\"CUBA\" height=\"31\" \/>Dra. Vianed Mars\u00e1n<\/p>\n<p><img decoding=\"async\" loading=\"lazy\" border=\"0\" align=\"left\" width=\"51\" src=\"http:\/\/promociondeeventos.sld.cu\/conapac2009\/files\/2008\/08\/b-de-cuba.JPG\" alt=\"CUBA\" height=\"31\" \/>Dra. Circe Mesa<\/p>\n<p><strong>sala 7<br \/>\n2.00 pm<\/strong><br \/>\n<strong>Viernes 3 de abril<\/strong><\/p>\n<p><strong>Fase Preanal\u00edtica: Atender peque\u00f1os detalles para prevenir grandes errores<\/strong>.<\/p>\n<ul>\n<li>Responsabilidad del m\u00e9dico en la fase preanal\u00edtica.<\/li>\n<li>Influencia de la variabilidad biol\u00f3gica en la\u00a0toma de muestras.<\/li>\n<li>ISO 15189.\u00a0Fase Preanal\u00edtica.<\/li>\n<li>Indicadores de calidad en la fase preanal\u00edtica.<\/li>\n<li>Garantizar la calidad en la toma de muestras en gasometr\u00eda.<\/li>\n<li>Iluminaci\u00f3n transd\u00e9rmica en la toma de muestras de sangre. Herramienta para minimizar variaciones preanal\u00edticas.<\/li>\n<\/ul>\n<p>Coordinador:<br \/>\n<a href=\"http:\/\/promociondeeventos.sld.cu\/conapac2009\/files\/2008\/11\/120px-flag_of_boliviasvg.png\" title=\"120px-flag_of_boliviasvg.png\"><img decoding=\"async\" loading=\"lazy\" border=\"0\" align=\"left\" width=\"51\" src=\"http:\/\/promociondeeventos.sld.cu\/conapac2009\/files\/2008\/11\/120px-flag_of_boliviasvg.png\" alt=\"BOLIVIA\" height=\"31\" \/><\/a>Dr. Jos\u00e9 Corre\u00f3n M.<\/p>\n<p>Participantes:<br \/>\n<img decoding=\"async\" loading=\"lazy\" border=\"0\" align=\"left\" width=\"51\" src=\"http:\/\/promociondeeventos.sld.cu\/conapac2009\/files\/2008\/08\/b-de-cuba.JPG\" alt=\"CUBA\" height=\"31\" \/>Dr. Enrique Abraham M.<\/p>\n<p><img decoding=\"async\" loading=\"lazy\" border=\"0\" align=\"left\" width=\"51\" src=\"http:\/\/promociondeeventos.sld.cu\/conapac2009\/files\/2008\/08\/b-de-cuba.JPG\" alt=\"CUBA\" height=\"31\" \/>Dra. Elda Palomo T.<\/p>\n<p><img decoding=\"async\" loading=\"lazy\" border=\"0\" align=\"left\" width=\"51\" src=\"http:\/\/promociondeeventos.sld.cu\/conapac2009\/files\/2008\/08\/b-de-cuba.JPG\" alt=\"CUBA\" height=\"31\" \/>Dra. Mercedes Rodr\u00edguez R.<\/p>\n<p><a href=\"http:\/\/promociondeeventos.sld.cu\/conapac2009\/files\/2008\/11\/120px-flag_of_ecuadorsvg.png\" title=\"120px-flag_of_ecuadorsvg.png\"><img decoding=\"async\" loading=\"lazy\" border=\"0\" align=\"left\" width=\"51\" src=\"http:\/\/promociondeeventos.sld.cu\/conapac2009\/files\/2008\/11\/120px-flag_of_ecuadorsvg.png\" alt=\"ECUADOR\" height=\"31\" \/><\/a><a href=\"http:\/\/promociondeeventos.sld.cu\/conapac2009\/files\/2008\/10\/uruguay.JPG\" title=\"uruguay.JPG\"><img decoding=\"async\" loading=\"lazy\" border=\"0\" width=\"1\" src=\"http:\/\/promociondeeventos.sld.cu\/conapac2009\/files\/2008\/10\/uruguay.JPG\" alt=\"ECUADOR\" height=\"1\" \/><\/a><img decoding=\"async\" loading=\"lazy\" border=\"0\" width=\"1\" src=\"http:\/\/promociondeeventos.sld.cu\/conapac2009\/files\/2008\/10\/uruguay.JPG\" alt=\"ECUADOR\" height=\"1\" \/><a href=\"http:\/\/promociondeeventos.sld.cu\/conapac2009\/files\/2008\/10\/uruguay.JPG\" title=\"uruguay.JPG\"><\/a><a href=\"http:\/\/promociondeeventos.sld.cu\/conapac2009\/files\/2008\/11\/120px-flag_of_ecuadorsvg.png\" title=\"120px-flag_of_ecuadorsvg.png\"><\/a>Dr. Klever Saenz F.<\/p>\n<p><a href=\"http:\/\/promociondeeventos.sld.cu\/conapac2009\/files\/2008\/11\/argentina.JPG\" title=\"argentina.JPG\"><img decoding=\"async\" loading=\"lazy\" border=\"0\" align=\"left\" width=\"51\" src=\"http:\/\/promociondeeventos.sld.cu\/conapac2009\/files\/2008\/11\/argentina.JPG\" alt=\"ARGENTINA\" height=\"31\" \/><\/a>Dra. Silvia Morilla.<\/p>\n<p>\u00a0<strong>sala 5<br \/>\n9.00 am<\/strong><\/p>\n<p><strong>Embarazo y ni\u00f1ez.\u00a0 Fisiopatolog\u00eda.<\/strong>\u00a0<\/p>\n<ul>\n<li>Cambios fisiol\u00f3gicos en el embarazo y su repercusi\u00f3n en los\u00a0valores de referencia en el laboratorio.<\/li>\n<li>Trombofilia y embarazo.<\/li>\n<li>Hemostasis y trombosis en pediatr\u00eda.<\/li>\n<li>Racionalizaci\u00f3n en la solicitud de estudios de coagulaci\u00f3n.<\/li>\n<li>Importancia en la extracci\u00f3n, procesamiento e interpretaci\u00f3n de resultados.<\/li>\n<\/ul>\n<p>Coordinadora:<br \/>\n<a href=\"http:\/\/promociondeeventos.sld.cu\/conapac2009\/files\/2008\/10\/uruguay.JPG\" title=\"uruguay.JPG\"><\/a><a href=\"http:\/\/promociondeeventos.sld.cu\/conapac2009\/files\/2008\/10\/uruguay.JPG\" title=\"uruguay.JPG\"><img decoding=\"async\" loading=\"lazy\" border=\"0\" align=\"left\" width=\"51\" src=\"http:\/\/promociondeeventos.sld.cu\/conapac2009\/files\/2008\/10\/uruguay.JPG\" alt=\"URUGUAY\" height=\"31\" \/><\/a>Dra. Blanca St\u00e9ffan.<\/p>\n<p>Participantes:<br \/>\n<img decoding=\"async\" loading=\"lazy\" border=\"0\" align=\"left\" width=\"51\" src=\"http:\/\/promociondeeventos.sld.cu\/conapac2009\/files\/2008\/08\/b-de-cuba.JPG\" alt=\"CUBA\" height=\"31\" \/>Dra. Olga Agramonte.<\/p>\n<p><img decoding=\"async\" loading=\"lazy\" border=\"0\" align=\"left\" width=\"51\" src=\"http:\/\/promociondeeventos.sld.cu\/conapac2009\/files\/2008\/08\/b-de-cuba.JPG\" alt=\"CUBA\" height=\"31\" \/>Dra.\u00a0 Pilar Hern\u00e1ndez<\/p>\n<p><img decoding=\"async\" loading=\"lazy\" border=\"0\" align=\"left\" width=\"51\" src=\"http:\/\/promociondeeventos.sld.cu\/conapac2009\/files\/2008\/08\/b-de-cuba.JPG\" alt=\"CUBA\" height=\"31\" \/>Dra. Josefa Companioni<\/p>\n<p><strong>sala 6<br \/>\n9.00 am<\/strong><\/p>\n<p><strong>Marcadores de laboratorio para el riesgo de aterotrombosis<\/strong>.<\/p>\n<ul>\n<li>Reactividad plaquetaria, Riesgo aterotrombotico.<\/li>\n<li>La microalbuminaria como marcador de riesgo de las enfermedades aterotromboticas.<\/li>\n<li>Pruebas inmunol\u00f3gicas in vivo como predictores de sepsis.\u00a0<\/li>\n<li>Repercusi\u00f3n de los estudios del laboratorio en la prevenci\u00f3n de la aterotrombosis.<br \/>\nCoordinadora:<\/li>\n<\/ul>\n<p><img decoding=\"async\" loading=\"lazy\" border=\"0\" align=\"left\" width=\"51\" src=\"http:\/\/promociondeeventos.sld.cu\/conapac2009\/files\/2008\/08\/b-de-cuba.JPG\" alt=\"CUBA\" height=\"31\" \/>DSc Milagros Garc\u00eda Mesa.<\/p>\n<p>Participantes:<br \/>\n<img decoding=\"async\" loading=\"lazy\" border=\"0\" align=\"left\" width=\"51\" src=\"http:\/\/promociondeeventos.sld.cu\/conapac2009\/files\/2008\/08\/b-de-cuba.JPG\" alt=\"CUBA\" height=\"31\" \/>Lic. Jos\u00e9 Hern\u00e1ndez Carretero.<\/p>\n<p><img decoding=\"async\" loading=\"lazy\" border=\"0\" align=\"left\" width=\"51\" src=\"http:\/\/promociondeeventos.sld.cu\/conapac2009\/files\/2008\/08\/b-de-cuba.JPG\" alt=\"CUBA\" height=\"31\" \/>DSc. Arqu\u00edmedes D\u00edaz Batista.<\/p>\n<p><img decoding=\"async\" loading=\"lazy\" border=\"0\" align=\"left\" width=\"51\" src=\"http:\/\/promociondeeventos.sld.cu\/conapac2009\/files\/2008\/08\/b-de-cuba.JPG\" alt=\"CUBA\" height=\"31\" \/>DSc. Miriam Maia Vilas.<\/p>\n<p><strong>\u00a0sala 5<br \/>\n2.00 pm<\/strong><\/p>\n","protected":false},"excerpt":{"rendered":"<p>Miercoles 1ro de abril Utilidad cl\u00ednica del NT-proBNP. Biolog\u00eda de los p\u00e9ptidos natriur\u00e9ticos. Consideraciones anal\u00edticas. Tamizaje en la poblaci\u00f3n general. Pacientes\u00a0 con Diabetes Mellitus e Hipertensi\u00f3n sist\u00e9mica\/ pacientes Pedi\u00e1tricos y Neonatos. Evaluaci\u00f3n de pacientes sintom\u00e1ticos en la atenci\u00f3n primaria. Enfermedad isqu\u00e9mica estable e inestable. En pacientes con s\u00edntomas agudos: diagn\u00f3stico o exclusi\u00f3n de Insuficiencia Cardiaca. [&hellip;]<\/p>\n","protected":false},"author":20,"featured_media":0,"parent":0,"menu_order":8,"comment_status":"open","ping_status":"open","template":"","meta":[],"_links":{"self":[{"href":"https:\/\/promociondeeventos.sld.cu\/conapac2009\/wp-json\/wp\/v2\/pages\/46"}],"collection":[{"href":"https:\/\/promociondeeventos.sld.cu\/conapac2009\/wp-json\/wp\/v2\/pages"}],"about":[{"href":"https:\/\/promociondeeventos.sld.cu\/conapac2009\/wp-json\/wp\/v2\/types\/page"}],"author":[{"embeddable":true,"href":"https:\/\/promociondeeventos.sld.cu\/conapac2009\/wp-json\/wp\/v2\/users\/20"}],"replies":[{"embeddable":true,"href":"https:\/\/promociondeeventos.sld.cu\/conapac2009\/wp-json\/wp\/v2\/comments?post=46"}],"version-history":[{"count":0,"href":"https:\/\/promociondeeventos.sld.cu\/conapac2009\/wp-json\/wp\/v2\/pages\/46\/revisions"}],"wp:attachment":[{"href":"https:\/\/promociondeeventos.sld.cu\/conapac2009\/wp-json\/wp\/v2\/media?parent=46"}],"curies":[{"name":"wp","href":"https:\/\/api.w.org\/{rel}","templated":true}]}}