{"id":17,"date":"2026-02-28T04:41:54","date_gmt":"2026-02-28T04:41:54","guid":{"rendered":"https:\/\/promociondeeventos.sld.cu\/ccei2026\/?page_id=17"},"modified":"2026-02-28T04:42:29","modified_gmt":"2026-02-28T04:42:29","slug":"tematicas","status":"publish","type":"page","link":"https:\/\/promociondeeventos.sld.cu\/ccei2026\/tematicas\/","title":{"rendered":"Tem\u00e1ticas"},"content":{"rendered":"<ul>\n<li>Investigaciones aplicadas a la salud en la Atenci\u00f3n Primaria<\/li>\n<li>Determinantes de la Salud. Factores de riesgo<\/li>\n<li>An\u00e1lisis de la Situaci\u00f3n de Salud<\/li>\n<li>Desaf\u00edos del sector en programas priorizados<\/li>\n<li>Envejecimiento y\u00a0 longevidad satisfactoria.<\/li>\n<li>Atenci\u00f3n al adulto mayor y a las personas con discapacidad.<\/li>\n<li>Calidad en los servicios de salud<\/li>\n<li>Memoria hist\u00f3rica y Medicina Familiar<\/li>\n<li>Investigaciones relacionadas con la docencia m\u00e9dica de pre y posgrado<\/li>\n<\/ul>\n","protected":false},"excerpt":{"rendered":"<p>Investigaciones aplicadas a la salud en la Atenci\u00f3n Primaria Determinantes de la Salud. Factores de riesgo An\u00e1lisis de la Situaci\u00f3n de Salud Desaf\u00edos del sector en programas priorizados Envejecimiento y\u00a0 longevidad satisfactoria. Atenci\u00f3n al adulto mayor y a las personas con discapacidad. Calidad en los servicios de salud Memoria hist\u00f3rica y Medicina Familiar Investigaciones relacionadas [&hellip;]<\/p>\n","protected":false},"author":4,"featured_media":0,"parent":0,"menu_order":0,"comment_status":"closed","ping_status":"closed","template":"","meta":[],"_links":{"self":[{"href":"https:\/\/promociondeeventos.sld.cu\/ccei2026\/wp-json\/wp\/v2\/pages\/17"}],"collection":[{"href":"https:\/\/promociondeeventos.sld.cu\/ccei2026\/wp-json\/wp\/v2\/pages"}],"about":[{"href":"https:\/\/promociondeeventos.sld.cu\/ccei2026\/wp-json\/wp\/v2\/types\/page"}],"author":[{"embeddable":true,"href":"https:\/\/promociondeeventos.sld.cu\/ccei2026\/wp-json\/wp\/v2\/users\/4"}],"replies":[{"embeddable":true,"href":"https:\/\/promociondeeventos.sld.cu\/ccei2026\/wp-json\/wp\/v2\/comments?post=17"}],"version-history":[{"count":1,"href":"https:\/\/promociondeeventos.sld.cu\/ccei2026\/wp-json\/wp\/v2\/pages\/17\/revisions"}],"predecessor-version":[{"id":18,"href":"https:\/\/promociondeeventos.sld.cu\/ccei2026\/wp-json\/wp\/v2\/pages\/17\/revisions\/18"}],"wp:attachment":[{"href":"https:\/\/promociondeeventos.sld.cu\/ccei2026\/wp-json\/wp\/v2\/media?parent=17"}],"curies":[{"name":"wp","href":"https:\/\/api.w.org\/{rel}","templated":true}]}}