{"id":13,"date":"2011-09-04T18:32:26","date_gmt":"2011-09-04T22:32:26","guid":{"rendered":"http:\/\/promociondeeventos.sld.cu\/aprendizajesocial2011\/?page_id=13"},"modified":"2011-09-06T11:26:22","modified_gmt":"2011-09-06T15:26:22","slug":"comite-organizador","status":"publish","type":"page","link":"https:\/\/promociondeeventos.sld.cu\/aprendizajesocial2011\/comite-organizador\/","title":{"rendered":"Comit\u00e9 Organizador"},"content":{"rendered":"<p>MSc. Dra Gisela Mart\u00ednez Hern\u00e1ndez<br \/>\nMSc. Dra Grisel. Zacca Gonz\u00e1lez<br \/>\nMSc. Lic. Francisca Diego Olite<br \/>\nMsc. Lic. Ileana Regla Alfonso Sanchez<br \/>\nMSc. Lic. Ileana Armenteros Vera<br \/>\nDrC. Enrique Beldarrain Chaple<br \/>\nDrC. Rosa Mar\u00eda Coro Antich<br \/>\nDr. Jehov\u00e1 Oramas D\u00edaz<br \/>\nMSc. Dra. Alina de la Cruz del Valle<br \/>\nMSc. Lic. Consuelo Tarrag\u00f3 Montalvo<br \/>\nLic Leslie Rodr\u00edguez Castellanos<br \/>\nMSc. Lic. Mar\u00eda de las Mercedes Fern\u00e1ndez Vald\u00e9s<br \/>\nCentro Virtual de Convenciones de Salud, CENCOMED<\/p>\n<p>Los interesados pueden contactar a:<br \/>\nMSc. Dra Gisela Mart\u00ednez Hern\u00e1ndez<br \/>\nsisley@infomed.sld.cu<br \/>\nuvirtual@infomed.sld.cu<\/p>\n","protected":false},"excerpt":{"rendered":"<p>MSc. Dra Gisela Mart\u00ednez Hern\u00e1ndez MSc. Dra Grisel. Zacca Gonz\u00e1lez MSc. Lic. Francisca Diego Olite Msc. Lic. Ileana Regla Alfonso Sanchez MSc. Lic. Ileana Armenteros Vera DrC. Enrique Beldarrain Chaple DrC. Rosa Mar\u00eda Coro Antich Dr. Jehov\u00e1 Oramas D\u00edaz MSc. Dra. Alina de la Cruz del Valle MSc. Lic. Consuelo Tarrag\u00f3 Montalvo Lic Leslie Rodr\u00edguez [&hellip;]<\/p>\n","protected":false},"author":1,"featured_media":0,"parent":0,"menu_order":2,"comment_status":"closed","ping_status":"closed","template":"","meta":[],"_links":{"self":[{"href":"https:\/\/promociondeeventos.sld.cu\/aprendizajesocial2011\/wp-json\/wp\/v2\/pages\/13"}],"collection":[{"href":"https:\/\/promociondeeventos.sld.cu\/aprendizajesocial2011\/wp-json\/wp\/v2\/pages"}],"about":[{"href":"https:\/\/promociondeeventos.sld.cu\/aprendizajesocial2011\/wp-json\/wp\/v2\/types\/page"}],"author":[{"embeddable":true,"href":"https:\/\/promociondeeventos.sld.cu\/aprendizajesocial2011\/wp-json\/wp\/v2\/users\/1"}],"replies":[{"embeddable":true,"href":"https:\/\/promociondeeventos.sld.cu\/aprendizajesocial2011\/wp-json\/wp\/v2\/comments?post=13"}],"version-history":[{"count":4,"href":"https:\/\/promociondeeventos.sld.cu\/aprendizajesocial2011\/wp-json\/wp\/v2\/pages\/13\/revisions"}],"predecessor-version":[{"id":24,"href":"https:\/\/promociondeeventos.sld.cu\/aprendizajesocial2011\/wp-json\/wp\/v2\/pages\/13\/revisions\/24"}],"wp:attachment":[{"href":"https:\/\/promociondeeventos.sld.cu\/aprendizajesocial2011\/wp-json\/wp\/v2\/media?parent=13"}],"curies":[{"name":"wp","href":"https:\/\/api.w.org\/{rel}","templated":true}]}}