{"id":53,"date":"2019-11-11T19:57:28","date_gmt":"2019-11-11T19:57:28","guid":{"rendered":"http:\/\/promociondeeventos.sld.cu\/55aniversariocnicm\/?page_id=53"},"modified":"2020-02-07T15:06:06","modified_gmt":"2020-02-07T15:06:06","slug":"trabajadores","status":"publish","type":"page","link":"https:\/\/promociondeeventos.sld.cu\/55aniversariocnicm\/trabajadores-2\/trabajadores\/","title":{"rendered":"Trabajadores con m\u00e1s de 20 a\u00f1os de labor ininterrumpida"},"content":{"rendered":"<table style=\"height: 1284px;\" width=\"629\">\n<tbody>\n<tr>\n<td width=\"29\">No.<\/td>\n<td width=\"222\">Nombre<\/td>\n<td width=\"224\">Departamento<\/td>\n<td width=\"143\">Fecha de contrataci\u00f3n<\/td>\n<\/tr>\n<tr>\n<td>1<\/td>\n<td>Margarita Pobea Reyes<\/td>\n<td>Servicios Bibliotecarios. BMN<\/td>\n<td>01\/03\/1971<\/td>\n<\/tr>\n<tr>\n<td>2<\/td>\n<td>Luciano Ortelio S\u00e1nchez N\u00fa\u00f1ez<\/td>\n<td>T\u00e9cnico Productivo. ECIMED<\/td>\n<td>01\/06\/1980<\/td>\n<\/tr>\n<tr>\n<td>3<\/td>\n<td>Delmis San Juan Olazabal<\/td>\n<td>Fuentes de Informaci\u00f3n. INFOMED<\/td>\n<td>08\/04\/1981<\/td>\n<\/tr>\n<tr>\n<td>4<\/td>\n<td>Caridad Brigida L\u00f3pez Jimenez<\/td>\n<td>Editorial<\/td>\n<td>01\/08\/1981<\/td>\n<\/tr>\n<tr>\n<td>5<\/td>\n<td>Silvio Ricardo Castillo Tuyo<\/td>\n<td>Administracion<\/td>\n<td>29\/11\/1981<\/td>\n<\/tr>\n<tr>\n<td>6<\/td>\n<td>Alina Rodr\u00edguez Fang<\/td>\n<td>Fuentes de Informaci\u00f3n<\/td>\n<td>20\/08\/1981<\/td>\n<\/tr>\n<tr>\n<td>7<\/td>\n<td>Arelys Borrell Saburit<\/td>\n<td>Servicios de Informaci\u00f3n<\/td>\n<td>14\/09\/1982<\/td>\n<\/tr>\n<tr>\n<td>8<\/td>\n<td>Belkis Alfonso Garc\u00eda<\/td>\n<td>Editorial<\/td>\n<td>07\/12\/1983<\/td>\n<\/tr>\n<tr>\n<td>9<\/td>\n<td>B\u00e1rbara Hern\u00e1ndez Arana<\/td>\n<td>Servicios de Informaci\u00f3n<\/td>\n<td>04\/04\/1984<\/td>\n<\/tr>\n<tr>\n<td>10<\/td>\n<td>Ana Dolores del Campo Pe\u00f1a<\/td>\n<td>Redaci\u00f3n de Revistas<\/td>\n<td>04\/04\/1984<\/td>\n<\/tr>\n<tr>\n<td>11<\/td>\n<td>Consuelo Tarrag\u00f3 Montalvo<\/td>\n<td>Docencia<\/td>\n<td>20\/09\/1984<\/td>\n<\/tr>\n<tr>\n<td>12<\/td>\n<td>Ileana Armenteros Vera<\/td>\n<td>Subdirecci\u00f3n BMN<\/td>\n<td>20\/09\/1984<\/td>\n<\/tr>\n<tr>\n<td>13<\/td>\n<td>Mar\u00eda del Carmen Gonz\u00e1lez Rivero<\/td>\n<td>Servicios Bibliotecarios<\/td>\n<td>07\/08\/1985<\/td>\n<\/tr>\n<tr>\n<td>14<\/td>\n<td>Farah Martha Gonz\u00e1lez \u00a0Fern\u00e1ndez<\/td>\n<td>Traducci\u00f3n<\/td>\n<td>03\/09\/1985<\/td>\n<\/tr>\n<tr>\n<td>15<\/td>\n<td>Idoris P\u00e9rez Mart\u00ednez<\/td>\n<td>Publicaciones Electr\u00f3nicas<\/td>\n<td>03\/09\/1985<\/td>\n<\/tr>\n<tr>\n<td>16<\/td>\n<td>Isabel Magalys Noa Riveron<\/td>\n<td>Publicaciones Electr\u00f3nicas<\/td>\n<td>03\/11\/1985<\/td>\n<\/tr>\n<tr>\n<td>17<\/td>\n<td>Mercedes Mart\u00ednez Martos<\/td>\n<td>Procesos T\u00e9cnicos<\/td>\n<td>24\/07\/1986<\/td>\n<\/tr>\n<tr>\n<td>18<\/td>\n<td>Aurora Ileana Gonz\u00e1lez Arana<\/td>\n<td>G\/T SCIELO<\/td>\n<td>03\/09\/1986<\/td>\n<\/tr>\n<tr>\n<td>19<\/td>\n<td>Valia Carnota Fern\u00e1ndez<\/td>\n<td>Fuentes de Informaci\u00f3n<\/td>\n<td>22\/10\/1986<\/td>\n<\/tr>\n<tr>\n<td>20<\/td>\n<td>Victor \u00a0Machado \u00a0Rodr\u00edguez<\/td>\n<td>Infraestructura\/Editorial<\/td>\n<td>16\/12\/1986<\/td>\n<\/tr>\n<tr>\n<td>21<\/td>\n<td>Ana Gloria D\u00edaz Mart\u00ednez<\/td>\n<td>Grupo Cencomed<\/td>\n<td>16\/12\/1986<\/td>\n<\/tr>\n<tr>\n<td>22<\/td>\n<td>Xiomara Segura Su\u00e1rez<\/td>\n<td>Composici\u00f3n<\/td>\n<td>04\/11\/1987<\/td>\n<\/tr>\n<tr>\n<td>23<\/td>\n<td>Mar\u00eda Emilia Remedios Hern\u00e1ndez<\/td>\n<td>Edici\u00f3n de Libros<\/td>\n<td>01\/09\/1988<\/td>\n<\/tr>\n<tr>\n<td>24<\/td>\n<td>Mercedes Fern\u00e1ndez Vald\u00e9s<\/td>\n<td>Metodol\u00f3gico Atenci\u00f3n a la Red<\/td>\n<td>02\/09\/1988<\/td>\n<\/tr>\n<tr>\n<td>25<\/td>\n<td>Jorge Vel\u00e1zquez Miranda<\/td>\n<td>Chofer<\/td>\n<td>04\/10\/1988<\/td>\n<\/tr>\n<tr>\n<td>26<\/td>\n<td>Diana Alv\u00e1rez Rodr\u00edguez<\/td>\n<td>Composici\u00f3n<\/td>\n<td>01\/02\/1990<\/td>\n<\/tr>\n<tr>\n<td>27<\/td>\n<td>Alberto Enrique Pedroso Garc\u00eda<\/td>\n<td>Servicios T\u00e9cnico<\/td>\n<td>18\/08\/1992<\/td>\n<\/tr>\n<tr>\n<td>28<\/td>\n<td>Aliette Garc\u00eda Sigfriedova<\/td>\n<td>Scielo<\/td>\n<td>01\/08\/1993<\/td>\n<\/tr>\n<tr>\n<td>29<\/td>\n<td>Mar\u00eda Caridad Rodr\u00edguez Felizola<\/td>\n<td>Traducci\u00f3n<\/td>\n<td>01\/05\/1994<\/td>\n<\/tr>\n<tr>\n<td>30<\/td>\n<td>Jos\u00e9 Manuel Oubi\u00f1a Gonz\u00e1lez<\/td>\n<td>T\u00e9cnico Productivo Ecimed<\/td>\n<td>12\/10\/1994<\/td>\n<\/tr>\n<tr>\n<td>31<\/td>\n<td>Amarelys Gonz\u00e1lez La O<\/td>\n<td>Composici\u00f3n<\/td>\n<td>01\/03\/1996<\/td>\n<\/tr>\n<tr>\n<td>32<\/td>\n<td>Janet Lujardo Escobar<\/td>\n<td>BMN<\/td>\n<td>01\/10\/1996<\/td>\n<\/tr>\n<\/tbody>\n<\/table>\n<p>&nbsp;<\/p>\n<p>&nbsp;<\/p>\n","protected":false},"excerpt":{"rendered":"<p>No. Nombre Departamento Fecha de contrataci\u00f3n 1 Margarita Pobea Reyes Servicios Bibliotecarios. BMN 01\/03\/1971 2 Luciano Ortelio S\u00e1nchez N\u00fa\u00f1ez T\u00e9cnico Productivo. ECIMED 01\/06\/1980 3 Delmis San Juan Olazabal Fuentes de Informaci\u00f3n. INFOMED 08\/04\/1981 4 Caridad Brigida L\u00f3pez Jimenez Editorial 01\/08\/1981 5 Silvio Ricardo Castillo Tuyo Administracion 29\/11\/1981 6 Alina Rodr\u00edguez Fang Fuentes de Informaci\u00f3n 20\/08\/1981 [&hellip;]<\/p>\n","protected":false},"author":4,"featured_media":0,"parent":215,"menu_order":0,"comment_status":"closed","ping_status":"closed","template":"sidebar-content.php","meta":[],"_links":{"self":[{"href":"https:\/\/promociondeeventos.sld.cu\/55aniversariocnicm\/wp-json\/wp\/v2\/pages\/53"}],"collection":[{"href":"https:\/\/promociondeeventos.sld.cu\/55aniversariocnicm\/wp-json\/wp\/v2\/pages"}],"about":[{"href":"https:\/\/promociondeeventos.sld.cu\/55aniversariocnicm\/wp-json\/wp\/v2\/types\/page"}],"author":[{"embeddable":true,"href":"https:\/\/promociondeeventos.sld.cu\/55aniversariocnicm\/wp-json\/wp\/v2\/users\/4"}],"replies":[{"embeddable":true,"href":"https:\/\/promociondeeventos.sld.cu\/55aniversariocnicm\/wp-json\/wp\/v2\/comments?post=53"}],"version-history":[{"count":17,"href":"https:\/\/promociondeeventos.sld.cu\/55aniversariocnicm\/wp-json\/wp\/v2\/pages\/53\/revisions"}],"predecessor-version":[{"id":483,"href":"https:\/\/promociondeeventos.sld.cu\/55aniversariocnicm\/wp-json\/wp\/v2\/pages\/53\/revisions\/483"}],"up":[{"embeddable":true,"href":"https:\/\/promociondeeventos.sld.cu\/55aniversariocnicm\/wp-json\/wp\/v2\/pages\/215"}],"wp:attachment":[{"href":"https:\/\/promociondeeventos.sld.cu\/55aniversariocnicm\/wp-json\/wp\/v2\/media?parent=53"}],"curies":[{"name":"wp","href":"https:\/\/api.w.org\/{rel}","templated":true}]}}