{"id":235,"date":"2019-12-16T20:17:56","date_gmt":"2019-12-16T20:17:56","guid":{"rendered":"http:\/\/promociondeeventos.sld.cu\/55aniversariocnicm\/?page_id=235"},"modified":"2020-01-20T14:28:48","modified_gmt":"2020-01-20T14:28:48","slug":"directores-del-cnicm","status":"publish","type":"page","link":"https:\/\/promociondeeventos.sld.cu\/55aniversariocnicm\/directores-del-cnicm\/","title":{"rendered":"Directores del CNICM"},"content":{"rendered":"<table style=\"height: 678px;\" width=\"555\">\n<tbody>\n<tr>\n<td style=\"text-align: center;\"><\/td>\n<td>\n<dl id=\"attachment_278\" class=\"wp-caption alignnone\" style=\"width: 134px;\">\n<dt class=\"wp-caption-dt\"><a href=\"http:\/\/promociondeeventos.sld.cu\/55aniversariocnicm\/files\/2019\/12\/ileana-foto.jpg\"><img decoding=\"async\" loading=\"lazy\" class=\"wp-image-278\" src=\"http:\/\/promociondeeventos.sld.cu\/55aniversariocnicm\/files\/2019\/12\/ileana-foto.jpg\" alt=\"ileana-foto\" width=\"124\" height=\"128\" \/><\/a><\/dt>\n<dd class=\"wp-caption-dd\">Dr.C. Ileana Alfonso Sanchez<br \/>\n(2015-actualidad)<\/dd>\n<\/dl>\n<\/td>\n<td>\n<dl id=\"attachment_306\" class=\"wp-caption alignnone\" style=\"width: 136px;\">\n<dt class=\"wp-caption-dt\"><a href=\"http:\/\/promociondeeventos.sld.cu\/55aniversariocnicm\/files\/2019\/12\/399440_107707222708130_1978309349_n.jpg\"><img decoding=\"async\" loading=\"lazy\" class=\"wp-image-306\" src=\"http:\/\/promociondeeventos.sld.cu\/55aniversariocnicm\/files\/2019\/12\/399440_107707222708130_1978309349_n.jpg\" alt=\"399440_107707222708130_1978309349_n\" width=\"126\" height=\"126\" srcset=\"https:\/\/promociondeeventos.sld.cu\/55aniversariocnicm\/files\/2019\/12\/399440_107707222708130_1978309349_n.jpg 160w, https:\/\/promociondeeventos.sld.cu\/55aniversariocnicm\/files\/2019\/12\/399440_107707222708130_1978309349_n-150x150.jpg 150w\" sizes=\"(max-width: 126px) 100vw, 126px\" \/><\/a><\/dt>\n<dd class=\"wp-caption-dd\">Lic Damiana Martin Laurencio (2011-2015)<\/dd>\n<\/dl>\n<\/td>\n<td>\n<dl id=\"attachment_304\" class=\"wp-caption alignnone\" style=\"width: 132px;\">\n<dt class=\"wp-caption-dt\"><a href=\"http:\/\/promociondeeventos.sld.cu\/55aniversariocnicm\/files\/2019\/12\/Pedro-urra.jpg\"><img decoding=\"async\" loading=\"lazy\" class=\"wp-image-304\" src=\"http:\/\/promociondeeventos.sld.cu\/55aniversariocnicm\/files\/2019\/12\/Pedro-urra.jpg\" alt=\"Pedro urra\" width=\"122\" height=\"140\" \/><\/a><\/dt>\n<dd class=\"wp-caption-dd\">Prof. Pedro Andr\u00e9s Urra Gonz\u00e1lez (2002-2011)<\/dd>\n<\/dl>\n<\/td>\n<\/tr>\n<tr>\n<td style=\"text-align: center;\"><\/td>\n<td>\u00a0<\/p>\n<dl id=\"attachment_296\" class=\"wp-caption alignnone\" style=\"width: 143px;\">\n<dt class=\"wp-caption-dt\"><a href=\"http:\/\/promociondeeventos.sld.cu\/55aniversariocnicm\/files\/2019\/12\/jeremias-hernandez-ojito.jpg\"><img decoding=\"async\" loading=\"lazy\" class=\"wp-image-296\" src=\"http:\/\/promociondeeventos.sld.cu\/55aniversariocnicm\/files\/2019\/12\/jeremias-hernandez-ojito.jpg\" alt=\"jeremias hernandez ojito\" width=\"133\" height=\"133\" srcset=\"https:\/\/promociondeeventos.sld.cu\/55aniversariocnicm\/files\/2019\/12\/jeremias-hernandez-ojito.jpg 160w, https:\/\/promociondeeventos.sld.cu\/55aniversariocnicm\/files\/2019\/12\/jeremias-hernandez-ojito-150x150.jpg 150w\" sizes=\"(max-width: 133px) 100vw, 133px\" \/><\/a><\/dt>\n<dd class=\"wp-caption-dd\">Dr. Jerem\u00edas Jos\u00e9 Hern\u00e1ndez Ojito (1989-2002)<\/dd>\n<\/dl>\n<\/td>\n<td>\n<dl id=\"attachment_308\" class=\"wp-caption alignnone\" style=\"width: 130px;\">\n<dt class=\"wp-caption-dt\"><a href=\"http:\/\/promociondeeventos.sld.cu\/55aniversariocnicm\/files\/2019\/12\/aldereguia.jpg\"><img decoding=\"async\" loading=\"lazy\" class=\"wp-image-308\" src=\"http:\/\/promociondeeventos.sld.cu\/55aniversariocnicm\/files\/2019\/12\/aldereguia.jpg\" alt=\"aldereguia\" width=\"120\" height=\"120\" \/><\/a><\/dt>\n<dd class=\"wp-caption-dd\">Dr. Jorge Carlos Alderegu\u00eda Henriques (1986-1989)<\/dd>\n<\/dl>\n<\/td>\n<td>\u00a0<\/p>\n<dl id=\"attachment_298\" class=\"wp-caption alignnone\" style=\"width: 136px;\">\n<dt class=\"wp-caption-dt\"><a href=\"http:\/\/promociondeeventos.sld.cu\/55aniversariocnicm\/files\/2019\/12\/osorio.png\"><img decoding=\"async\" loading=\"lazy\" class=\"wp-image-298\" src=\"http:\/\/promociondeeventos.sld.cu\/55aniversariocnicm\/files\/2019\/12\/osorio-274x300.png\" alt=\"osorio\" width=\"126\" height=\"138\" srcset=\"https:\/\/promociondeeventos.sld.cu\/55aniversariocnicm\/files\/2019\/12\/osorio-274x300.png 274w, https:\/\/promociondeeventos.sld.cu\/55aniversariocnicm\/files\/2019\/12\/osorio-250x274.png 250w, https:\/\/promociondeeventos.sld.cu\/55aniversariocnicm\/files\/2019\/12\/osorio.png 294w\" sizes=\"(max-width: 126px) 100vw, 126px\" \/><\/a><\/dt>\n<dd class=\"wp-caption-dd\">Dr. Vicente Osorio Acosta (1977-1986)<\/dd>\n<\/dl>\n<\/td>\n<\/tr>\n<tr>\n<td style=\"text-align: center;\"><\/td>\n<td>\n<dl id=\"attachment_299\" class=\"wp-caption alignnone\" style=\"width: 136px;\">\n<dt class=\"wp-caption-dt\"><\/dt>\n<dd class=\"wp-caption-dd\">Joaqu\u00edn Torres Collazo (1968-1872)<\/dd>\n<\/dl>\n<\/td>\n<td style=\"text-align: center;\">\n<div id=\"attachment_299\" style=\"width: 136px\" class=\"wp-caption alignnone\"><a href=\"http:\/\/promociondeeventos.sld.cu\/55aniversariocnicm\/files\/2019\/12\/isidro.png\"><img aria-describedby=\"caption-attachment-299\" decoding=\"async\" loading=\"lazy\" class=\"wp-image-299\" src=\"http:\/\/promociondeeventos.sld.cu\/55aniversariocnicm\/files\/2019\/12\/isidro-248x300.png\" alt=\"isidro\" width=\"126\" height=\"153\" srcset=\"https:\/\/promociondeeventos.sld.cu\/55aniversariocnicm\/files\/2019\/12\/isidro-248x300.png 248w, https:\/\/promociondeeventos.sld.cu\/55aniversariocnicm\/files\/2019\/12\/isidro-250x302.png 250w, https:\/\/promociondeeventos.sld.cu\/55aniversariocnicm\/files\/2019\/12\/isidro.png 297w\" sizes=\"(max-width: 126px) 100vw, 126px\" \/><\/a><p id=\"caption-attachment-299\" class=\"wp-caption-text\">Dr. Isidro Fern\u00e1ndez Rodr\u00edguez (1972-1977)<\/p><\/div>\n<h5><\/h5>\n<\/td>\n<td>\n<dl id=\"attachment_302\" class=\"wp-caption alignnone\" style=\"width: 127px;\">\n<dt class=\"wp-caption-dt\"><a href=\"http:\/\/promociondeeventos.sld.cu\/55aniversariocnicm\/files\/2019\/12\/rafael-pedraza1.png\"><img decoding=\"async\" loading=\"lazy\" class=\"  wp-image-302\" src=\"http:\/\/promociondeeventos.sld.cu\/55aniversariocnicm\/files\/2019\/12\/rafael-pedraza1-266x300.png\" alt=\"rafael pedraza\" width=\"117\" height=\"132\" srcset=\"https:\/\/promociondeeventos.sld.cu\/55aniversariocnicm\/files\/2019\/12\/rafael-pedraza1-266x300.png 266w, https:\/\/promociondeeventos.sld.cu\/55aniversariocnicm\/files\/2019\/12\/rafael-pedraza1-250x282.png 250w, https:\/\/promociondeeventos.sld.cu\/55aniversariocnicm\/files\/2019\/12\/rafael-pedraza1.png 349w\" sizes=\"(max-width: 117px) 100vw, 117px\" \/><\/a><\/dt>\n<dd class=\"wp-caption-dd\">Dr. Rafael Octavio Pedraza Rodr\u00edguez (1965-1968)<\/dd>\n<\/dl>\n<\/td>\n<\/tr>\n<\/tbody>\n<\/table>\n<p style=\"text-align: center;\">\n","protected":false},"excerpt":{"rendered":"<p>Dr.C. Ileana Alfonso Sanchez (2015-actualidad) Lic Damiana Martin Laurencio (2011-2015) Prof. Pedro Andr\u00e9s Urra Gonz\u00e1lez (2002-2011) \u00a0 Dr. Jerem\u00edas Jos\u00e9 Hern\u00e1ndez Ojito (1989-2002) Dr. Jorge Carlos Alderegu\u00eda Henriques (1986-1989) \u00a0 Dr. Vicente Osorio Acosta (1977-1986) Joaqu\u00edn Torres Collazo (1968-1872) Dr. Rafael Octavio Pedraza Rodr\u00edguez (1965-1968)<\/p>\n","protected":false},"author":4,"featured_media":0,"parent":0,"menu_order":0,"comment_status":"closed","ping_status":"open","template":"","meta":[],"_links":{"self":[{"href":"https:\/\/promociondeeventos.sld.cu\/55aniversariocnicm\/wp-json\/wp\/v2\/pages\/235"}],"collection":[{"href":"https:\/\/promociondeeventos.sld.cu\/55aniversariocnicm\/wp-json\/wp\/v2\/pages"}],"about":[{"href":"https:\/\/promociondeeventos.sld.cu\/55aniversariocnicm\/wp-json\/wp\/v2\/types\/page"}],"author":[{"embeddable":true,"href":"https:\/\/promociondeeventos.sld.cu\/55aniversariocnicm\/wp-json\/wp\/v2\/users\/4"}],"replies":[{"embeddable":true,"href":"https:\/\/promociondeeventos.sld.cu\/55aniversariocnicm\/wp-json\/wp\/v2\/comments?post=235"}],"version-history":[{"count":29,"href":"https:\/\/promociondeeventos.sld.cu\/55aniversariocnicm\/wp-json\/wp\/v2\/pages\/235\/revisions"}],"predecessor-version":[{"id":445,"href":"https:\/\/promociondeeventos.sld.cu\/55aniversariocnicm\/wp-json\/wp\/v2\/pages\/235\/revisions\/445"}],"wp:attachment":[{"href":"https:\/\/promociondeeventos.sld.cu\/55aniversariocnicm\/wp-json\/wp\/v2\/media?parent=235"}],"curies":[{"name":"wp","href":"https:\/\/api.w.org\/{rel}","templated":true}]}}