{"id":200,"date":"2019-12-16T13:49:07","date_gmt":"2019-12-16T13:49:07","guid":{"rendered":"http:\/\/promociondeeventos.sld.cu\/55aniversariocnicm\/?page_id=200"},"modified":"2019-12-23T14:49:22","modified_gmt":"2019-12-23T14:49:22","slug":"de-mas-edad","status":"publish","type":"page","link":"https:\/\/promociondeeventos.sld.cu\/55aniversariocnicm\/trabajadores-2\/de-mas-edad\/","title":{"rendered":"De m\u00e1s edad"},"content":{"rendered":"<p>&nbsp;<\/p>\n<table style=\"height: 382px;\" width=\"451\">\n<tbody>\n<tr>\n<td>\n<div id=\"attachment_224\" style=\"width: 221px\" class=\"wp-caption alignnone\"><a href=\"http:\/\/promociondeeventos.sld.cu\/55aniversariocnicm\/files\/2019\/12\/Simon1.jpg\"><img aria-describedby=\"caption-attachment-224\" decoding=\"async\" loading=\"lazy\" class=\"wp-image-224\" src=\"http:\/\/promociondeeventos.sld.cu\/55aniversariocnicm\/files\/2019\/12\/Simon1.jpg\" alt=\"Sim\u00f3n Ibrah\u00edn Rodr\u00edguez Calero- 88 a\u00f1os\" width=\"211\" height=\"267\" \/><\/a><p id=\"caption-attachment-224\" class=\"wp-caption-text\">Sim\u00f3n Ibrah\u00edn Rodr\u00edguez Calero- 88 a\u00f1os Trabajador del Departamento de Seguridad y Protecci\u00f3n del Centro.<\/p><\/div>\n<h5><\/h5>\n<\/td>\n<td>\n<p><div id=\"attachment_350\" style=\"width: 210px\" class=\"wp-caption alignnone\"><a href=\"http:\/\/promociondeeventos.sld.cu\/55aniversariocnicm\/files\/2019\/12\/graveran.jpg\"><img aria-describedby=\"caption-attachment-350\" decoding=\"async\" loading=\"lazy\" class=\"wp-image-350\" src=\"http:\/\/promociondeeventos.sld.cu\/55aniversariocnicm\/files\/2019\/12\/graveran.jpg\" alt=\"graveran\" width=\"200\" height=\"267\" \/><\/a><p id=\"caption-attachment-350\" class=\"wp-caption-text\">Reinaldo Graveran Quintana 84 a\u00f1os de edad, Trabajador del Departamento de Seguridad y Protecci\u00f3n del Centro<\/p><\/div><\/td>\n<\/tr>\n<\/tbody>\n<\/table>\n<p>&nbsp;<\/p>\n<p>&nbsp;<\/p>\n<p>&nbsp;<\/p>\n<p>&nbsp;<\/p>\n<table>\n<tbody>\n<tr>\n<td><\/td>\n<td><\/td>\n<\/tr>\n<\/tbody>\n<\/table>\n<p>&nbsp;<\/p>\n","protected":false},"excerpt":{"rendered":"<p>&nbsp; &nbsp; &nbsp; &nbsp; &nbsp; &nbsp;<\/p>\n","protected":false},"author":4,"featured_media":0,"parent":215,"menu_order":0,"comment_status":"closed","ping_status":"open","template":"sidebar-content.php","meta":[],"_links":{"self":[{"href":"https:\/\/promociondeeventos.sld.cu\/55aniversariocnicm\/wp-json\/wp\/v2\/pages\/200"}],"collection":[{"href":"https:\/\/promociondeeventos.sld.cu\/55aniversariocnicm\/wp-json\/wp\/v2\/pages"}],"about":[{"href":"https:\/\/promociondeeventos.sld.cu\/55aniversariocnicm\/wp-json\/wp\/v2\/types\/page"}],"author":[{"embeddable":true,"href":"https:\/\/promociondeeventos.sld.cu\/55aniversariocnicm\/wp-json\/wp\/v2\/users\/4"}],"replies":[{"embeddable":true,"href":"https:\/\/promociondeeventos.sld.cu\/55aniversariocnicm\/wp-json\/wp\/v2\/comments?post=200"}],"version-history":[{"count":7,"href":"https:\/\/promociondeeventos.sld.cu\/55aniversariocnicm\/wp-json\/wp\/v2\/pages\/200\/revisions"}],"predecessor-version":[{"id":352,"href":"https:\/\/promociondeeventos.sld.cu\/55aniversariocnicm\/wp-json\/wp\/v2\/pages\/200\/revisions\/352"}],"up":[{"embeddable":true,"href":"https:\/\/promociondeeventos.sld.cu\/55aniversariocnicm\/wp-json\/wp\/v2\/pages\/215"}],"wp:attachment":[{"href":"https:\/\/promociondeeventos.sld.cu\/55aniversariocnicm\/wp-json\/wp\/v2\/media?parent=200"}],"curies":[{"name":"wp","href":"https:\/\/api.w.org\/{rel}","templated":true}]}}