{"id":25,"date":"2015-09-08T15:43:54","date_gmt":"2015-09-08T15:43:54","guid":{"rendered":"http:\/\/promociondeeventos.sld.cu\/50cnicm\/?page_id=25"},"modified":"2015-10-13T15:26:31","modified_gmt":"2015-10-13T15:26:31","slug":"el-cnicm-y-la-comunidad","status":"publish","type":"page","link":"https:\/\/promociondeeventos.sld.cu\/50cnicm\/el-cnicm-y-la-comunidad\/","title":{"rendered":"Las Mariposas"},"content":{"rendered":"<p style=\"text-align: justify;\"><a href=\"http:\/\/promociondeeventos.sld.cu\/50cnicm\/files\/2015\/09\/mariposas111.jpeg.jpg\"><img decoding=\"async\" loading=\"lazy\" class=\" wp-image-313 alignleft\" style=\"margin: 5px;\" alt=\"mariposas111.jpeg\" src=\"http:\/\/promociondeeventos.sld.cu\/50cnicm\/files\/2015\/09\/mariposas111.jpeg-300x191.jpg\" width=\"198\" height=\"127\" srcset=\"https:\/\/promociondeeventos.sld.cu\/50cnicm\/files\/2015\/09\/mariposas111.jpeg-300x191.jpg 300w, https:\/\/promociondeeventos.sld.cu\/50cnicm\/files\/2015\/09\/mariposas111.jpeg.jpg 394w\" sizes=\"(max-width: 198px) 100vw, 198px\" \/><\/a>El proyecto comunitario <span style=\"color: #006699;\"><strong>\u201cLas Mariposas\u201d<\/strong><\/span> surgi\u00f3 en el a\u00f1o 2002, por la necesidad del Centro Nacional de Informaci\u00f3n de Ciencias M\u00e9dicas-INFOMED de tener relaciones con la comunidad.<\/p>\n<p style=\"text-align: justify;\">Se pens\u00f3 para tener estas relaciones en las personas llamadas de la 3era edad, las m\u00e1s necesitadas de una atenci\u00f3n como grupo social, pues ya sab\u00edamos, que la poblaci\u00f3n cubana envejec\u00eda apresuradamente y as\u00ed pod\u00edamos contribuir en algunos aspectos en la calidad de vida de las mismas.<\/p>\n<p style=\"text-align: justify;\">Fue as\u00ed como el 27 de febrero del 2002, qued\u00f3 constituido este proyecto que a trav\u00e9s del tiempo ha ido formando parte de nuestro Centro de forma activa.<\/p>\n<p style=\"text-align: justify;\">Para desarrollar este trabajo diario, se planific\u00f3, utilizar las a\u00e9reas del centro en los momentos en que ellas no fueran utilizadas en el trabajo de la instituci\u00f3n.<\/p>\n<p style=\"text-align: justify;\">As\u00ed, pudimos desarrollar adem\u00e1s del proyecto \u201cGanando Juventud\u201d, son los adultos y adultas mayores, los que cada ma\u00f1ana, reciben a todos los trabajadores haciendo ejercicios f\u00edsicos utilizando el portal en horas tempranas.<\/p>\n<p style=\"text-align: justify;\">Se cre\u00f3 el Proyecto \u201cLa Aguja Contenta\u201d, que consiste en elaborar manualidades que se utilizan en las visitas al Jard\u00edn de la Infancia Rayitos de Sol\u00bb , tambi\u00e9n el comedor ha servido para desarrollar el Proyecto Amor y Vida\u201d, que ha tenido como actividades, la creaci\u00f3n del coro, el haber podido recibir las clases de la Universidad del Adulto Mayor, en ese comedor se han impartido conferencias, charlas, se han desarrollado consultas por parte de especialistas de medicina tradicional , clases de energ\u00eda universal e isla de luz, todo en un horario que no ha intercedido en la hora del almuerzo y que no perjudica, pues ah\u00ed no se elabora ning\u00fan alimento. Ha sido una forma de hacer m\u00e1s eficiente la utilizaci\u00f3n de locales.<\/p>\n<p style=\"text-align: justify;\">Se cre\u00f3 tambi\u00e9n un proyecto llamado \u201cPara un amigo sincero\u201d para compartir actividades con el c\u00edrculo de abuelos del parque \u201cEl Quijote\u201d, por no tener este grupo, un espacio como el nuestro para hacer actividades.<\/p>\n<p style=\"text-align: justify;\">El Proyecto \u201cPara un Pr\u00edncipe Enano\u00bb, que tantas satisfacciones nos da, pues es la relaci\u00f3n que mantenemos con los ni\u00f1os y las ni\u00f1as del Jard\u00edn de la Infancia \u201cRayitos de Sol \u201c cercano a nuestra instituci\u00f3n, al que asistimos llev\u00e1ndoles libretas, l\u00e1pices de colorear, hojas \u00a0y materiales de trabajo manuales, recogido entre los integrantes del proyecto, lo que se reparte los d\u00edas 28 de Enero, natalicio de Jos\u00e9 Mart\u00ed, los 10 de abril, d\u00eda de la creaci\u00f3n de los c\u00edrculos infantiles y los 22 de diciembre d\u00eda del Educador, todas estas actividades han estado encaminadas a tener una relaci\u00f3n m\u00e1s estrecha con los m\u00e1s peque\u00f1os de la comunidad, para conocernos, queremos y respetarnos.<br \/>\n\u201cAndar La Habana\u201d, ha sido otro proyecto que en estos a\u00f1os \u00a0ha propiciado, salir del medio en que se desarrolla la vida diaria de los adultos y adultas mayores, y conocer, los museos del centro hist\u00f3rico, adquiriendo conocimiento y cultura en cada visita.<\/p>\n<p style=\"text-align: justify;\">Significativo ha sido el viaje que cada a\u00f1o damos al complejo \u201cLas Terrazas\u201d este proyecto que lleva por nombre \u201cDe lo Urbano a lo Rural\u201d, ha permitido, no solo compartir con los adultos y adultas mayores de ese sitio, conocer la forma de vida, sus costumbres, sus ocupaciones, sino tambi\u00e9n conocer un lugar de una naturaleza excepcional que se encuentra dentro de la Reserva de la Biosfera Sierra del Rosario en la Cordillera de Guaniguanico.<\/p>\n<p style=\"text-align: justify;\">Quisimos tambi\u00e9n crear un proyecto que nos permitiera conocer parte de nuestro archipi\u00e9lago y as\u00ed surgi\u00f3 el proyecto \u201cCuba, Si\u201d con \u00e9l hemos visitado Varadero, Trinidad, El Cobre, Santiago, sin dejar de ir a la Granjita Siboney, el Moncada, el Parque de la pre Historia, disfrutamos de la limpias aguas de la playa El Pilar en Cayo Coco, compartimos una semana desde hace 2 a\u00f1os en el Campismo Popular en Los Cocos, hemos visitado el Conjunto Escult\u00f3rico Memorial Comandante Ernesto Che Guevara en Santa Clara, se ha visitado La Isla de la Juventud, Villa Camping de Jibacoa, el Campismo Dos Hermanas en Pinar del Rio, Playa Gir\u00f3n, Las Escaleras de Jaruco, La Quintica de San Antonio, etc., es necesario se\u00f1alar que de estas actividades han podido disfrutar, los jubilados, trabajadores del centro y familiares de los mismos.<\/p>\n<p style=\"text-align: justify;\"><!--nextpage--><\/p>\n<p style=\"text-align: justify;\"><a href=\"http:\/\/promociondeeventos.sld.cu\/50cnicm\/files\/2015\/09\/mariposas111.jpeg.jpg\"><img decoding=\"async\" loading=\"lazy\" class=\"alignleft\" style=\"margin: 5px;\" alt=\"mariposas111.jpeg\" src=\"http:\/\/promociondeeventos.sld.cu\/50cnicm\/files\/2015\/09\/mariposas111.jpeg-300x191.jpg\" width=\"119\" height=\"76\" \/><\/a>Hace dos a\u00f1os hemos estrechado relaciones con el Museo Napole\u00f3nico, que nos ha abierto un espacio todos los \u00faltimos jueves de cada mes, donde nos reciben con actividades, que van desde conferencias sobre la casa museo, las interesant\u00edsimas historias de la vida de Napole\u00f3n, hasta charlas de cocina, encuentros culinarios, conferencias sobre la arquitectura del Vedado y una cantidad de informaci\u00f3n cultural que cada mes aumenta nuestros conocimientos generales.<\/p>\n<p>Han transcurrido 13 a\u00f1os de actividades y el proyecto \u201cLas Mariposas\u201d ha estado presente desde el inicio de los congresos de Longevidad Satisfactoria ya sea exponiendo su experiencia, actuando con el coro, en tablas gimn\u00e1sticas para la ocasi\u00f3n, hemos tenido la tarea todos los a\u00f1os de encabezar la Caminata de la Longevidad. Hemos estado presentes en simposios, talleres, foros y evento organizado sobre las personas adultas y adultos mayores en la provincia.<\/p>\n<p>En el a\u00f1o 2012 el proyecto fue presentado en el Simposio de la tercera edad: \u00a0\u00abPol\u00edticas sociales y nuevos enfoques terap\u00e9uticos\u201d, desarrollado en Buenos Aires capital de la Rep\u00fablica de Argentina, el cual caus\u00f3 un positivo impacto.\u00a0Ese mismo a\u00f1o, obtuvo premio en el Taller por el 110 aniversario de la OPS: \u201cPublique una nueva pr\u00e1ctica sobre la atenci\u00f3n al adulto mayor\u201d<\/p>\n<p>Todo el trabajo desarrollado con los adultos y adultas mayores, ha sido en un ambiente de uni\u00f3n con los trabajadores, los jubilados y los familiares de cada grupo a los que se han vinculado los asistentes al proyecto.<\/p>\n<p>Hemos sido en estos a\u00f1os, parte del quehacer del Centro, disfrutando de sus logros y trabajando por eliminar deficiencias.<\/p>\n<p>Las Mariposas nacieron por la voluntad pol\u00edtica de una direcci\u00f3n del Centro que se adelant\u00f3 a su tiempo y apreci\u00f3 que desde distintas formas pueden realizarse trabajos con los adultos y adultas para poder dar m\u00e1s a\u00f1os a la vida con calidad, comprensi\u00f3n y un trabajo dedicado a esos fines.<\/p>\n<p>&nbsp;<\/p>\n","protected":false},"excerpt":{"rendered":"<p>El proyecto comunitario \u201cLas Mariposas\u201d surgi\u00f3 en el a\u00f1o 2002, por la necesidad del Centro Nacional de Informaci\u00f3n de Ciencias M\u00e9dicas-INFOMED de tener relaciones con la comunidad. Se pens\u00f3 para tener estas relaciones en las personas llamadas de la 3era edad, las m\u00e1s necesitadas de una atenci\u00f3n como grupo social, pues ya sab\u00edamos, que la [&hellip;]<\/p>\n","protected":false},"author":149,"featured_media":0,"parent":0,"menu_order":0,"comment_status":"closed","ping_status":"closed","template":"","meta":[],"_links":{"self":[{"href":"https:\/\/promociondeeventos.sld.cu\/50cnicm\/wp-json\/wp\/v2\/pages\/25"}],"collection":[{"href":"https:\/\/promociondeeventos.sld.cu\/50cnicm\/wp-json\/wp\/v2\/pages"}],"about":[{"href":"https:\/\/promociondeeventos.sld.cu\/50cnicm\/wp-json\/wp\/v2\/types\/page"}],"author":[{"embeddable":true,"href":"https:\/\/promociondeeventos.sld.cu\/50cnicm\/wp-json\/wp\/v2\/users\/149"}],"replies":[{"embeddable":true,"href":"https:\/\/promociondeeventos.sld.cu\/50cnicm\/wp-json\/wp\/v2\/comments?post=25"}],"version-history":[{"count":13,"href":"https:\/\/promociondeeventos.sld.cu\/50cnicm\/wp-json\/wp\/v2\/pages\/25\/revisions"}],"predecessor-version":[{"id":451,"href":"https:\/\/promociondeeventos.sld.cu\/50cnicm\/wp-json\/wp\/v2\/pages\/25\/revisions\/451"}],"wp:attachment":[{"href":"https:\/\/promociondeeventos.sld.cu\/50cnicm\/wp-json\/wp\/v2\/media?parent=25"}],"curies":[{"name":"wp","href":"https:\/\/api.w.org\/{rel}","templated":true}]}}